{"id":10392,"date":"2024-03-14T07:40:20","date_gmt":"2024-03-14T07:40:20","guid":{"rendered":"https:\/\/les-atypiques-chalets.com\/?page_id=10392"},"modified":"2024-03-14T07:46:12","modified_gmt":"2024-03-14T07:46:12","slug":"reseaux-sociaux","status":"publish","type":"page","link":"https:\/\/les-atypiques-chalets.com\/de\/reseaux-sociaux\/","title":{"rendered":"Soziale Netzwerke"},"content":{"rendered":"<div class=\"wpb-content-wrapper\"><div class=\"vc_row wpb_row vc_row-fluid\"><div class=\"wpb_column vc_column_container vc_col-sm-12\"><div class=\"vc_column-inner\"><div class=\"wpb_wrapper\">\n\t<div class=\"wpb_text_column wpb_content_element\" >\n\t\t<div class=\"wpb_wrapper\">\n\t\t\t<h1 class=\"entry-title\"><span class=\"ez-toc-section\" id=\"Reseaux_Sociaux\"><\/span>R\u00e9seaux Sociaux<span class=\"ez-toc-section-end\"><\/span><\/h1><div id=\"ez-toc-container\" class=\"ez-toc-v2_0_82_2 counter-hierarchy ez-toc-counter ez-toc-grey ez-toc-container-direction\">\n<div class=\"ez-toc-title-container\">\n<p class=\"ez-toc-title\" style=\"cursor:inherit\">Sommaire<\/p>\n<span class=\"ez-toc-title-toggle\"><a href=\"#\" class=\"ez-toc-pull-right ez-toc-btn ez-toc-btn-xs ez-toc-btn-default ez-toc-toggle\" aria-label=\"Toggle Table of Content\"><span class=\"ez-toc-js-icon-con\"><span class=\"\"><span class=\"eztoc-hide\" style=\"display:none;\">Toggle<\/span><span class=\"ez-toc-icon-toggle-span\"><svg style=\"fill: #999;color:#999\" xmlns=\"http:\/\/www.w3.org\/2000\/svg\" class=\"list-377408\" width=\"20px\" height=\"20px\" viewBox=\"0 0 24 24\" fill=\"none\"><path d=\"M6 6H4v2h2V6zm14 0H8v2h12V6zM4 11h2v2H4v-2zm16 0H8v2h12v-2zM4 16h2v2H4v-2zm16 0H8v2h12v-2z\" fill=\"currentColor\"><\/path><\/svg><svg style=\"fill: #999;color:#999\" class=\"arrow-unsorted-368013\" xmlns=\"http:\/\/www.w3.org\/2000\/svg\" width=\"10px\" height=\"10px\" viewBox=\"0 0 24 24\" version=\"1.2\" baseProfile=\"tiny\"><path d=\"M18.2 9.3l-6.2-6.3-6.2 6.3c-.2.2-.3.4-.3.7s.1.5.3.7c.2.2.4.3.7.3h11c.3 0 .5-.1.7-.3.2-.2.3-.5.3-.7s-.1-.5-.3-.7zM5.8 14.7l6.2 6.3 6.2-6.3c.2-.2.3-.5.3-.7s-.1-.5-.3-.7c-.2-.2-.4-.3-.7-.3h-11c-.3 0-.5.1-.7.3-.2.2-.3.5-.3.7s.1.5.3.7z\"\/><\/svg><\/span><\/span><\/span><\/a><\/span><\/div>\n<nav><ul class='ez-toc-list ez-toc-list-level-1 ez-toc-columns-2 ' ><li class='ez-toc-page-1 ez-toc-heading-level-1'><a class=\"ez-toc-link ez-toc-heading-1\" href=\"https:\/\/les-atypiques-chalets.com\/de\/reseaux-sociaux\/#Reseaux_Sociaux\" >R\u00e9seaux Sociaux<\/a><ul class='ez-toc-list-level-3' ><li class='ez-toc-heading-level-3'><ul class='ez-toc-list-level-3' ><li class='ez-toc-heading-level-3'><a class=\"ez-toc-link ez-toc-heading-2\" href=\"https:\/\/les-atypiques-chalets.com\/de\/reseaux-sociaux\/#Reservez_votre_sejour_aux_Atypiques_Chalets\" >R\u00e9servez votre s\u00e9jour aux Atypiques Chalets<\/a><ul class='ez-toc-list-level-4' ><li class='ez-toc-heading-level-4'><a class=\"ez-toc-link ez-toc-heading-3\" href=\"https:\/\/les-atypiques-chalets.com\/de\/reseaux-sociaux\/#Week-end_Amoureux_Vosges_Guide_Complet_des_Meilleures_Idees_Romantiques_2026_%E2%9D%A4%EF%B8%8F\" >Week-end Amoureux Vosges : Guide Complet des Meilleures Id\u00e9es Romantiques 2026 \u2764\ufe0f<\/a><\/li><li class='ez-toc-page-1 ez-toc-heading-level-4'><a class=\"ez-toc-link ez-toc-heading-4\" href=\"https:\/\/les-atypiques-chalets.com\/de\/reseaux-sociaux\/#printemps-dans-les-vosges\" >printemps-dans-les-vosges<\/a><\/li><li class='ez-toc-page-1 ez-toc-heading-level-4'><a class=\"ez-toc-link ez-toc-heading-5\" href=\"https:\/\/les-atypiques-chalets.com\/de\/reseaux-sociaux\/#LAbbaye_Notre-Dame_dAutrey\" >L&rsquo;Abbaye Notre-Dame d&rsquo;Autrey<\/a><\/li><li class='ez-toc-page-1 ez-toc-heading-level-4'><a class=\"ez-toc-link ez-toc-heading-6\" href=\"https:\/\/les-atypiques-chalets.com\/de\/reseaux-sociaux\/#Le_Jardin_de_Berchigranges\" >Le Jardin de Berchigranges<\/a><\/li><li class='ez-toc-page-1 ez-toc-heading-level-4'><a class=\"ez-toc-link ez-toc-heading-7\" href=\"https:\/\/les-atypiques-chalets.com\/de\/reseaux-sociaux\/#Quels_evenements_il_ne_faudra_pas_manquer_a_Gerardmer_en_fin_dannee_2025\" >Quels \u00e9v\u00e8nements il ne faudra pas manquer \u00e0 G\u00e9rardmer en fin d&rsquo;ann\u00e9e 2025<\/a><\/li><li class='ez-toc-page-1 ez-toc-heading-level-4'><a class=\"ez-toc-link ez-toc-heading-8\" href=\"https:\/\/les-atypiques-chalets.com\/de\/reseaux-sociaux\/#Chalet_a_Gerardmer_3_Chalets_Exclusifs_avec_Bain_Nordique_Privatif\" >Chalet \u00e0 G\u00e9rardmer : 3 Chalets Exclusifs avec Bain Nordique Privatif<\/a><\/li><li class='ez-toc-page-1 ez-toc-heading-level-4'><a class=\"ez-toc-link ez-toc-heading-9\" href=\"https:\/\/les-atypiques-chalets.com\/de\/reseaux-sociaux\/#Chalets_Gerardmer_9_Secrets_Pour_un_Sejour_Relaxant_Guide\" >Chalets G\u00e9rardmer : 9 Secrets Pour un S\u00e9jour Relaxant [Guide]<\/a><\/li><li class='ez-toc-page-1 ez-toc-heading-level-4'><a class=\"ez-toc-link ez-toc-heading-10\" href=\"https:\/\/les-atypiques-chalets.com\/de\/reseaux-sociaux\/#Chalet_avec_Spa_Vosges_8_Avantages_Pour_Vos_Vacances_Guide\" >Chalet avec Spa Vosges : 8 Avantages Pour Vos Vacances [Guide]<\/a><\/li><li class='ez-toc-page-1 ez-toc-heading-level-4'><a class=\"ez-toc-link ez-toc-heading-11\" href=\"https:\/\/les-atypiques-chalets.com\/de\/reseaux-sociaux\/#Choisir_un_Chalet_Vosges_7_Criteres_Essentiels_Guide_2026\" >Choisir un Chalet Vosges : 7 Crit\u00e8res Essentiels [Guide 2026]<\/a><\/li><li class='ez-toc-page-1 ez-toc-heading-level-4'><a class=\"ez-toc-link ez-toc-heading-12\" href=\"https:\/\/les-atypiques-chalets.com\/de\/reseaux-sociaux\/#Gerardmer_en_Ete_Guide_Ultime_des_15_Activites_Incontournables_2026_%E2%98%80%EF%B8%8F\" >G\u00e9rardmer en \u00c9t\u00e9 : Guide Ultime des 15 Activit\u00e9s Incontournables 2026 \u2600\ufe0f<\/a><\/li><\/ul><\/li><\/ul><\/li><\/ul><\/li><\/ul><\/nav><\/div>\n\n\n\t\t<\/div>\n\t<\/div>\n<\/div><\/div><\/div><\/div><div class=\"vc_row wpb_row vc_row-fluid\"><div class=\"wpb_column vc_column_container vc_col-sm-12\"><div class=\"vc_column-inner\"><div class=\"wpb_wrapper\"><div class=\"sohohotel-social-links sohohotel-clearfix\"><a href=\"https:\/\/www.facebook.com\/lesathypiqueschalets\" target=\"_blank\" rel=\"nofollow noopener\"><i class=\"fab fa-facebook-f\"><\/i><\/a><a href=\"https:\/\/www.google.com\/search?q=les+atypiques+chalets&amp;rlz=1C5CHFA_enFR894FR894&amp;oq=les+atypiques+chalets&amp;gs_lcrp=EgZjaHJvbWUqDggAEEUYJxg7GIAEGIoFMg4IABBFGCcYOxiABBiKBTIGCAEQRRhAMgYIAhAjGCcyCAgDEAAYFhgeMggIBBAAGBYYHjIGCAUQRRg8MgYIBhBFGDwyBggHEEUYPNIBCDUyMTJqMGo3qAIAsAIA&amp;sourceid=chrome&amp;ie=UTF-8\" target=\"_blank\" rel=\"nofollow noopener\"><i class=\"fab fa-google-plus\"><\/i><\/a><a href=\"https:\/\/www.instagram.com\/lesatypiqueschalets\/\" target=\"_blank\" rel=\"nofollow noopener\"><i class=\"fab fa-instagram\"><\/i><\/a><a href=\"https:\/\/www.youtube.com\/@LesAtypiquesChaletsLesAtypique\" target=\"_blank\" rel=\"nofollow noopener\"><i class=\"fab fa-youtube\"><\/i><\/a><\/div><div class=\"vc_empty_space\"   style=\"height: 100px\"><span class=\"vc_empty_space_inner\"><\/span><\/div><\/div><\/div><\/div><\/div><div class=\"vc_row wpb_row vc_row-fluid\"><div class=\"wpb_column vc_column_container vc_col-sm-4\"><div class=\"vc_column-inner\"><div class=\"wpb_wrapper\">\n\t<div class=\"wpb_video_widget wpb_content_element vc_clearfix   vc_video-aspect-ratio-916 vc_video-el-width-100 vc_video-align-left\" >\n\t\t<div class=\"wpb_wrapper\">\n\t\t\t\n\t\t\t<div class=\"wpb_video_wrapper\"><iframe title=\"Atypique Chalets EN\" width=\"500\" height=\"281\" src=\"https:\/\/www.youtube.com\/embed\/4KUbN1hIrVQ?feature=oembed\" frameborder=\"0\" allow=\"accelerometer; autoplay; clipboard-write; encrypted-media; gyroscope; picture-in-picture; web-share\" allowfullscreen><\/iframe><\/div>\n\t\t<\/div>\n\t<\/div>\n<\/div><\/div><\/div><div class=\"wpb_column vc_column_container vc_col-sm-4\"><div class=\"vc_column-inner\"><div class=\"wpb_wrapper\">\n\t<div class=\"wpb_video_widget wpb_content_element vc_clearfix   vc_video-aspect-ratio-916 vc_video-el-width-100 vc_video-align-left\" >\n\t\t<div class=\"wpb_wrapper\">\n\t\t\t\n\t\t\t<div class=\"wpb_video_wrapper\"><iframe title=\"\ud83c\udfc2 Vous \u00eates plut\u00f4t team Snowboard ou team Ski ? \u26f7\ufe0f\" width=\"500\" height=\"281\" src=\"https:\/\/www.youtube.com\/embed\/kgjMgPcU75k?feature=oembed\" frameborder=\"0\" allow=\"accelerometer; autoplay; clipboard-write; encrypted-media; gyroscope; picture-in-picture; web-share\" allowfullscreen><\/iframe><\/div>\n\t\t<\/div>\n\t<\/div>\n<\/div><\/div><\/div><div class=\"wpb_column vc_column_container vc_col-sm-4\"><div class=\"vc_column-inner\"><div class=\"wpb_wrapper\">\n\t<div class=\"wpb_video_widget wpb_content_element vc_clearfix   vc_video-aspect-ratio-916 vc_video-el-width-100 vc_video-align-left\" >\n\t\t<div class=\"wpb_wrapper\">\n\t\t\t\n\t\t\t<div class=\"wpb_video_wrapper\"><iframe title=\"Atypique Chalets\" width=\"500\" height=\"281\" src=\"https:\/\/www.youtube.com\/embed\/sjtLonQcSBQ?feature=oembed\" frameborder=\"0\" allow=\"accelerometer; autoplay; clipboard-write; encrypted-media; gyroscope; picture-in-picture; web-share\" allowfullscreen><\/iframe><\/div>\n\t\t<\/div>\n\t<\/div>\n<\/div><\/div><\/div><\/div><div class=\"vc_row wpb_row vc_row-fluid\"><div class=\"wpb_column vc_column_container vc_col-sm-12\"><div class=\"vc_column-inner\"><div class=\"wpb_wrapper\"><section class=\"sohohotel-clearfix sohohotel-call-to-action-2-section\" style=\"background-image:url(https:\/\/les-atypiques-chalets.com\/wp-content\/uploads\/2024\/03\/bain-finlandais-5.webp);\">\n\t\t\n\t\t<div class=\"sohohotel-call-to-action-overlay\"><\/div>\n\t\t\n\t\t<div class=\"sohohotel-call-to-action-2-section-inner\">\n\n\t\t\t<h3><span class=\"ez-toc-section\" id=\"Reservez_votre_sejour_aux_Atypiques_Chalets\"><\/span>R\u00e9servez votre s\u00e9jour aux Atypiques Chalets<span class=\"ez-toc-section-end\"><\/span><\/h3>\n\t\t\t<p><\/p>\n\t\t\t<a href=\"https:\/\/les-atypiques-chalets.com\/reservation\/\" class=\"sohohotel-button1\">R\u00e9servez-vite<\/a>\n\n\t\t<\/div>\n\t\t\n\t<\/section><div class=\"vc_empty_space\"   style=\"height: 100px\"><span class=\"vc_empty_space_inner\"><\/span><\/div><\/div><\/div><\/div><\/div><div class=\"vc_row wpb_row vc_row-fluid\"><div class=\"wpb_column vc_column_container vc_col-sm-12\"><div class=\"vc_column-inner\"><div class=\"wpb_wrapper\">\n<div class=\"vc_grid-container-wrapper vc_clearfix vc_grid-animation-fadeIn\">\n\t<div class=\"vc_grid-container vc_clearfix wpb_content_element vc_basic_grid\" data-initial-loading-animation=\"fadeIn\" data-vc-grid-settings=\"{&quot;page_id&quot;:10392,&quot;style&quot;:&quot;all&quot;,&quot;action&quot;:&quot;vc_get_vc_grid_data&quot;,&quot;shortcode_id&quot;:&quot;1710401974107-6d314d0d-5839-0&quot;,&quot;tag&quot;:&quot;vc_basic_grid&quot;}\" data-vc-request=\"https:\/\/les-atypiques-chalets.com\/wp-admin\/admin-ajax.php\" data-vc-post-id=\"10392\" data-vc-public-nonce=\"27c27fe5ae\">\n\t\t<style data-type=\"vc_shortcodes-custom-css\">.vc_custom_1419240516480{background-color: #f9f9f9 !important;}<\/style><div class=\"vc_grid vc_row vc_grid-gutter-30px vc_pageable-wrapper vc_hook_hover\" data-vc-pageable-content=\"true\"><div class=\"vc_pageable-slide-wrapper vc_clearfix\" data-vc-grid-content=\"true\"><div class=\"vc_grid-item vc_clearfix vc_col-sm-4 vc_grid-item-zone-c-bottom\"><div class=\"vc_grid-item-mini vc_clearfix \"><div class=\"vc_gitem-animated-block\" ><div class=\"vc_gitem-zone vc_gitem-zone-a vc-gitem-zone-height-mode-auto vc-gitem-zone-height-mode-auto-1-1 vc_gitem-is-link\" style=\"background-image: url('https:\/\/les-atypiques-chalets.com\/wp-content\/uploads\/2026\/03\/couples-vosges-romantiques.webp') !important;\"><a href=\"https:\/\/les-atypiques-chalets.com\/de\/week-end-amoureux-vosges\/\" title=\"Week-end Amoureux Vosges : Guide Complet des Meilleures Id\u00e9es Romantiques 2026 \u2764\ufe0f\" class=\"vc_gitem-link vc-zone-link\"><\/a><img decoding=\"async\" class=\"vc_gitem-zone-img\" src=\"https:\/\/les-atypiques-chalets.com\/wp-content\/uploads\/2026\/03\/couples-vosges-romantiques.webp\" alt=\"h\u00e9bergement romantique couple G\u00e9rardmer chalet Vosges en amoureux\"><div class=\"vc_gitem-zone-mini\"><\/div><\/div><\/div><div class=\"vc_gitem-zone vc_gitem-zone-c vc_custom_1419240516480\"><div class=\"vc_gitem-zone-mini\"><div class=\"vc_gitem_row vc_row vc_gitem-row-position-top\"><div class=\"vc_col-sm-12 vc_gitem-col vc_gitem-col-align-\"><div class=\"vc_custom_heading vc_gitem-post-data vc_gitem-post-data-source-post_title\" ><h4 style=\"text-align: left\" ><span class=\"ez-toc-section\" id=\"Week-end_Amoureux_Vosges_Guide_Complet_des_Meilleures_Idees_Romantiques_2026_%E2%9D%A4%EF%B8%8F\"><\/span>Week-end Amoureux Vosges : Guide Complet des Meilleures Id\u00e9es Romantiques 2026 \u2764\ufe0f<span class=\"ez-toc-section-end\"><\/span><\/h4><\/div><div class=\"vc_custom_heading vc_gitem-post-data vc_gitem-post-data-source-post_excerpt\" ><p style=\"text-align: left\" >Week-end Amoureux Vosges : Le Guide Parfait pour un S\u00e9jour Romantique 2026 \u2764\ufe0f Les Vosges sont devenues en quelques ann\u00e9es une destination privil\u00e9gi\u00e9e pour les couples en qu\u00eate d'un week-end amoureux Vosges authentique et ressour\u00e7ant. Loin du tourisme de masse, un week-end amoureux Vosges vous permet de reconnecter avec votre moiti\u00e9 dans un cadre naturel<a href=\"https:\/\/les-atypiques-chalets.com\/de\/week-end-amoureux-vosges\/\" class=\"sohohotel-more-link\">Read More<\/a><\/p><\/div><div class=\"vc_btn3-container vc_btn3-left\"><a class=\"vc_gitem-link vc_general vc_btn3 vc_general vc_btn3 vc_btn3-size-md vc_btn3-shape-rounded vc_btn3-style-flat vc_btn3-color-juicy-pink\" href=\"https:\/\/les-atypiques-chalets.com\/de\/week-end-amoureux-vosges\/\" title=\"Weiterlesen\" a>Weiterlesen<\/a><\/div><\/div><\/div><\/div><\/div><\/div><div class=\"vc_clearfix\"><\/div><\/div><div class=\"vc_grid-item vc_clearfix vc_col-sm-4 vc_grid-item-zone-c-bottom\"><div class=\"vc_grid-item-mini vc_clearfix \"><div class=\"vc_gitem-animated-block\" ><div class=\"vc_gitem-zone vc_gitem-zone-a vc-gitem-zone-height-mode-auto vc-gitem-zone-height-mode-auto-1-1 vc_gitem-is-link\" style=\"background-image: url('https:\/\/les-atypiques-chalets.com\/wp-content\/uploads\/2025\/07\/CHARKHAN-4-2-1-2-1024x1024.webp') !important;\"><a href=\"https:\/\/les-atypiques-chalets.com\/de\/printemps-dans-les-vosges\/\" title=\"printemps-dans-les-vosges\" class=\"vc_gitem-link vc-zone-link\"><\/a><img decoding=\"async\" class=\"vc_gitem-zone-img\" src=\"https:\/\/les-atypiques-chalets.com\/wp-content\/uploads\/2025\/07\/CHARKHAN-4-2-1-2-1024x1024.webp\" alt=\"Chalets Charkan \u00e0 G\u00e9rardmer, avec une architecture moderne en A, entour\u00e9s de verdure.\"><div class=\"vc_gitem-zone-mini\"><\/div><\/div><\/div><div class=\"vc_gitem-zone vc_gitem-zone-c vc_custom_1419240516480\"><div class=\"vc_gitem-zone-mini\"><div class=\"vc_gitem_row vc_row vc_gitem-row-position-top\"><div class=\"vc_col-sm-12 vc_gitem-col vc_gitem-col-align-\"><div class=\"vc_custom_heading vc_gitem-post-data vc_gitem-post-data-source-post_title\" ><h4 style=\"text-align: left\" ><span class=\"ez-toc-section\" id=\"printemps-dans-les-vosges\"><\/span>printemps-dans-les-vosges<span class=\"ez-toc-section-end\"><\/span><\/h4><\/div><div class=\"vc_custom_heading vc_gitem-post-data vc_gitem-post-data-source-post_excerpt\" ><p style=\"text-align: left\" >Printemps dans les Vosges : 3 Chalets Aframes pour un S\u00e9jour Bien-\u00catre Inoubliable Filtern nach: AllChalet 4 personnesChalet 6 personnesChalets 6 personnes Standard-SortierungPreis niedrig bis hochPreis hoch bis niedrig Chalet Charkhan Capacit\u00e9 : 6 personnes Superficie : 65 m2 Bain Nordique : privatif \u00e0 partir de 225\u20ac\/Nuit Zimmer anzeigen Chalet Aslan Capacit\u00e9 : 5 personnes<a href=\"https:\/\/les-atypiques-chalets.com\/de\/chalet-iorik\/\" class=\"sohohotel-more-link\">Read More<\/a><\/p><\/div><div class=\"vc_btn3-container vc_btn3-left\"><a class=\"vc_gitem-link vc_general vc_btn3 vc_general vc_btn3 vc_btn3-size-md vc_btn3-shape-rounded vc_btn3-style-flat vc_btn3-color-juicy-pink\" href=\"https:\/\/les-atypiques-chalets.com\/de\/printemps-dans-les-vosges\/\" title=\"Weiterlesen\" a>Weiterlesen<\/a><\/div><\/div><\/div><\/div><\/div><\/div><div class=\"vc_clearfix\"><\/div><\/div><div class=\"vc_grid-item vc_clearfix vc_col-sm-4 vc_grid-item-zone-c-bottom\"><div class=\"vc_grid-item-mini vc_clearfix \"><div class=\"vc_gitem-animated-block\" ><div class=\"vc_gitem-zone vc_gitem-zone-a vc-gitem-zone-height-mode-auto vc-gitem-zone-height-mode-auto-1-1 vc_gitem-is-link\" style=\"background-image: url('https:\/\/les-atypiques-chalets.com\/wp-content\/uploads\/2025\/07\/Abbaye-Notre-Dame-dAutrey-1024x574.webp') !important;\"><a href=\"https:\/\/les-atypiques-chalets.com\/de\/labbaye-notre-dame-dautrey\/\" title=\"L&rsquo;Abbaye Notre-Dame d&rsquo;Autrey\" class=\"vc_gitem-link vc-zone-link\"><\/a><img decoding=\"async\" class=\"vc_gitem-zone-img\" src=\"https:\/\/les-atypiques-chalets.com\/wp-content\/uploads\/2025\/07\/Abbaye-Notre-Dame-dAutrey-1024x574.webp\" alt=\"L'Abbaye Notre-Dame d'Autrey\"><div class=\"vc_gitem-zone-mini\"><\/div><\/div><\/div><div class=\"vc_gitem-zone vc_gitem-zone-c vc_custom_1419240516480\"><div class=\"vc_gitem-zone-mini\"><div class=\"vc_gitem_row vc_row vc_gitem-row-position-top\"><div class=\"vc_col-sm-12 vc_gitem-col vc_gitem-col-align-\"><div class=\"vc_custom_heading vc_gitem-post-data vc_gitem-post-data-source-post_title\" ><h4 style=\"text-align: left\" ><span class=\"ez-toc-section\" id=\"LAbbaye_Notre-Dame_dAutrey\"><\/span>L&rsquo;Abbaye Notre-Dame d&rsquo;Autrey<span class=\"ez-toc-section-end\"><\/span><\/h4><\/div><div class=\"vc_custom_heading vc_gitem-post-data vc_gitem-post-data-source-post_excerpt\" ><p style=\"text-align: left\" >\u2728L'Abbaye Notre-Dame d'Autrey\u2728 Chalet Charkhan Capacit\u00e9 : 6 personnes Superficie : 65 m2 Bain Nordique : privatif \u00e0 partir de 225\u20ac\/Nuit Zimmer anzeigen Chalet Aslan Capacit\u00e9 : 5 personnes Superficie : 65 m2 Bain Nordique : privatif \u00e0 partir de 215\u20ac\/Nuit Zimmer anzeigen Chalet Iorik Capacit\u00e9 : 4 personnes Superficie : 45 m2 Bain Nordique<a href=\"https:\/\/les-atypiques-chalets.com\/de\/chalet-iorik\/\" class=\"sohohotel-more-link\">Read More<\/a><\/p><\/div><div class=\"vc_btn3-container vc_btn3-left\"><a class=\"vc_gitem-link vc_general vc_btn3 vc_general vc_btn3 vc_btn3-size-md vc_btn3-shape-rounded vc_btn3-style-flat vc_btn3-color-juicy-pink\" href=\"https:\/\/les-atypiques-chalets.com\/de\/labbaye-notre-dame-dautrey\/\" title=\"Weiterlesen\" a>Weiterlesen<\/a><\/div><\/div><\/div><\/div><\/div><\/div><div class=\"vc_clearfix\"><\/div><\/div><div class=\"vc_grid-item vc_clearfix vc_col-sm-4 vc_grid-item-zone-c-bottom\"><div class=\"vc_grid-item-mini vc_clearfix \"><div class=\"vc_gitem-animated-block\" ><div class=\"vc_gitem-zone vc_gitem-zone-a vc-gitem-zone-height-mode-auto vc-gitem-zone-height-mode-auto-1-1 vc_gitem-is-link\" style=\"background-image: url('https:\/\/les-atypiques-chalets.com\/wp-content\/uploads\/2025\/07\/Le-Jardin-de-Berchigranges-1-1024x574.webp') !important;\"><a href=\"https:\/\/les-atypiques-chalets.com\/de\/le-jardin-de-berchigranges\/\" title=\"Le Jardin de Berchigranges\" class=\"vc_gitem-link vc-zone-link\"><\/a><img decoding=\"async\" class=\"vc_gitem-zone-img\" src=\"https:\/\/les-atypiques-chalets.com\/wp-content\/uploads\/2025\/07\/Le-Jardin-de-Berchigranges-1-1024x574.webp\" alt=\"Le Jardin de Berchigranges\"><div class=\"vc_gitem-zone-mini\"><\/div><\/div><\/div><div class=\"vc_gitem-zone vc_gitem-zone-c vc_custom_1419240516480\"><div class=\"vc_gitem-zone-mini\"><div class=\"vc_gitem_row vc_row vc_gitem-row-position-top\"><div class=\"vc_col-sm-12 vc_gitem-col vc_gitem-col-align-\"><div class=\"vc_custom_heading vc_gitem-post-data vc_gitem-post-data-source-post_title\" ><h4 style=\"text-align: left\" ><span class=\"ez-toc-section\" id=\"Le_Jardin_de_Berchigranges\"><\/span>Le Jardin de Berchigranges<span class=\"ez-toc-section-end\"><\/span><\/h4><\/div><div class=\"vc_custom_heading vc_gitem-post-data vc_gitem-post-data-source-post_excerpt\" ><p style=\"text-align: left\" >\u2728Le Jardin de Berchigranges\u2728 Chalet Charkhan Capacit\u00e9 : 6 personnes Superficie : 65 m2 Bain Nordique : privatif \u00e0 partir de 225\u20ac\/Nuit Zimmer anzeigen Chalet Aslan Capacit\u00e9 : 5 personnes Superficie : 65 m2 Bain Nordique : privatif \u00e0 partir de 215\u20ac\/Nuit Zimmer anzeigen Chalet Iorik Capacit\u00e9 : 4 personnes Superficie : 45 m2 Bain<a href=\"https:\/\/les-atypiques-chalets.com\/de\/chalet-iorik\/\" class=\"sohohotel-more-link\">Read More<\/a><\/p><\/div><div class=\"vc_btn3-container vc_btn3-left\"><a class=\"vc_gitem-link vc_general vc_btn3 vc_general vc_btn3 vc_btn3-size-md vc_btn3-shape-rounded vc_btn3-style-flat vc_btn3-color-juicy-pink\" href=\"https:\/\/les-atypiques-chalets.com\/de\/le-jardin-de-berchigranges\/\" title=\"Weiterlesen\" a>Weiterlesen<\/a><\/div><\/div><\/div><\/div><\/div><\/div><div class=\"vc_clearfix\"><\/div><\/div><div class=\"vc_grid-item vc_clearfix vc_col-sm-4 vc_grid-item-zone-c-bottom\"><div class=\"vc_grid-item-mini vc_clearfix \"><div class=\"vc_gitem-animated-block\" ><div class=\"vc_gitem-zone vc_gitem-zone-a vc-gitem-zone-height-mode-auto vc-gitem-zone-height-mode-auto-1-1 vc_gitem-is-link\" style=\"background-image: url('https:\/\/les-atypiques-chalets.com\/wp-content\/uploads\/2025\/04\/evenement-2025-1024x574.webp') !important;\"><a href=\"https:\/\/les-atypiques-chalets.com\/de\/quels-evenements-il-ne-faudra-pas-manquer-a-gerardmer-en-fin-dannee-2025\/\" title=\"Quels \u00e9v\u00e8nements il ne faudra pas manquer \u00e0 G\u00e9rardmer en fin d&rsquo;ann\u00e9e 2025\" class=\"vc_gitem-link vc-zone-link\"><\/a><img decoding=\"async\" class=\"vc_gitem-zone-img\" src=\"https:\/\/les-atypiques-chalets.com\/wp-content\/uploads\/2025\/04\/evenement-2025-1024x574.webp\" alt=\"Feux d\u2019artifice nocturnes \u00e0 G\u00e9rardmer pour les \u00e9v\u00e9nements de fin d\u2019ann\u00e9e 2025\"><div class=\"vc_gitem-zone-mini\"><\/div><\/div><\/div><div class=\"vc_gitem-zone vc_gitem-zone-c vc_custom_1419240516480\"><div class=\"vc_gitem-zone-mini\"><div class=\"vc_gitem_row vc_row vc_gitem-row-position-top\"><div class=\"vc_col-sm-12 vc_gitem-col vc_gitem-col-align-\"><div class=\"vc_custom_heading vc_gitem-post-data vc_gitem-post-data-source-post_title\" ><h4 style=\"text-align: left\" ><span class=\"ez-toc-section\" id=\"Quels_evenements_il_ne_faudra_pas_manquer_a_Gerardmer_en_fin_dannee_2025\"><\/span>Quels \u00e9v\u00e8nements il ne faudra pas manquer \u00e0 G\u00e9rardmer en fin d&rsquo;ann\u00e9e 2025<span class=\"ez-toc-section-end\"><\/span><\/h4><\/div><div class=\"vc_custom_heading vc_gitem-post-data vc_gitem-post-data-source-post_excerpt\" ><p style=\"text-align: left\" >\u2728Quels \u00e9v\u00e8nements il ne faudra pas manquer \u00e0 G\u00e9rardmer en fin d'ann\u00e9e 2025\u2728 de ao\u00fbt \u00e0 d\u00e9cembre 2025 Chalet Charkhan Capacit\u00e9 : 6 personnes Superficie : 65 m2 Bain Nordique : privatif \u00e0 partir de 225\u20ac\/Nuit Zimmer anzeigen Chalet Aslan Capacit\u00e9 : 5 personnes Superficie : 65 m2 Bain Nordique : privatif \u00e0 partir de<a href=\"https:\/\/les-atypiques-chalets.com\/de\/chalet-iorik\/\" class=\"sohohotel-more-link\">Read More<\/a><\/p><\/div><div class=\"vc_btn3-container vc_btn3-left\"><a class=\"vc_gitem-link vc_general vc_btn3 vc_general vc_btn3 vc_btn3-size-md vc_btn3-shape-rounded vc_btn3-style-flat vc_btn3-color-juicy-pink\" href=\"https:\/\/les-atypiques-chalets.com\/de\/quels-evenements-il-ne-faudra-pas-manquer-a-gerardmer-en-fin-dannee-2025\/\" title=\"Weiterlesen\" a>Weiterlesen<\/a><\/div><\/div><\/div><\/div><\/div><\/div><div class=\"vc_clearfix\"><\/div><\/div><div class=\"vc_grid-item vc_clearfix vc_col-sm-4 vc_grid-item-zone-c-bottom\"><div class=\"vc_grid-item-mini vc_clearfix \"><div class=\"vc_gitem-animated-block\" ><div class=\"vc_gitem-zone vc_gitem-zone-a vc-gitem-zone-height-mode-auto vc-gitem-zone-height-mode-auto-1-1 vc_gitem-is-link\" style=\"background-image: url('https:\/\/les-atypiques-chalets.com\/wp-content\/uploads\/2024\/03\/les-atypiques-chalets-1024x524.webp') !important;\"><a href=\"https:\/\/les-atypiques-chalets.com\/de\/chalet-a-gerardmer\/\" title=\"Chalet \u00e0 G\u00e9rardmer : 3 Chalets Exclusifs avec Bain Nordique Privatif\" class=\"vc_gitem-link vc-zone-link\"><\/a><img decoding=\"async\" class=\"vc_gitem-zone-img\" src=\"https:\/\/les-atypiques-chalets.com\/wp-content\/uploads\/2024\/03\/les-atypiques-chalets-1024x524.webp\" alt=\"Les Atypiques Chalets - Vue nocturne des chalets A-Frame dans les Vosges\"><div class=\"vc_gitem-zone-mini\"><\/div><\/div><\/div><div class=\"vc_gitem-zone vc_gitem-zone-c vc_custom_1419240516480\"><div class=\"vc_gitem-zone-mini\"><div class=\"vc_gitem_row vc_row vc_gitem-row-position-top\"><div class=\"vc_col-sm-12 vc_gitem-col vc_gitem-col-align-\"><div class=\"vc_custom_heading vc_gitem-post-data vc_gitem-post-data-source-post_title\" ><h4 style=\"text-align: left\" ><span class=\"ez-toc-section\" id=\"Chalet_a_Gerardmer_3_Chalets_Exclusifs_avec_Bain_Nordique_Privatif\"><\/span>Chalet \u00e0 G\u00e9rardmer : 3 Chalets Exclusifs avec Bain Nordique Privatif<span class=\"ez-toc-section-end\"><\/span><\/h4><\/div><div class=\"vc_custom_heading vc_gitem-post-data vc_gitem-post-data-source-post_excerpt\" ><p style=\"text-align: left\" ><p>Chalet \u00e0 G\u00e9rardmer : 3 chalets A-Frame avec bain nordique privatif et sauna. \u00c0 partir de 160\u20ac\/nuit. Not\u00e9 4.8\/5. R\u00e9servez votre s\u00e9jour !<\/p>\n<a href=\"https:\/\/les-atypiques-chalets.com\/de\/chalet-a-gerardmer\/\" class=\"sohohotel-more-link\">Read More<\/a><\/p><\/div><div class=\"vc_btn3-container vc_btn3-left\"><a class=\"vc_gitem-link vc_general vc_btn3 vc_general vc_btn3 vc_btn3-size-md vc_btn3-shape-rounded vc_btn3-style-flat vc_btn3-color-juicy-pink\" href=\"https:\/\/les-atypiques-chalets.com\/de\/chalet-a-gerardmer\/\" title=\"Weiterlesen\" a>Weiterlesen<\/a><\/div><\/div><\/div><\/div><\/div><\/div><div class=\"vc_clearfix\"><\/div><\/div><div class=\"vc_grid-item vc_clearfix vc_col-sm-4 vc_grid-item-zone-c-bottom\"><div class=\"vc_grid-item-mini vc_clearfix \"><div class=\"vc_gitem-animated-block\" ><div class=\"vc_gitem-zone vc_gitem-zone-a vc-gitem-zone-height-mode-auto vc-gitem-zone-height-mode-auto-1-1 vc_gitem-is-link\" style=\"background-image: url('https:\/\/les-atypiques-chalets.com\/wp-content\/uploads\/2025\/03\/salon-aslan-03-L-1024x576.webp') !important;\"><a href=\"https:\/\/les-atypiques-chalets.com\/de\/quels-secrets-caches-offrent-les-chalets-de-gerardmer-pour-un-sejour-relaxant\/\" title=\"Chalets G\u00e9rardmer : 9 Secrets Pour un S\u00e9jour Relaxant [Guide]\" class=\"vc_gitem-link vc-zone-link\"><\/a><img decoding=\"async\" class=\"vc_gitem-zone-img\" src=\"https:\/\/les-atypiques-chalets.com\/wp-content\/uploads\/2025\/03\/salon-aslan-03-L-1024x576.webp\" alt=\"Vue plongeante sur le salon du chalet Aslan avec grandes baies vitr\u00e9es en A-Frame\"><div class=\"vc_gitem-zone-mini\"><\/div><\/div><\/div><div class=\"vc_gitem-zone vc_gitem-zone-c vc_custom_1419240516480\"><div class=\"vc_gitem-zone-mini\"><div class=\"vc_gitem_row vc_row vc_gitem-row-position-top\"><div class=\"vc_col-sm-12 vc_gitem-col vc_gitem-col-align-\"><div class=\"vc_custom_heading vc_gitem-post-data vc_gitem-post-data-source-post_title\" ><h4 style=\"text-align: left\" ><span class=\"ez-toc-section\" id=\"Chalets_Gerardmer_9_Secrets_Pour_un_Sejour_Relaxant_Guide\"><\/span>Chalets G\u00e9rardmer : 9 Secrets Pour un S\u00e9jour Relaxant [Guide]<span class=\"ez-toc-section-end\"><\/span><\/h4><\/div><div class=\"vc_custom_heading vc_gitem-post-data vc_gitem-post-data-source-post_excerpt\" ><p style=\"text-align: left\" ><p>Chalets G\u00e9rardmer : d\u00e9couvrez 9 secrets pour un s\u00e9jour relaxant &#8211; bain nordique, sauna, nature, gastronomie. Guide complet du bien-\u00eatre !<\/p>\n<a href=\"https:\/\/les-atypiques-chalets.com\/de\/quels-secrets-caches-offrent-les-chalets-de-gerardmer-pour-un-sejour-relaxant\/\" class=\"sohohotel-more-link\">Read More<\/a><\/p><\/div><div class=\"vc_btn3-container vc_btn3-left\"><a class=\"vc_gitem-link vc_general vc_btn3 vc_general vc_btn3 vc_btn3-size-md vc_btn3-shape-rounded vc_btn3-style-flat vc_btn3-color-juicy-pink\" href=\"https:\/\/les-atypiques-chalets.com\/de\/quels-secrets-caches-offrent-les-chalets-de-gerardmer-pour-un-sejour-relaxant\/\" title=\"Weiterlesen\" a>Weiterlesen<\/a><\/div><\/div><\/div><\/div><\/div><\/div><div class=\"vc_clearfix\"><\/div><\/div><div class=\"vc_grid-item vc_clearfix vc_col-sm-4 vc_grid-item-zone-c-bottom\"><div class=\"vc_grid-item-mini vc_clearfix \"><div class=\"vc_gitem-animated-block\" ><div class=\"vc_gitem-zone vc_gitem-zone-a vc-gitem-zone-height-mode-auto vc-gitem-zone-height-mode-auto-1-1 vc_gitem-is-link\" style=\"background-image: url('https:\/\/les-atypiques-chalets.com\/wp-content\/uploads\/2025\/03\/salon-aslan-05-L-1-1024x576.webp') !important;\"><a href=\"https:\/\/les-atypiques-chalets.com\/de\/quels-avantages-a-louer-un-chalet-spa-dans-les-vosges-pour-vos-vacances\/\" title=\"Chalet avec Spa Vosges : 8 Avantages Pour Vos Vacances [Guide]\" class=\"vc_gitem-link vc-zone-link\"><\/a><img decoding=\"async\" class=\"vc_gitem-zone-img\" src=\"https:\/\/les-atypiques-chalets.com\/wp-content\/uploads\/2025\/03\/salon-aslan-05-L-1-1024x576.webp\" alt=\"Int\u00e9rieur du chalet Aslan A-Frame avec cuisine ouverte et vue panoramique sur la campagne\"><div class=\"vc_gitem-zone-mini\"><\/div><\/div><\/div><div class=\"vc_gitem-zone vc_gitem-zone-c vc_custom_1419240516480\"><div class=\"vc_gitem-zone-mini\"><div class=\"vc_gitem_row vc_row vc_gitem-row-position-top\"><div class=\"vc_col-sm-12 vc_gitem-col vc_gitem-col-align-\"><div class=\"vc_custom_heading vc_gitem-post-data vc_gitem-post-data-source-post_title\" ><h4 style=\"text-align: left\" ><span class=\"ez-toc-section\" id=\"Chalet_avec_Spa_Vosges_8_Avantages_Pour_Vos_Vacances_Guide\"><\/span>Chalet avec Spa Vosges : 8 Avantages Pour Vos Vacances [Guide]<span class=\"ez-toc-section-end\"><\/span><\/h4><\/div><div class=\"vc_custom_heading vc_gitem-post-data vc_gitem-post-data-source-post_excerpt\" ><p style=\"text-align: left\" ><p>Chalet avec spa dans les Vosges : d\u00e9couvrez 8 avantages &#8211; d\u00e9tente, intimit\u00e9, bien-\u00eatre, confort. Guide complet pour des vacances r\u00e9ussies !<\/p>\n<a href=\"https:\/\/les-atypiques-chalets.com\/de\/quels-avantages-a-louer-un-chalet-spa-dans-les-vosges-pour-vos-vacances\/\" class=\"sohohotel-more-link\">Read More<\/a><\/p><\/div><div class=\"vc_btn3-container vc_btn3-left\"><a class=\"vc_gitem-link vc_general vc_btn3 vc_general vc_btn3 vc_btn3-size-md vc_btn3-shape-rounded vc_btn3-style-flat vc_btn3-color-juicy-pink\" href=\"https:\/\/les-atypiques-chalets.com\/de\/quels-avantages-a-louer-un-chalet-spa-dans-les-vosges-pour-vos-vacances\/\" title=\"Weiterlesen\" a>Weiterlesen<\/a><\/div><\/div><\/div><\/div><\/div><\/div><div class=\"vc_clearfix\"><\/div><\/div><div class=\"vc_grid-item vc_clearfix vc_col-sm-4 vc_grid-item-zone-c-bottom\"><div class=\"vc_grid-item-mini vc_clearfix \"><div class=\"vc_gitem-animated-block\" ><div class=\"vc_gitem-zone vc_gitem-zone-a vc-gitem-zone-height-mode-auto vc-gitem-zone-height-mode-auto-1-1 vc_gitem-is-link\" style=\"background-image: url('https:\/\/les-atypiques-chalets.com\/wp-content\/uploads\/2025\/03\/salon-charkhan-04-L-1-1-1024x576.webp') !important;\"><a href=\"https:\/\/les-atypiques-chalets.com\/de\/comment-choisir-un-chalet-dans-les-vosges\/\" title=\"Choisir un Chalet Vosges : 7 Crit\u00e8res Essentiels [Guide 2026]\" class=\"vc_gitem-link vc-zone-link\"><\/a><img decoding=\"async\" class=\"vc_gitem-zone-img\" src=\"https:\/\/les-atypiques-chalets.com\/wp-content\/uploads\/2025\/03\/salon-charkhan-04-L-1-1-1024x576.webp\" alt=\"chalet \u00e0 G\u00e9rardmer bain nordique privatif\"><div class=\"vc_gitem-zone-mini\"><\/div><\/div><\/div><div class=\"vc_gitem-zone vc_gitem-zone-c vc_custom_1419240516480\"><div class=\"vc_gitem-zone-mini\"><div class=\"vc_gitem_row vc_row vc_gitem-row-position-top\"><div class=\"vc_col-sm-12 vc_gitem-col vc_gitem-col-align-\"><div class=\"vc_custom_heading vc_gitem-post-data vc_gitem-post-data-source-post_title\" ><h4 style=\"text-align: left\" ><span class=\"ez-toc-section\" id=\"Choisir_un_Chalet_Vosges_7_Criteres_Essentiels_Guide_2026\"><\/span>Choisir un Chalet Vosges : 7 Crit\u00e8res Essentiels [Guide 2026]<span class=\"ez-toc-section-end\"><\/span><\/h4><\/div><div class=\"vc_custom_heading vc_gitem-post-data vc_gitem-post-data-source-post_excerpt\" ><p style=\"text-align: left\" ><p>Comment choisir un chalet dans les Vosges ? 7 crit\u00e8res essentiels : emplacement, \u00e9quipements, capacit\u00e9, spa, prix. Guide complet pour r\u00e9ussir !<\/p>\n<a href=\"https:\/\/les-atypiques-chalets.com\/de\/comment-choisir-un-chalet-dans-les-vosges\/\" class=\"sohohotel-more-link\">Read More<\/a><\/p><\/div><div class=\"vc_btn3-container vc_btn3-left\"><a class=\"vc_gitem-link vc_general vc_btn3 vc_general vc_btn3 vc_btn3-size-md vc_btn3-shape-rounded vc_btn3-style-flat vc_btn3-color-juicy-pink\" href=\"https:\/\/les-atypiques-chalets.com\/de\/comment-choisir-un-chalet-dans-les-vosges\/\" title=\"Weiterlesen\" a>Weiterlesen<\/a><\/div><\/div><\/div><\/div><\/div><\/div><div class=\"vc_clearfix\"><\/div><\/div><div class=\"vc_grid-item vc_clearfix vc_col-sm-4 vc_grid-item-zone-c-bottom\"><div class=\"vc_grid-item-mini vc_clearfix \"><div class=\"vc_gitem-animated-block\" ><div class=\"vc_gitem-zone vc_gitem-zone-a vc-gitem-zone-height-mode-auto vc-gitem-zone-height-mode-auto-1-1 vc_gitem-is-link\" style=\"background-image: url('https:\/\/les-atypiques-chalets.com\/wp-content\/uploads\/2025\/01\/activite-1-1024x574.webp') !important;\"><a href=\"https:\/\/les-atypiques-chalets.com\/de\/les-10-choses-a-faire-a-gerardmer-en-ete\/\" title=\"G\u00e9rardmer en \u00c9t\u00e9 : Guide Ultime des 15 Activit\u00e9s Incontournables 2026 \u2600\ufe0f\" class=\"vc_gitem-link vc-zone-link\"><\/a><img decoding=\"async\" class=\"vc_gitem-zone-img\" src=\"https:\/\/les-atypiques-chalets.com\/wp-content\/uploads\/2025\/01\/activite-1-1024x574.webp\" alt=\"Circuit VTT G\u00e9rardmer avec vue panoramique sur le lac\"><div class=\"vc_gitem-zone-mini\"><\/div><\/div><\/div><div class=\"vc_gitem-zone vc_gitem-zone-c vc_custom_1419240516480\"><div class=\"vc_gitem-zone-mini\"><div class=\"vc_gitem_row vc_row vc_gitem-row-position-top\"><div class=\"vc_col-sm-12 vc_gitem-col vc_gitem-col-align-\"><div class=\"vc_custom_heading vc_gitem-post-data vc_gitem-post-data-source-post_title\" ><h4 style=\"text-align: left\" ><span class=\"ez-toc-section\" id=\"Gerardmer_en_Ete_Guide_Ultime_des_15_Activites_Incontournables_2026_%E2%98%80%EF%B8%8F\"><\/span>G\u00e9rardmer en \u00c9t\u00e9 : Guide Ultime des 15 Activit\u00e9s Incontournables 2026 \u2600\ufe0f<span class=\"ez-toc-section-end\"><\/span><\/h4><\/div><div class=\"vc_custom_heading vc_gitem-post-data vc_gitem-post-data-source-post_excerpt\" ><p style=\"text-align: left\" ><p>G\u00e9rardmer en \u00e9t\u00e9 : d\u00e9couvrez 10 activit\u00e9s incontournables &#8211; baignade au lac, randonn\u00e9e, v\u00e9lo, cano\u00eb. Guide complet avec tarifs et bons plans !<\/p>\n<a href=\"https:\/\/les-atypiques-chalets.com\/de\/les-10-choses-a-faire-a-gerardmer-en-ete\/\" class=\"sohohotel-more-link\">Read More<\/a><\/p><\/div><div class=\"vc_btn3-container vc_btn3-left\"><a class=\"vc_gitem-link vc_general vc_btn3 vc_general vc_btn3 vc_btn3-size-md vc_btn3-shape-rounded vc_btn3-style-flat vc_btn3-color-juicy-pink\" href=\"https:\/\/les-atypiques-chalets.com\/de\/les-10-choses-a-faire-a-gerardmer-en-ete\/\" title=\"Weiterlesen\" a>Weiterlesen<\/a><\/div><\/div><\/div><\/div><\/div><\/div><div class=\"vc_clearfix\"><\/div><\/div><\/div><\/div>\n\t<\/div>\n<\/div><\/div><\/div><\/div><\/div>\n<\/div>","protected":false},"excerpt":{"rendered":"R\u00e9seaux Sociaux R\u00e9servez votre s\u00e9jour aux Atypiques Chalets R\u00e9servez-vite Week-end Amoureux Vosges : Guide Complet des Meilleures Id\u00e9es Romantiques 2026 \u2764\ufe0fWeek-end Amoureux Vosges : Le Guide Parfait pour un S\u00e9jour Romantique 2026 \u2764\ufe0f Les Vosges sont devenues en quelques ann\u00e9es une destination privil\u00e9gi\u00e9e pour les couples en qu\u00eate d'un week-end amoureux Vosges authentique et ressour\u00e7ant.<a href=\"https:\/\/les-atypiques-chalets.com\/de\/reseaux-sociaux\/\" class=\"sohohotel-more-link\">Read More<\/a>","protected":false},"author":1,"featured_media":10331,"parent":0,"menu_order":0,"comment_status":"closed","ping_status":"closed","template":"","meta":{"footnotes":""},"class_list":["post-10392","page","type-page","status-publish","has-post-thumbnail","hentry"],"_links":{"self":[{"href":"https:\/\/les-atypiques-chalets.com\/de\/wp-json\/wp\/v2\/pages\/10392","targetHints":{"allow":["GET"]}}],"collection":[{"href":"https:\/\/les-atypiques-chalets.com\/de\/wp-json\/wp\/v2\/pages"}],"about":[{"href":"https:\/\/les-atypiques-chalets.com\/de\/wp-json\/wp\/v2\/types\/page"}],"author":[{"embeddable":true,"href":"https:\/\/les-atypiques-chalets.com\/de\/wp-json\/wp\/v2\/users\/1"}],"replies":[{"embeddable":true,"href":"https:\/\/les-atypiques-chalets.com\/de\/wp-json\/wp\/v2\/comments?post=10392"}],"version-history":[{"count":0,"href":"https:\/\/les-atypiques-chalets.com\/de\/wp-json\/wp\/v2\/pages\/10392\/revisions"}],"wp:featuredmedia":[{"embeddable":true,"href":"https:\/\/les-atypiques-chalets.com\/de\/wp-json\/wp\/v2\/media\/10331"}],"wp:attachment":[{"href":"https:\/\/les-atypiques-chalets.com\/de\/wp-json\/wp\/v2\/media?parent=10392"}],"curies":[{"name":"wp","href":"https:\/\/api.w.org\/{rel}","templated":true}]}}