{"id":10487,"date":"2024-03-15T09:45:24","date_gmt":"2024-03-15T09:45:24","guid":{"rendered":"https:\/\/les-atypiques-chalets.com\/chalet-charkhan-2\/"},"modified":"2026-03-22T16:34:07","modified_gmt":"2026-03-22T16:34:07","slug":"chalet-mit-jacuzzi-in-gerardmer-vogesen","status":"publish","type":"page","link":"https:\/\/les-atypiques-chalets.com\/de\/chalet-jacuzzi-gerardmer-vosges\/","title":{"rendered":"Chalet ASLAN \u2013 privater Jacuzzi &amp; Sauna in der N\u00e4he von G\u00e9rardmer Chalet mit privatem Spa in den Vogesen \u2013 2 Schlafzimmer, bis zu 5 Personen"},"content":{"rendered":"<div class=\"wpb-content-wrapper\"><div class=\"vc_row wpb_row vc_row-fluid\"><div class=\"wpb_column vc_column_container vc_col-sm-12\"><div class=\"vc_column-inner\"><div class=\"wpb_wrapper\">\n\t<div class=\"wpb_text_column wpb_content_element\" >\n\t\t<div class=\"wpb_wrapper\">\n\t\t\t<p data-rm-block-id=\"block-1\">\n\n\t\t<\/div>\n\t<\/div>\n<\/div><\/div><\/div><\/div><div data-vc-full-width=\"true\" data-vc-full-width-init=\"false\" class=\"vc_row wpb_row vc_row-fluid\"><div class=\"wpb_column vc_column_container vc_col-sm-12\"><div class=\"vc_column-inner\"><div class=\"wpb_wrapper\"><div class=\"vc_empty_space\"   style=\"height: 50px\"><span class=\"vc_empty_space_inner\"><\/span><\/div>\n\t<div  class=\"wpb_single_image wpb_content_element vc_align_center wpb_content_element\">\n\t\t\n\t\t<figure class=\"wpb_wrapper vc_figure\">\n\t\t\t<div class=\"vc_single_image-wrapper   vc_box_border_grey\"><img decoding=\"async\" width=\"1200\" height=\"614\" src=\"https:\/\/les-atypiques-chalets.com\/wp-content\/uploads\/2024\/06\/les-atypiques-chalets.webp\" class=\"vc_single_image-img attachment-full\" alt=\"Die ungew\u00f6hnlichen Chalets. Ungew\u00f6hnliches Chalet in G\u00e9rardmer. Spa mit Balneotherapie und privater Sauna\" title=\"les-atypiques-chalets\" srcset=\"https:\/\/les-atypiques-chalets.com\/wp-content\/uploads\/2024\/06\/les-atypiques-chalets.webp 1200w, https:\/\/les-atypiques-chalets.com\/wp-content\/uploads\/2024\/06\/les-atypiques-chalets-300x154.webp 300w, https:\/\/les-atypiques-chalets.com\/wp-content\/uploads\/2024\/06\/les-atypiques-chalets-1024x524.webp 1024w, https:\/\/les-atypiques-chalets.com\/wp-content\/uploads\/2024\/06\/les-atypiques-chalets-768x393.webp 768w, https:\/\/les-atypiques-chalets.com\/wp-content\/uploads\/2024\/06\/les-atypiques-chalets-100x51.webp 100w, https:\/\/les-atypiques-chalets.com\/wp-content\/uploads\/2024\/06\/les-atypiques-chalets-600x307.webp 600w\" sizes=\"(max-width: 1200px) 100vw, 1200px\" \/><\/div>\n\t\t<\/figure>\n\t<\/div>\n\n\t<div class=\"wpb_video_widget wpb_content_element vc_clearfix   vc_video-aspect-ratio-169 vc_video-el-width-100 vc_video-align-left\" >\n\t\t<div class=\"wpb_wrapper\">\n\t\t\t\n\t\t\t<div class=\"wpb_video_wrapper\"><iframe title=\"Das macht Chalet Aslan in G\u00e9rardmer so einzigartig\u2026\" width=\"500\" height=\"281\" src=\"https:\/\/www.youtube.com\/embed\/4bx2JRRGT6M?feature=oembed\" frameborder=\"0\" allow=\"accelerometer; autoplay; clipboard-write; encrypted-media; gyroscope; picture-in-picture; web-share\" referrerpolicy=\"strict-origin-when-cross-origin\" allowfullscreen><\/iframe><\/div>\n\t\t<\/div>\n\t<\/div>\n<\/div><\/div><\/div><\/div><div class=\"vc_row-full-width vc_clearfix\"><\/div><div class=\"vc_row wpb_row vc_row-fluid\"><div class=\"wpb_column vc_column_container vc_col-sm-8\"><div class=\"vc_column-inner\"><div class=\"wpb_wrapper\"><div class=\"vc_empty_space\"   style=\"height: 32px\"><span class=\"vc_empty_space_inner\"><\/span><\/div>\n\t<div class=\"wpb_text_column wpb_content_element\" >\n\t\t<div class=\"wpb_wrapper\">\n\t\t\t<h1 style=\"color: #683c16;\" data-rm-block-id=\"block-2\"><span class=\"ez-toc-section\" id=\"Chalet_ASLAN_%E2%80%93_jacuzzi_sauna_privatifs_pres_de_Gerardmer\"><\/span>Chalet ASLAN \u2013 private Whirlpool &amp; Sauna in der N\u00e4he von G\u00e9rardmer<span class=\"ez-toc-section-end\"><\/span><\/h1><div id=\"ez-toc-container\" class=\"ez-toc-v2_0_82_2 counter-hierarchy ez-toc-counter ez-toc-grey ez-toc-container-direction\">\n<div class=\"ez-toc-title-container\">\n<p class=\"ez-toc-title\" style=\"cursor:inherit\">Zusammenfassung<\/p>\n<span class=\"ez-toc-title-toggle\"><a href=\"#\" class=\"ez-toc-pull-right ez-toc-btn ez-toc-btn-xs ez-toc-btn-default ez-toc-toggle\" aria-label=\"Toggle Table of Content\"><span class=\"ez-toc-js-icon-con\"><span class=\"\"><span class=\"eztoc-hide\" style=\"display:none;\">Umschalten<\/span><span class=\"ez-toc-icon-toggle-span\"><svg style=\"fill: #999;color:#999\" xmlns=\"http:\/\/www.w3.org\/2000\/svg\" class=\"list-377408\" width=\"20px\" height=\"20px\" viewbox=\"0 0 24 24\" fill=\"none\"><path d=\"M6 6H4v2h2V6zm14 0H8v2h12V6zM4 11h2v2H4v-2zm16 0H8v2h12v-2zM4 16h2v2H4v-2zm16 0H8v2h12v-2z\" fill=\"currentColor\"><\/path><\/svg><svg style=\"fill: #999;color:#999\" class=\"arrow-unsorted-368013\" xmlns=\"http:\/\/www.w3.org\/2000\/svg\" width=\"10px\" height=\"10px\" viewbox=\"0 0 24 24\" version=\"1.2\" baseprofile=\"tiny\"><path d=\"M18.2 9.3l-6.2-6.3-6.2 6.3c-.2.2-.3.4-.3.7s.1.5.3.7c.2.2.4.3.7.3h11c.3 0 .5-.1.7-.3.2-.2.3-.5.3-.7s-.1-.5-.3-.7zM5.8 14.7l6.2 6.3 6.2-6.3c.2-.2.3-.5.3-.7s-.1-.5-.3-.7c-.2-.2-.4-.3-.7-.3h-11c-.3 0-.5.1-.7.3-.2.2-.3.5-.3.7s.1.5.3.7z\"\/><\/svg><\/span><\/span><\/span><\/a><\/span><\/div>\n<nav><ul class='ez-toc-list ez-toc-list-level-1 ez-toc-columns-2' ><li class='ez-toc-page-1 ez-toc-heading-level-1'><a class=\"ez-toc-link ez-toc-heading-1\" href=\"https:\/\/les-atypiques-chalets.com\/de\/chalet-jacuzzi-gerardmer-vosges\/#Chalet_ASLAN_%E2%80%93_jacuzzi_sauna_privatifs_pres_de_Gerardmer\" >Chalet ASLAN \u2013 private Whirlpool &amp; Sauna in der N\u00e4he von G\u00e9rardmer<\/a><ul class='ez-toc-list-level-2' ><li class='ez-toc-heading-level-2'><a class=\"ez-toc-link ez-toc-heading-2\" href=\"https:\/\/les-atypiques-chalets.com\/de\/chalet-jacuzzi-gerardmer-vosges\/#Chalet_avec_spa_prive_dans_les_Vosges_%E2%80%93_2_chambres_jusqua_5_personnes\" >Chalet mit privatem Spa in den Vogesen \u2013 2 Schlafzimmer, bis zu 5 Personen<\/a><\/li><li class='ez-toc-page-1 ez-toc-heading-level-2'><a class=\"ez-toc-link ez-toc-heading-3\" href=\"https:\/\/les-atypiques-chalets.com\/de\/chalet-jacuzzi-gerardmer-vosges\/#Un_chalet_jacuzzi_Gerardmer_A-Frame_pour_5_personnes\" >Jacuzzi-Blockhaus G\u00e9rardmer\nA-Frame f\u00fcr 5 Personen<\/a><ul class='ez-toc-list-level-3' ><li class='ez-toc-heading-level-3'><a class=\"ez-toc-link ez-toc-heading-4\" href=\"https:\/\/les-atypiques-chalets.com\/de\/chalet-jacuzzi-gerardmer-vosges\/#Informations_sur_le_Chalet\" >Informationen \u00fcber das Chalet<\/a><ul class='ez-toc-list-level-4' ><li class='ez-toc-heading-level-4'><a class=\"ez-toc-link ez-toc-heading-5\" href=\"https:\/\/les-atypiques-chalets.com\/de\/chalet-jacuzzi-gerardmer-vosges\/#Logement\" >Unterkunft<\/a><\/li><\/ul><\/li><li class='ez-toc-page-1 ez-toc-heading-level-3'><a class=\"ez-toc-link ez-toc-heading-6\" href=\"https:\/\/les-atypiques-chalets.com\/de\/chalet-jacuzzi-gerardmer-vosges\/#Pieces_de_vie_chambres\" >Wohnbereiche &amp; Schlafzimmer<\/a><ul class='ez-toc-list-level-4' ><li class='ez-toc-heading-level-4'><a class=\"ez-toc-link ez-toc-heading-7\" href=\"https:\/\/les-atypiques-chalets.com\/de\/chalet-jacuzzi-gerardmer-vosges\/#Exterieur\" >Extern<\/a><\/li><\/ul><\/li><li class='ez-toc-page-1 ez-toc-heading-level-3'><a class=\"ez-toc-link ez-toc-heading-8\" href=\"https:\/\/les-atypiques-chalets.com\/de\/chalet-jacuzzi-gerardmer-vosges\/#Exterieurs_spa_prive\" >Au\u00dfenbereiche &amp; privater Spa<\/a><ul class='ez-toc-list-level-4' ><li class='ez-toc-heading-level-4'><a class=\"ez-toc-link ez-toc-heading-9\" href=\"https:\/\/les-atypiques-chalets.com\/de\/chalet-jacuzzi-gerardmer-vosges\/#Options_comprises\" >Optionen umfassen:<\/a><\/li><\/ul><\/li><li class='ez-toc-page-1 ez-toc-heading-level-3'><a class=\"ez-toc-link ez-toc-heading-10\" href=\"https:\/\/les-atypiques-chalets.com\/de\/chalet-jacuzzi-gerardmer-vosges\/#Options_comprises_dans_votre_sejour\" >In Ihrem Aufenthalt enthaltene Optionen<\/a><ul class='ez-toc-list-level-4' ><li class='ez-toc-heading-level-4'><a class=\"ez-toc-link ez-toc-heading-11\" href=\"https:\/\/les-atypiques-chalets.com\/de\/chalet-jacuzzi-gerardmer-vosges\/#Options_non_comprises\" >Optionen nicht verstanden:<\/a><\/li><\/ul><\/li><li class='ez-toc-page-1 ez-toc-heading-level-3'><a class=\"ez-toc-link ez-toc-heading-12\" href=\"https:\/\/les-atypiques-chalets.com\/de\/chalet-jacuzzi-gerardmer-vosges\/#Options_en_supplement\" >Optionen inbegriffen<\/a><ul class='ez-toc-list-level-4' ><li class='ez-toc-heading-level-4'><a class=\"ez-toc-link ez-toc-heading-13\" href=\"https:\/\/les-atypiques-chalets.com\/de\/chalet-jacuzzi-gerardmer-vosges\/#Caution\" >Vorsicht<\/a><\/li><\/ul><\/li><li class='ez-toc-page-1 ez-toc-heading-level-3'><a class=\"ez-toc-link ez-toc-heading-14\" href=\"https:\/\/les-atypiques-chalets.com\/de\/chalet-jacuzzi-gerardmer-vosges\/#Caution_modalites_de_paiement\" >Vorsicht &amp; Zahlungsmodalit\u00e4ten<\/a><ul class='ez-toc-list-level-4' ><li class='ez-toc-heading-level-4'><a class=\"ez-toc-link ez-toc-heading-15\" href=\"https:\/\/les-atypiques-chalets.com\/de\/chalet-jacuzzi-gerardmer-vosges\/#Pourquoi_choisir_notre_chalet_jacuzzi_Gerardmer_ASLAN\" >Warum sollten Sie sich f\u00fcr unser Jacuzzi-Chalet G\u00e9rardmer ASLAN entscheiden?<\/a><\/li><\/ul><\/li><li class='ez-toc-page-1 ez-toc-heading-level-3'><a class=\"ez-toc-link ez-toc-heading-16\" href=\"https:\/\/les-atypiques-chalets.com\/de\/chalet-jacuzzi-gerardmer-vosges\/#Reservez_vite_votre_chalet_ASLAN\" >Buchen Sie schnell Ihr Chalet ASLAN<\/a><\/li><\/ul><\/li><\/ul><\/li><\/ul><\/nav><\/div>\n\n<h2 style=\"color: #683c16;\" data-rm-block-id=\"block-2\"><span class=\"ez-toc-section\" id=\"Chalet_avec_spa_prive_dans_les_Vosges_%E2%80%93_2_chambres_jusqua_5_personnes\"><\/span>Chalet mit privatem Spa in den Vogesen \u2013 2 Schlafzimmer, bis zu 5 Personen<span class=\"ez-toc-section-end\"><\/span><\/h2>\n<h2 style=\"color: #683c16;\" data-rm-block-id=\"block-3\"><\/h2>\n<p data-rm-block-id=\"block-4\">Unser Jacuzzi-Chalet G\u00e9rardmer ASLAN, nur 10 km von G\u00e9rardmer entfernt, ist ein gem\u00fctliches 65 m\u00b2 gro\u00dfes A-Frame-Ferienhaus mit privatem Spa und Sauna, ideal f\u00fcr einen Wellness-Aufenthalt zu zweit, mit der Familie (5 Personen) oder mit Freunden in den Vogesen.<\/p>\n<div style=\"all: initial !important;\" data-rm-block-id=\"block-5\"><\/div>\n\n\t\t<\/div>\n\t<\/div>\n<\/div><\/div><\/div><div class=\"wpb_column vc_column_container vc_col-sm-4\"><div class=\"vc_column-inner\"><div class=\"wpb_wrapper\">\n\t<div  class=\"wpb_single_image wpb_content_element vc_align_left wpb_content_element\">\n\t\t\n\t\t<figure class=\"wpb_wrapper vc_figure\">\n\t\t\t<a href=\"https:\/\/www.google.com\/search?q=les+atypiques+chalets&#038;rlz=1C5CHFA_enFR894FR894&#038;oq=les+atypiques+chalet&#038;gs_lcrp=EgZjaHJvbWUqDggAEEUYJxg7GIAEGIoFMg4IABBFGCcYOxiABBiKBTINCAEQLhivARjHARiABDIGCAIQRRhAMgYIAxAjGCcyCAgEEAAYFhgeMgYIBRBFGDwyBggGEEUYPDIGCAcQRRg80gEINDQ0NGowajeoAgCwAgA&#038;sourceid=chrome&#038;ie=UTF-8\" target=\"_blank\" class=\"vc_single_image-wrapper   vc_box_border_grey\" rel=\"nofollow noopener\"><img decoding=\"async\" width=\"300\" height=\"144\" src=\"https:\/\/les-atypiques-chalets.com\/wp-content\/uploads\/2024\/03\/avis-google-300x144.webp\" class=\"vc_single_image-img attachment-medium\" alt=\"\" title=\"Google-Bewertung\" srcset=\"https:\/\/les-atypiques-chalets.com\/wp-content\/uploads\/2024\/03\/avis-google-300x144.webp 300w, https:\/\/les-atypiques-chalets.com\/wp-content\/uploads\/2024\/03\/avis-google-100x48.webp 100w, https:\/\/les-atypiques-chalets.com\/wp-content\/uploads\/2024\/03\/avis-google.webp 324w\" sizes=\"(max-width: 300px) 100vw, 300px\" \/><\/a>\n\t\t<\/figure>\n\t<\/div>\n<\/div><\/div><\/div><\/div><div class=\"vc_row wpb_row vc_row-fluid\"><div class=\"wpb_column vc_column_container vc_col-sm-12\"><div class=\"vc_column-inner\"><div class=\"wpb_wrapper\"><div class=\"vc_separator wpb_content_element vc_separator_align_center vc_sep_width_100 vc_sep_pos_align_center vc_separator_no_text vc_sep_color_grey wpb_content_element  wpb_content_element\" ><span class=\"vc_sep_holder vc_sep_holder_l\"><span class=\"vc_sep_line\"><\/span><\/span><span class=\"vc_sep_holder vc_sep_holder_r\"><span class=\"vc_sep_line\"><\/span><\/span>\n<\/div>\n\t<div  class=\"wpb_single_image wpb_content_element vc_align_center wpb_content_element\">\n\t\t\n\t\t<figure class=\"wpb_wrapper vc_figure\">\n\t\t\t<div class=\"vc_single_image-wrapper   vc_box_border_grey\"><img decoding=\"async\" class=\"vc_single_image-img\" src=\"https:\/\/les-atypiques-chalets.com\/wp-content\/uploads\/2025\/09\/salon-aslan-09-L-533x900.webp\" width=\"533\" height=\"900\" alt=\"Einzigartiger Chalet-Salon mit Einbauk\u00fcche, Essbereich und Holzmezzanin.\" title=\"Salon Chalet Aslan\" \/><\/div>\n\t\t<\/figure>\n\t<\/div>\n\n\t<div class=\"wpb_text_column wpb_content_element\" >\n\t\t<div class=\"wpb_wrapper\">\n\t\t\t<h2 style=\"color: #683c16; text-align: left;\" data-rm-block-id=\"block-7\"><span class=\"ez-toc-section\" id=\"Un_chalet_jacuzzi_Gerardmer_A-Frame_pour_5_personnes\"><\/span>Ein Chalet mit Jacuzzi in G\u00e9rardmer<br \/>\nA-Frame f\u00fcr 5 Personen<span class=\"ez-toc-section-end\"><\/span><\/h2>\n<p data-rm-block-id=\"block-8\">Konzipiert f\u00fcr Familienaufenthalte oder Ausfl\u00fcge mit Freunden, ist diese Whirlpool-H\u00fctte in G\u00e9rardmer f\u00fcr 5 Personen Teil unserer Grand Chalets und <strong>bietet bequem Platz f\u00fcr bis zu 5 Personen<\/strong>.<\/p>\n<p>Unser Chalet mit Whirlpool in G\u00e9rardmer bietet eine optimale Ausstattung f\u00fcr bis zu 5 Personen.<\/p>\n<p data-rm-block-id=\"block-9\"><strong>Konfiguration der Schlafm\u00f6glichkeiten:<\/strong><br \/>\n\u2013 Im Erdgeschoss: 1 Schlafzimmer mit einem 140 x 190 cm gro\u00dfen Bett.<br \/>\n\u2013 Im Zwischengeschoss: 1 Bett 140 x 190 cm und 1 Bett 90 x 190 cm.<\/p>\n<p data-rm-block-id=\"block-10\">Der gro\u00dfz\u00fcgige Platz in dieser Whirlpool-H\u00fctte in G\u00e9rardmer erm\u00f6glicht es jedem, seinen eigenen Bereich zu finden und dennoch eine gesellige Atmosph\u00e4re zu bewahren. Das komplett aus Holz gefertigte Kanzel-Wohnzimmer vermittelt ein echtes Kokon-Gef\u00fchl mitten in den Vogesen.<br \/>\nIhr Chalet mit Jacuzzi G\u00e9rardmer ASLAN wird nach einem Tag am See oder auf den Skipisten zu einer warmen Zuflucht.<\/p>\n<p data-rm-block-id=\"block-11\"><strong>Das Beste unseres Chalets mit Jacuzzi in G\u00e9rardmer<\/strong> : <strong>ein wundersch\u00f6nes nordisches Bad mit privater Whirlpool-Funktion<\/strong> Ich warte auf dich auf der Terrasse, <strong>so wie eine ebenso atypische Sauna<\/strong><a href=\"https:\/\/les-atypiques-chalets.com\/de\/location-proche-lac-gerardmer-decouvrez-les-atypiques-chalets-pour-un-sejour-inoubliable\/\" data-wpil-monitor-id=\"2711\"> was f\u00fcr Chalets<\/a>, verf\u00fcgbar zur gemeinsamen Nutzung oder zur Privatisierung (Option bei der Buchung auszuw\u00e4hlen).<\/p>\n<p data-rm-block-id=\"block-12\"><strong>Was <a href=\"https:\/\/les-atypiques-chalets.com\/de\/chalet-jacuzzi-privatif-gerardmer\/\" data-wpil-monitor-id=\"2713\">Chalet Jacuzzi G\u00e9rardmer<\/a> 5 Personen<\/strong> bietet viel <strong>Wohnraum Kathedrale<\/strong>, ganz offen zum Wald hin, <strong>f\u00fcr einen echten Holzkokon im Herzen der Vogesen<\/strong>. <strong>Die A-Frame-Architektur<\/strong> einzigartig und die Ausr\u00fcstung <a href=\"https:\/\/les-atypiques-chalets.com\/de\/week-end-spa-dans-un-chalet-avec-bain-nordique-privatif-dans-les-vosges\/\" data-wpil-monitor-id=\"2714\">private spas machen dieses Chalet<\/a> die ideale Unterkunft f\u00fcr Ihren Wellnessurlaub.<\/p>\n<div style=\"all: initial !important;\" data-rm-block-id=\"block-13\"><\/div>\n<div style=\"all: initial !important;\" data-rm-block-id=\"block-14\"><\/div>\n<div style=\"all: initial !important;\" data-rm-block-id=\"block-15\"><\/div>\n\n\t\t<\/div>\n\t<\/div>\n<\/div><\/div><\/div><\/div><div class=\"vc_row wpb_row vc_row-fluid\"><div class=\"wpb_column vc_column_container vc_col-sm-12\"><div class=\"vc_column-inner\"><div class=\"wpb_wrapper\">\n<div class=\"vc_grid-container-wrapper vc_clearfix vc_grid-animation-fadeIn\">\n\t<div class=\"vc_grid-container vc_clearfix wpb_content_element vc_media_grid\" data-initial-loading-animation=\"fadeIn\" data-vc-grid-settings=\"{&quot;page_id&quot;:10487,&quot;style&quot;:&quot;load-more&quot;,&quot;action&quot;:&quot;vc_get_vc_grid_data&quot;,&quot;shortcode_id&quot;:&quot;1774197175660-bb5cd21f-6eba-1&quot;,&quot;items_per_page&quot;:&quot;9&quot;,&quot;btn_data&quot;:{&quot;title&quot;:&quot;Plus de photos&quot;,&quot;style&quot;:&quot;flat&quot;,&quot;gradient_color_1&quot;:&quot;&quot;,&quot;gradient_color_2&quot;:&quot;&quot;,&quot;gradient_custom_color_1&quot;:&quot;&quot;,&quot;gradient_custom_color_2&quot;:&quot;&quot;,&quot;gradient_text_color&quot;:&quot;&quot;,&quot;custom_background&quot;:&quot;#ededed&quot;,&quot;custom_text&quot;:&quot;#666&quot;,&quot;outline_custom_color&quot;:&quot;#666&quot;,&quot;outline_custom_hover_background&quot;:&quot;#666&quot;,&quot;outline_custom_hover_text&quot;:&quot;#fff&quot;,&quot;shape&quot;:&quot;rounded&quot;,&quot;color&quot;:&quot;grey&quot;,&quot;size&quot;:&quot;md&quot;,&quot;align&quot;:&quot;inline&quot;,&quot;button_block&quot;:&quot;&quot;,&quot;add_icon&quot;:&quot;&quot;,&quot;i_align&quot;:&quot;left&quot;,&quot;i_type&quot;:&quot;fontawesome&quot;,&quot;i_icon_fontawesome&quot;:&quot;fas fa-adjust&quot;,&quot;i_icon_openiconic&quot;:&quot;vc-oi vc-oi-dial&quot;,&quot;i_icon_typicons&quot;:&quot;typcn typcn-adjust-brightness&quot;,&quot;i_icon_entypo&quot;:&quot;entypo-icon entypo-icon-note&quot;,&quot;i_icon_linecons&quot;:&quot;vc_li vc_li-heart&quot;,&quot;i_icon_monosocial&quot;:&quot;&quot;,&quot;i_icon_material&quot;:&quot;&quot;,&quot;i_icon_pixelicons&quot;:&quot;vc_pixel_icon vc_pixel_icon-alert&quot;,&quot;el_id&quot;:&quot;&quot;,&quot;custom_onclick&quot;:&quot;&quot;,&quot;custom_onclick_code&quot;:&quot;&quot;},&quot;tag&quot;:&quot;vc_media_grid&quot;}\" data-vc-request=\"https:\/\/les-atypiques-chalets.com\/wp-admin\/admin-ajax.php\" data-vc-post-id=\"10487\" data-vc-public-nonce=\"a019992050\">\n\t\t\n\t<\/div>\n<\/div><\/div><\/div><\/div><\/div><div class=\"vc_row wpb_row vc_row-fluid\"><div class=\"wpb_column vc_column_container vc_col-sm-12\"><div class=\"vc_column-inner\"><div class=\"wpb_wrapper\"><div class=\"vc_separator wpb_content_element vc_separator_align_center vc_sep_width_100 vc_sep_pos_align_center vc_separator_no_text vc_sep_color_grey wpb_content_element  wpb_content_element\" ><span class=\"vc_sep_holder vc_sep_holder_l\"><span class=\"vc_sep_line\"><\/span><\/span><span class=\"vc_sep_holder vc_sep_holder_r\"><span class=\"vc_sep_line\"><\/span><\/span>\n<\/div><\/div><\/div><\/div><\/div><div class=\"vc_row wpb_row vc_row-fluid\"><div class=\"wpb_column vc_column_container vc_col-sm-3\"><div class=\"vc_column-inner\"><div class=\"wpb_wrapper\"><section class=\"sohohotel-icon-text-wrapper-2 sohohotel-clearfix\"><div class=\"sohohotel-icon-text-block sohohotel-clearfix\">\n\t\t<div class=\"sohohotel-icon\"><i class=\"fas fa-hot-tub\"><\/i><\/div>\n\t\t<div class=\"sohohotel-text\">\n\t\t\t<h4><\/h4>\n\t\t\t<p><\/p>\n\t\t<\/div>\n\t\t<\/div><\/section>\n\t<div class=\"wpb_text_column wpb_content_element\" >\n\t\t<div class=\"wpb_wrapper\">\n\t\t\t<p><strong><a href=\"https:\/\/les-atypiques-chalets.com\/de\/\" data-wpil-monitor-id=\"2619\">Nordische Badewanne<\/a> privat<\/strong><br \/>\nHolz-Au\u00dfenwhirlpool<\/p>\n\n\t\t<\/div>\n\t<\/div>\n<\/div><\/div><\/div><div class=\"wpb_column vc_column_container vc_col-sm-3\"><div class=\"vc_column-inner\"><div class=\"wpb_wrapper\"><section class=\"sohohotel-icon-text-wrapper-2 sohohotel-clearfix\"><div class=\"sohohotel-icon-text-block sohohotel-clearfix\">\n\t\t<div class=\"sohohotel-icon\"><i class=\"fas fas fa-bed\"><\/i><\/div>\n\t\t<div class=\"sohohotel-text\">\n\t\t\t<h4><\/h4>\n\t\t\t<p><\/p>\n\t\t<\/div>\n\t\t<\/div><\/section>\n\t<div class=\"wpb_text_column wpb_content_element\" >\n\t\t<div class=\"wpb_wrapper\">\n\t\t\t<p>\n<strong>Schlafpl\u00e4tze<\/strong><br \/>\n2 Betten <a href=\"https:\/\/les-atypiques-chalets.com\/de\/romantisches-wochenende-im-chalet-fur-2-personen-in-den-vogesen-ein-unvergesslicher-kurzurlaub\/\" data-wpil-monitor-id=\"2625\">2 Personen<\/a><br \/>\n1 Liter 1 Person<\/p>\n\n\t\t<\/div>\n\t<\/div>\n<\/div><\/div><\/div><div class=\"wpb_column vc_column_container vc_col-sm-3\"><div class=\"vc_column-inner\"><div class=\"wpb_wrapper\"><section class=\"sohohotel-icon-text-wrapper-2 sohohotel-clearfix\"><div class=\"sohohotel-icon-text-block sohohotel-clearfix\">\n\t\t<div class=\"sohohotel-icon\"><i class=\"fas fas fa-wifi\"><\/i><\/div>\n\t\t<div class=\"sohohotel-text\">\n\t\t\t<h4><\/h4>\n\t\t\t<p><\/p>\n\t\t<\/div>\n\t\t<\/div><\/section>\n\t<div class=\"wpb_text_column wpb_content_element\" >\n\t\t<div class=\"wpb_wrapper\">\n\t\t\t<p>\n<strong><a href=\"https:\/\/les-atypiques-chalets.com\/de\/chalet-mit-jacuzzi-fur-4-personen-in-gerardmer\/\" data-wpil-monitor-id=\"2404\">WLAN mit hoher Bandbreite<\/a><\/strong><br \/>\nKostenlose Glasfaserverbindung<\/p>\n\n\t\t<\/div>\n\t<\/div>\n<\/div><\/div><\/div><div class=\"wpb_column vc_column_container vc_col-sm-3\"><div class=\"vc_column-inner\"><div class=\"wpb_wrapper\"><section class=\"sohohotel-icon-text-wrapper-2 sohohotel-clearfix\"><div class=\"sohohotel-icon-text-block sohohotel-clearfix\">\n\t\t<div class=\"sohohotel-icon\"><i class=\"fas fas fa-parking\"><\/i><\/div>\n\t\t<div class=\"sohohotel-text\">\n\t\t\t<h4><\/h4>\n\t\t\t<p><\/p>\n\t\t<\/div>\n\t\t<\/div><\/section>\n\t<div class=\"wpb_text_column wpb_content_element\" >\n\t\t<div class=\"wpb_wrapper\">\n\t\t\t<p>\n<strong>Gro\u00dfer privater Parkplatz<\/strong><br \/>\nKostenlose Parkpl\u00e4tze vor Ort<\/p>\n\n\t\t<\/div>\n\t<\/div>\n<\/div><\/div><\/div><\/div><div class=\"vc_row wpb_row vc_row-fluid\"><div class=\"wpb_column vc_column_container vc_col-sm-12\"><div class=\"vc_column-inner\"><div class=\"wpb_wrapper\"><div class=\"vc_separator wpb_content_element vc_separator_align_center vc_sep_width_100 vc_sep_pos_align_center vc_separator_no_text vc_sep_color_grey wpb_content_element  wpb_content_element\" ><span class=\"vc_sep_holder vc_sep_holder_l\"><span class=\"vc_sep_line\"><\/span><\/span><span class=\"vc_sep_holder vc_sep_holder_r\"><span class=\"vc_sep_line\"><\/span><\/span>\n<\/div><\/div><\/div><\/div><\/div><div class=\"vc_row wpb_row vc_row-fluid\"><div class=\"wpb_column vc_column_container vc_col-sm-3\"><div class=\"vc_column-inner\"><div class=\"wpb_wrapper\"><section class=\"sohohotel-icon-text-wrapper-2 sohohotel-clearfix\"><div class=\"sohohotel-icon-text-block sohohotel-clearfix\">\n\t\t<div class=\"sohohotel-icon\"><i class=\"fas fas fa-spa\"><\/i><\/div>\n\t\t<div class=\"sohohotel-text\">\n\t\t\t<h4><\/h4>\n\t\t\t<p><\/p>\n\t\t<\/div>\n\t\t<\/div><\/section>\n\t<div class=\"wpb_text_column wpb_content_element\" >\n\t\t<div class=\"wpb_wrapper\">\n\t\t\t<p>\n<strong>Literatur<\/strong><br \/>\nBettw\u00e4sche- &amp; Handtuchverleih (optional)<\/p>\n\n\t\t<\/div>\n\t<\/div>\n<\/div><\/div><\/div><div class=\"wpb_column vc_column_container vc_col-sm-3\"><div class=\"vc_column-inner\"><div class=\"wpb_wrapper\"><section class=\"sohohotel-icon-text-wrapper-2 sohohotel-clearfix\"><div class=\"sohohotel-icon-text-block sohohotel-clearfix\">\n\t\t<div class=\"sohohotel-icon\"><i class=\"fas fas fa-dog\"><\/i><\/div>\n\t\t<div class=\"sohohotel-text\">\n\t\t\t<h4><\/h4>\n\t\t\t<p><\/p>\n\t\t<\/div>\n\t\t<\/div><\/section>\n\t<div class=\"wpb_text_column wpb_content_element\" >\n\t\t<div class=\"wpb_wrapper\">\n\t\t\t<p><strong>Tiere erlaubt<\/strong><br \/>\n20 \u20ac\/Tag (nicht eingez\u00e4unter Stellplatz)<\/p>\n\n\t\t<\/div>\n\t<\/div>\n<\/div><\/div><\/div><div class=\"wpb_column vc_column_container vc_col-sm-3\"><div class=\"vc_column-inner\"><div class=\"wpb_wrapper\"><section class=\"sohohotel-icon-text-wrapper-2 sohohotel-clearfix\"><div class=\"sohohotel-icon-text-block sohohotel-clearfix\">\n\t\t<div class=\"sohohotel-icon\"><i class=\"fas fas fa-hamburger\"><\/i><\/div>\n\t\t<div class=\"sohohotel-text\">\n\t\t\t<h4><\/h4>\n\t\t\t<p><\/p>\n\t\t<\/div>\n\t\t<\/div><\/section>\n\t<div class=\"wpb_text_column wpb_content_element\" >\n\t\t<div class=\"wpb_wrapper\">\n\t\t\t<p>\n<strong>K\u00f6rbe und Plancha<\/strong><br \/>\nGef\u00fcllte K\u00f6rbe oder Plancha (Option)<\/p>\n\n\t\t<\/div>\n\t<\/div>\n<\/div><\/div><\/div><div class=\"wpb_column vc_column_container vc_col-sm-3\"><div class=\"vc_column-inner\"><div class=\"wpb_wrapper\"><section class=\"sohohotel-icon-text-wrapper-2 sohohotel-clearfix\"><div class=\"sohohotel-icon-text-block sohohotel-clearfix\">\n\t\t<div class=\"sohohotel-icon\"><i class=\"fas fa-smoking-ban\"><\/i><\/div>\n\t\t<div class=\"sohohotel-text\">\n\t\t\t<h4><\/h4>\n\t\t\t<p><\/p>\n\t\t<\/div>\n\t\t<\/div><\/section>\n\t<div class=\"wpb_text_column wpb_content_element\" >\n\t\t<div class=\"wpb_wrapper\">\n\t\t\t<p>\n<strong>Nichtraucher<\/strong><br \/>\nChalet 100% Nichtraucher<\/p>\n\n\t\t<\/div>\n\t<\/div>\n<\/div><\/div><\/div><\/div><div class=\"vc_row wpb_row vc_row-fluid\"><div class=\"wpb_column vc_column_container vc_col-sm-12\"><div class=\"vc_column-inner\"><div class=\"wpb_wrapper\"><div class=\"vc_btn3-container vc_btn3-center vc_do_btn\" ><a class=\"vc_general vc_btn3 vc_btn3-size-lg vc_btn3-shape-rounded vc_btn3-style-modern vc_btn3-color-success\" href=\"https:\/\/les-atypiques-chalets.com\/de\/meilleurs-restaurants-gerardmer-tour-culinaire\/\" title=\"Die 20 besten Restaurants in G\u00e9rardmer: unsere lokale kulinarische Tour\">\u201cUnsere Chalets liegen nur wenige Minuten von den besten Restaurants von G\u00e9rardmer entfernt\u201d<\/a><\/div><\/div><\/div><\/div><\/div><div class=\"vc_row wpb_row vc_row-fluid\"><div class=\"wpb_column vc_column_container vc_col-sm-12\"><div class=\"vc_column-inner\"><div class=\"wpb_wrapper\"><div class=\"vc_separator wpb_content_element vc_separator_align_center vc_sep_width_100 vc_sep_pos_align_center vc_separator_no_text vc_sep_color_grey wpb_content_element  wpb_content_element\" ><span class=\"vc_sep_holder vc_sep_holder_l\"><span class=\"vc_sep_line\"><\/span><\/span><span class=\"vc_sep_holder vc_sep_holder_r\"><span class=\"vc_sep_line\"><\/span><\/span>\n<\/div><h3 class=\"sohohotel-title-20px sohohotel-clearfix sohohotel-title-left\"><span class=\"ez-toc-section\" id=\"Informations_sur_le_Chalet\"><\/span>Informationen \u00fcber das Chalet<span class=\"ez-toc-section-end\"><\/span><\/h3><div class=\"vc_tta-container\" data-vc-action=\"collapse\"><div class=\"vc_general vc_tta vc_tta-accordion vc_tta-color-grey vc_tta-style-classic vc_tta-shape-rounded vc_tta-o-shape-group vc_tta-controls-align-default\"><div class=\"vc_tta-panels-container\"><div class=\"vc_tta-panels\"><div class=\"vc_tta-panel vc_active\" id=\"1726149321881-9d5a4b12-e0ce\" data-vc-content=\".vc_tta-panel-body\"><div class=\"vc_tta-panel-heading\"><h4 class=\"vc_tta-panel-title vc_tta-controls-icon-position-left\"><span class=\"ez-toc-section\" id=\"Logement\"><\/span><a href=\"#1726149321881-9d5a4b12-e0ce\" data-vc-accordion data-vc-container=\".vc_tta-container\"><span class=\"vc_tta-title-text\">Unterkunft<\/span><i class=\"vc_tta-controls-icon vc_tta-controls-icon-plus\"><\/i><\/a><span class=\"ez-toc-section-end\"><\/span><\/h4><\/div><div class=\"vc_tta-panel-body\">\n\t<div class=\"wpb_text_column wpb_content_element\" >\n\t\t<div class=\"wpb_wrapper\">\n\t\t\t<h3 style=\"color: #683c16;\" data-rm-block-id=\"block-17\"><span class=\"ez-toc-section\" id=\"Pieces_de_vie_chambres\"><\/span>Wohnbereiche &amp; Schlafzimmer<span class=\"ez-toc-section-end\"><\/span><\/h3>\n<ul>\n<li data-rm-block-id=\"block-18\">Strahlender, offener Wohnraum aus edlem Holz, inklusive K\u00fcche, Essbereich und Wohnzimmer.<\/li>\n<li data-rm-block-id=\"block-19\"><strong><a href=\"https:\/\/les-atypiques-chalets.com\/de\/chalet-fur-6-personen-gerardmer\/\" data-wpil-monitor-id=\"2616\">Einbauk\u00fcche<\/a><\/strong> : Dolce Gusto Kaffeemaschine, Wasserkocher, Toaster, Geschirr und Besteck, Sp\u00fclmaschine, Mikrowelle, Umluftbackofen, Induktionskochfeld, K\u00fchlschrank mit Gefrierfach, Racletteger\u00e4t.<\/li>\n<li data-rm-block-id=\"block-20\"><strong>Esszimmer<\/strong> : sch\u00f6ner Tisch und 6 bequeme, drehbare St\u00fchle.<\/li>\n<li data-rm-block-id=\"block-21\"><strong>Fris\u00f6r<\/strong> : 4\/5-Sitzer-Sofa, Hocker, Couchtische, WLAN (Glasfaseranschluss), Alexa, Flachbildfernseher.<\/li>\n<li data-rm-block-id=\"block-22\"><strong>Zimmer 1<\/strong> im Erdgeschoss mit Kleiderschrank, Bett 140\/190 cm und elektrischem Rollladen.<\/li>\n<li data-rm-block-id=\"block-23\"><strong>Zimmer 2<\/strong> im Zwischengeschoss mit Holzgel\u00e4nder, Stauraum, 1 Bett 140\/190 cm und 1 Bett 90 x 140 cm, mit Blick auf den Wald.<\/li>\n<li data-rm-block-id=\"block-24\"><strong>Badezimmer<\/strong> : Gro\u00dfe, ebenerdige Dusche, Waschtischunterschrank, Spiegel, Haartrockner und Toilette.<\/li>\n<\/ul>\n<p data-rm-block-id=\"block-25\">\n\n\t\t<\/div>\n\t<\/div>\n<\/div><\/div><div class=\"vc_tta-panel\" id=\"1726151121719-b1c23845-1505\" data-vc-content=\".vc_tta-panel-body\"><div class=\"vc_tta-panel-heading\"><h4 class=\"vc_tta-panel-title vc_tta-controls-icon-position-left\"><span class=\"ez-toc-section\" id=\"Exterieur\"><\/span><a href=\"#1726151121719-b1c23845-1505\" data-vc-accordion data-vc-container=\".vc_tta-container\"><span class=\"vc_tta-title-text\">Extern<\/span><i class=\"vc_tta-controls-icon vc_tta-controls-icon-plus\"><\/i><\/a><span class=\"ez-toc-section-end\"><\/span><\/h4><\/div><div class=\"vc_tta-panel-body\">\n\t<div class=\"wpb_text_column wpb_content_element\" >\n\t\t<div class=\"wpb_wrapper\">\n\t\t\t<h3 style=\"color: #683c16;\" data-rm-block-id=\"block-26\"><span class=\"ez-toc-section\" id=\"Exterieurs_spa_prive\"><\/span>Au\u00dfenbereiche &amp; privater Spa<span class=\"ez-toc-section-end\"><\/span><\/h3>\n<ul>\n<li data-rm-block-id=\"block-27\"><strong>Gel\u00e4nde<\/strong> : 3000 m\u00b2 private Fl\u00e4che zur gemeinsamen Nutzung mit 2 anderen Chalets.<\/li>\n<li data-rm-block-id=\"block-28\"><strong><a href=\"https:\/\/les-atypiques-chalets.com\/de\/nordische-bader-gerardmer\/\" data-wpil-monitor-id=\"2486\">Privat-Badeofen<\/a> (am Wald)<\/strong> : 4\/5 Pl\u00e4tze, ganzj\u00e4hrig zug\u00e4nglich.<\/li>\n<li data-rm-block-id=\"block-29\"><strong>Terrasse<\/strong> Tisch mit 4 St\u00fchlen, 1 Liegestuhl, Holzkohlegrill, Sonnenschirm.<\/li>\n<li data-rm-block-id=\"block-30\"><a href=\"https:\/\/les-atypiques-chalets.com\/de\/chalet-mit-privatem-sauna\/\" data-wpil-monitor-id=\"2716\">Gemeinschaftssauna oder zur Privatisierung<\/a> (private Pacht zus\u00e4tzlich): 6\/8 Pl\u00e4tze, ganzj\u00e4hrig nutzbar.<\/li>\n<li data-rm-block-id=\"block-31\"><strong>Anbau \/ Garage<\/strong> DE 25 m\u00b2: zur Aufbewahrung von Fahrr\u00e4dern und Skiern.<\/li>\n<\/ul>\n<p data-rm-block-id=\"block-32\">\n\n\t\t<\/div>\n\t<\/div>\n<\/div><\/div><div class=\"vc_tta-panel\" id=\"1726150302049-adf2cf89-6823\" data-vc-content=\".vc_tta-panel-body\"><div class=\"vc_tta-panel-heading\"><h4 class=\"vc_tta-panel-title vc_tta-controls-icon-position-left\"><span class=\"ez-toc-section\" id=\"Options_comprises\"><\/span><a href=\"#1726150302049-adf2cf89-6823\" data-vc-accordion data-vc-container=\".vc_tta-container\"><span class=\"vc_tta-title-text\">Optionen umfassen:<\/span><i class=\"vc_tta-controls-icon vc_tta-controls-icon-plus\"><\/i><\/a><span class=\"ez-toc-section-end\"><\/span><\/h4><\/div><div class=\"vc_tta-panel-body\">\n\t<div class=\"wpb_text_column wpb_content_element\" >\n\t\t<div class=\"wpb_wrapper\">\n\t\t\t<h3 style=\"color: #683c16;\" data-rm-block-id=\"block-33\"><span class=\"ez-toc-section\" id=\"Options_comprises_dans_votre_sejour\"><\/span>In Ihrem Aufenthalt enthaltene Optionen<span class=\"ez-toc-section-end\"><\/span><\/h3>\n<ul>\n<li data-rm-block-id=\"block-34\"><a href=\"https:\/\/les-atypiques-chalets.com\/de\/chalet-a-gerardmer\/\" data-wpil-monitor-id=\"2620\">Private Nordische Badewanne<\/a>.<\/li>\n<li data-rm-block-id=\"block-35\">Gemeinschaftssauna (Private Nutzung gegen Aufpreis).<\/li>\n<li data-rm-block-id=\"block-36\">Jungen und <a href=\"https:\/\/les-atypiques-chalets.com\/de\/tarif\/aslan\/\" data-wpil-monitor-id=\"2618\">Z\u00fcndsatz<\/a> (Papier, Pappe, Kleinholz) f\u00fcr 3 Tage.<\/li>\n<li data-rm-block-id=\"block-37\">Stromkosten inklusive (32 kWh\/Tag) und Wasserkosten (380 Liter\/Tag). Jeglicher Mehrverbrauch wird in Rechnung gestellt.<\/li>\n<li data-rm-block-id=\"block-38\">Internet WIFI (Kasten-Glasfaser).<\/li>\n<\/ul>\n<p data-rm-block-id=\"block-39\">\n\n\t\t<\/div>\n\t<\/div>\n<\/div><\/div><div class=\"vc_tta-panel\" id=\"1726151337067-445baa1b-295b\" data-vc-content=\".vc_tta-panel-body\"><div class=\"vc_tta-panel-heading\"><h4 class=\"vc_tta-panel-title vc_tta-controls-icon-position-left\"><span class=\"ez-toc-section\" id=\"Options_non_comprises\"><\/span><a href=\"#1726151337067-445baa1b-295b\" data-vc-accordion data-vc-container=\".vc_tta-container\"><span class=\"vc_tta-title-text\">Optionen nicht verstanden:<\/span><i class=\"vc_tta-controls-icon vc_tta-controls-icon-plus\"><\/i><\/a><span class=\"ez-toc-section-end\"><\/span><\/h4><\/div><div class=\"vc_tta-panel-body\">\n\t<div class=\"wpb_text_column wpb_content_element\" >\n\t\t<div class=\"wpb_wrapper\">\n\t\t\t<h3 style=\"color: #683c16;\" data-rm-block-id=\"block-40\"><span class=\"ez-toc-section\" id=\"Options_en_supplement\"><\/span>Optionen inbegriffen<span class=\"ez-toc-section-end\"><\/span><\/h3>\n<ul>\n<li data-rm-block-id=\"block-41\"><a href=\"https:\/\/les-atypiques-chalets.com\/de\/les-atypiques-chalets-a-gerardmer-un-sejour-atypique-dans-les-vosges\/\" data-wpil-monitor-id=\"2617\">Tier akzeptiert<\/a> 20 \u20ac\/Tag (unbeaufter Stellplatz, nur 1 Tier pro Chalet).<\/li>\n<li data-rm-block-id=\"block-42\">Endreinigung: 75\u00a0\u20ac.<\/li>\n<li>Badet\u00fccher:\n<ul>\n<li data-rm-block-id=\"block-43\">1 gro\u00df: 7 \u20ac\/Person<\/li>\n<li data-rm-block-id=\"block-44\">1 kleines: 3 \u20ac\/Person<\/li>\n<\/ul>\n<\/li>\n<li data-rm-block-id=\"block-45\">Bettw\u00e4sche 140 x 190 (1 Spannbettlaken, 1 Bettbezug 200 x 200, 2 Kissenbez\u00fcge 60 x 60): 10 \u20ac\/Bett, Bett bei Ankunft gemacht +5 \u20ac.<\/li>\n<li data-rm-block-id=\"block-46\">Bettw\u00e4sche 90 x 190 (1 Spannbettlaken, 1 Bettbezug, 1 Kissenbezug): 8 \u20ac\/Bett, Bett bei Ankunft bezogen +3 \u20ac.<\/li>\n<li data-rm-block-id=\"block-47\">Privatisierung der Sauna: 50 \u20ac f\u00fcr einen halben Tag.<\/li>\n<li data-rm-block-id=\"block-48\">Ladestation f\u00fcr Elektrofahrzeuge: 0,30 \u20ac \/ kWh (kontaktieren Sie uns, um die Option zu aktivieren).<\/li>\n<\/ul>\n<p data-rm-block-id=\"block-49\">Sie k\u00f6nnen diese Optionen bei Ihrer Buchung ausw\u00e4hlen, wenn Sie dies w\u00fcnschen.<\/p>\n\n\t\t<\/div>\n\t<\/div>\n<\/div><\/div><div class=\"vc_tta-panel\" id=\"1741075674011-b525e4f4-a4b1\" data-vc-content=\".vc_tta-panel-body\"><div class=\"vc_tta-panel-heading\"><h4 class=\"vc_tta-panel-title vc_tta-controls-icon-position-left\"><span class=\"ez-toc-section\" id=\"Caution\"><\/span><a href=\"#1741075674011-b525e4f4-a4b1\" data-vc-accordion data-vc-container=\".vc_tta-container\"><span class=\"vc_tta-title-text\">Vorsicht<\/span><i class=\"vc_tta-controls-icon vc_tta-controls-icon-plus\"><\/i><\/a><span class=\"ez-toc-section-end\"><\/span><\/h4><\/div><div class=\"vc_tta-panel-body\">\n\t<div class=\"wpb_text_column wpb_content_element\" >\n\t\t<div class=\"wpb_wrapper\">\n\t\t\t<h3 style=\"color: #683c16;\" data-rm-block-id=\"block-50\"><span class=\"ez-toc-section\" id=\"Caution_modalites_de_paiement\"><\/span>Vorsicht &amp; Zahlungsmodalit\u00e4ten<span class=\"ez-toc-section-end\"><\/span><\/h3>\n<p data-rm-block-id=\"block-51\">Eine Kaution in H\u00f6he von 690 \u20ac ist vor Ihrer Ankunft zu hinterlegen. Diese wird Ihnen am Ende Ihres Aufenthalts zur\u00fcckerstattet, sofern keine Sch\u00e4den festgestellt werden.<\/p>\n<p data-rm-block-id=\"block-52\"><strong>M\u00f6gliche Zahlungsarten:<\/strong><\/p>\n<ul>\n<li data-rm-block-id=\"block-53\">Per Scheck an folgende Adresse:<br \/>\n<b>Lesen <a href=\"https:\/\/les-atypiques-chalets.com\/de\/sejour-romantique-a-gerardmer-avec-les-atypiques-chalets-chalets-saunas-et-bains-nordiques\/\" data-wpil-monitor-id=\"2624\">Au\u00dfergew\u00f6hnliche Chalets<\/a>, <b>12a Grangeser Stra\u00dfe, 88640 BARBEY-SEROUX<\/b><\/b><\/li>\n<li data-rm-block-id=\"block-54\">Per \u00dcberweisung (RIB):<br \/>\nIBAN: FR76 3000 4004 8800 0102 0008 359<br \/>\nBIC: BNPAFRPPXXX<\/li>\n<li data-rm-block-id=\"block-55\">Per WERO (zu aktivieren in Ihrer Banking-App) an folgende Nummer: +33 6 52 63 75 41.<\/li>\n<\/ul>\n<p data-rm-block-id=\"block-56\">\n\n\t\t<\/div>\n\t<\/div>\n<\/div><\/div><div class=\"vc_tta-panel\" id=\"1773215787838-9ed610e9-e059\" data-vc-content=\".vc_tta-panel-body\"><div class=\"vc_tta-panel-heading\"><h4 class=\"vc_tta-panel-title vc_tta-controls-icon-position-left\"><span class=\"ez-toc-section\" id=\"Pourquoi_choisir_notre_chalet_jacuzzi_Gerardmer_ASLAN\"><\/span><a href=\"#1773215787838-9ed610e9-e059\" data-vc-accordion data-vc-container=\".vc_tta-container\"><span class=\"vc_tta-title-text\">Warum sollten Sie sich f\u00fcr unser Jacuzzi-Chalet G\u00e9rardmer ASLAN entscheiden?<\/span><i class=\"vc_tta-controls-icon vc_tta-controls-icon-plus\"><\/i><\/a><span class=\"ez-toc-section-end\"><\/span><\/h4><\/div><div class=\"vc_tta-panel-body\">\n\t<div class=\"wpb_text_column wpb_content_element\" >\n\t\t<div class=\"wpb_wrapper\">\n\t\t\t<p>Unser Jacuzzi-Chalet G\u00e9rardmer f\u00fcr 5 Personen vereint das Beste der Vogesen: einzigartige A-Frame-Architektur, privater Hot Tub mit Balneotherapie, Sauna und eine ideale Lage 10 km von <a href=\"https:\/\/les-atypiques-chalets.com\/de\/week-end-en-amoureux-decouvrez-les-vosges-a-deux-dans-des-chalets-atypiques\/\" data-wpil-monitor-id=\"2712\">Lac de G\u00e9rardmer<\/a>. Egal, ob Sie f\u00fcr ein erholsames Wochenende, einen Familienurlaub oder einen Ausflug mit Freunden kommen, dieses <a href=\"https:\/\/les-atypiques-chalets.com\/de\/location-de-chalet-a-gerardmer-avec-spa-un-sejour-inoubliable-au-coeur-des-vosges\/\" data-wpil-monitor-id=\"2715\">Chalet Spa Privatif<\/a> garantiert Ihnen ganzj\u00e4hrig Komfort, Privatsph\u00e4re und Wohlbefinden.<\/p>\n\n\t\t<\/div>\n\t<\/div>\n<\/div><\/div><\/div><\/div><\/div><\/div><div class=\"vc_separator wpb_content_element vc_separator_align_center vc_sep_width_100 vc_sep_pos_align_center vc_separator_no_text vc_sep_color_grey wpb_content_element  wpb_content_element\" ><span class=\"vc_sep_holder vc_sep_holder_l\"><span class=\"vc_sep_line\"><\/span><\/span><span class=\"vc_sep_holder vc_sep_holder_r\"><span class=\"vc_sep_line\"><\/span><\/span>\n<\/div><\/div><\/div><\/div><\/div><div class=\"vc_row wpb_row vc_row-fluid\"><div class=\"wpb_column vc_column_container vc_col-sm-12\"><div class=\"vc_column-inner\"><div class=\"wpb_wrapper\"><section class=\"sohohotel-clearfix sohohotel-call-to-action-2-section\" style=\"background-image:url(https:\/\/les-atypiques-chalets.com\/wp-content\/uploads\/2024\/03\/chalet-iorik-jardin-fond.webp);\">\n\t\t\n\t\t<div class=\"sohohotel-call-to-action-overlay\"><\/div>\n\t\t\n\t\t<div class=\"sohohotel-call-to-action-2-section-inner\">\n\n\t\t\t<h3><span class=\"ez-toc-section\" id=\"Reservez_vite_votre_chalet_ASLAN\"><\/span>Buchen Sie schnell Ihr Chalet ASLAN<span class=\"ez-toc-section-end\"><\/span><\/h3>\n\t\t\t<p><br \/>\nEntdecken Sie eine <a href=\"https:\/\/les-atypiques-chalets.com\/de\/chalet-a-frame-vosges-lalliance-parfaite-entre-tradition-et-modernite\/\" data-wpil-monitor-id=\"2621\">Architektur A-Frame<\/a> bemerkenswert<br \/>\nund genie\u00dfen Sie Ihre <a href=\"https:\/\/les-atypiques-chalets.com\/de\/chalet-a-gerardmer\/\" data-wpil-monitor-id=\"2622\">Private Nordsee-Einheit<\/a> Holzheizung.<br \/>\n<\/p>\n\t\t\t<a href=\"https:\/\/les-atypiques-chalets.com\/de\/reservation\/\" class=\"sohohotel-button1\">Online-Buchung<\/a>\n\n\t\t<\/div>\n\t\t\n\t<\/section><div class=\"vc_empty_space\"   style=\"height: 32px\"><span class=\"vc_empty_space_inner\"><\/span><\/div><\/div><\/div><\/div><\/div><div class=\"vc_row wpb_row vc_row-fluid\"><div class=\"wpb_column vc_column_container vc_col-sm-12\"><div class=\"vc_column-inner\"><div class=\"wpb_wrapper\">\n\t<div class=\"wpb_text_column wpb_content_element\" >\n\t\t<div class=\"wpb_wrapper\">\n\t\t\t<div style=\"all: initial !important;\" data-rm-block-id=\"block-57\"><a href=\"https:\/\/gerardmer.net\/\" target=\"_blank\" rel=\"noopener nofollow\"><strong>\u00abFremdenverkehrsb\u00fcro von G\u00e9rardmer\u00bb<\/strong><\/a><\/div>\n<div style=\"all: initial !important;\" data-rm-block-id=\"block-58\"><\/div>\n<p data-rm-block-id=\"block-59\">\n\n\t\t<\/div>\n\t<\/div>\n<\/div><\/div><\/div><\/div><div class=\"vc_row wpb_row vc_row-fluid\"><div class=\"wpb_column vc_column_container vc_col-sm-12\"><div class=\"vc_column-inner\"><div class=\"wpb_wrapper\">\n\t<div class=\"wpb_text_column wpb_content_element\" >\n\t\t<div class=\"wpb_wrapper\">\n\t\t\t<div style=\"all: initial !important;\" data-rm-block-id=\"block-60\"><\/div>\n<p data-rm-block-id=\"block-61\">\n\n\t\t<\/div>\n\t<\/div>\n<\/div><\/div><\/div><\/div><div class=\"vc_row wpb_row vc_row-fluid\"><div class=\"wpb_column vc_column_container vc_col-sm-12\"><div class=\"vc_column-inner\"><div class=\"wpb_wrapper\">\n\t<div class=\"wpb_text_column wpb_content_element\" >\n\t\t<div class=\"wpb_wrapper\">\n\t\t\t\n\t\t<\/div>\n\t<\/div>\n<\/div><\/div><\/div><\/div>\n<\/div>","protected":false},"excerpt":{"rendered":"Chalet ASLAN \u2013 jacuzzi &amp; sauna privatifs pr\u00e8s de G\u00e9rardmer Chalet avec spa priv\u00e9 dans les Vosges \u2013 2 chambres, jusqu'\u00e0 5 personnes Situ\u00e9 \u00e0 seulement 10 km de G\u00e9rardmer, notre chalet jacuzzi G\u00e9rardmer ASLAN est un A-Frame chaleureux de 65m\u00b2 avec spa et sauna privatifs, id\u00e9al pour un s\u00e9jour bien-\u00eatre en couple, en famille<a href=\"https:\/\/les-atypiques-chalets.com\/de\/chalet-jacuzzi-gerardmer-vosges\/\" class=\"sohohotel-more-link\">Read More<\/a>","protected":false},"author":1,"featured_media":11001,"parent":0,"menu_order":0,"comment_status":"closed","ping_status":"closed","template":"","meta":{"footnotes":""},"class_list":["post-10487","page","type-page","status-publish","has-post-thumbnail","hentry"],"_links":{"self":[{"href":"https:\/\/les-atypiques-chalets.com\/de\/wp-json\/wp\/v2\/pages\/10487","targetHints":{"allow":["GET"]}}],"collection":[{"href":"https:\/\/les-atypiques-chalets.com\/de\/wp-json\/wp\/v2\/pages"}],"about":[{"href":"https:\/\/les-atypiques-chalets.com\/de\/wp-json\/wp\/v2\/types\/page"}],"author":[{"embeddable":true,"href":"https:\/\/les-atypiques-chalets.com\/de\/wp-json\/wp\/v2\/users\/1"}],"replies":[{"embeddable":true,"href":"https:\/\/les-atypiques-chalets.com\/de\/wp-json\/wp\/v2\/comments?post=10487"}],"version-history":[{"count":0,"href":"https:\/\/les-atypiques-chalets.com\/de\/wp-json\/wp\/v2\/pages\/10487\/revisions"}],"wp:featuredmedia":[{"embeddable":true,"href":"https:\/\/les-atypiques-chalets.com\/de\/wp-json\/wp\/v2\/media\/11001"}],"wp:attachment":[{"href":"https:\/\/les-atypiques-chalets.com\/de\/wp-json\/wp\/v2\/media?parent=10487"}],"curies":[{"name":"wp","href":"https:\/\/api.w.org\/{rel}","templated":true}]}}