{"id":9892,"date":"2024-03-01T08:04:44","date_gmt":"2024-03-01T08:04:44","guid":{"rendered":"https:\/\/les-atypiques-chalets.com\/home-i\/"},"modified":"2026-03-22T16:30:34","modified_gmt":"2026-03-22T16:30:34","slug":"location-de-chalets-atypiques-avec-bain-nordique-privatif-sauna-dans-les-vosges-a-10-km-de-gerardmer","status":"publish","type":"page","link":"https:\/\/les-atypiques-chalets.com\/de\/","title":{"rendered":"\u00ab\u00a0Location chalet G\u00e9rardmer : chalets A-Frame avec bain nordique privatif &#038; sauna \u00e0 10 km de G\u00e9rardmer\u00a0\u00bb."},"content":{"rendered":"<div class=\"wpb-content-wrapper\"><div class=\"vc_row wpb_row vc_row-fluid vc_custom_1761295854563 vc_row-has-fill vc_row-o-content-middle vc_row-flex\"><div class=\"wpb_column vc_column_container vc_col-sm-12\"><div class=\"vc_column-inner\"><div class=\"wpb_wrapper\"><div class=\"vc_empty_space\"   style=\"height: 300px\"><span class=\"vc_empty_space_inner\"><\/span><\/div>\n\t<div class=\"wpb_text_column wpb_content_element\" >\n\t\t<div class=\"wpb_wrapper\">\n\t\t\t<h1 style=\"color: #ffffff; font-size: 42px; font-weight: bold; text-align: center; text-shadow: 2px 2px 4px rgba(0,0,0,0.7);\">Location chalet G\u00e9rardmer :<br \/>\nchalets A-Frame avec bain nordique privatif &amp; sauna<br \/>\n\u00e0 10 km de G\u00e9rardmer<\/h1>\n\n\t\t<\/div>\n\t<\/div>\n\t\n\t<!-- BEGIN .shb-booking-form-style-1 -->\n\t<form action=\"https:\/\/les-atypiques-chalets.com\/de\/reservation\/\" method=\"post\" class=\"shb-booking-form-style-1 shb-booking-form-1-column-4 shb-clearfix\">\n\t\n\t\t<div class=\"shbdp-cal-wrapper shbdp-clearfix\" data-panels=\"2\"><a href=\"#\" class=\"shbdp-nav-prev\"><i class=\"fas fa-chevron-left\"><\/i><\/a><a href=\"#\" class=\"shbdp-nav-next\"><i class=\"fas fa-chevron-right\"><\/i><\/a><div class=\"shbdp-clearboth\"><\/div><div class=\"shbdp-cal\"><div class=\"shbdp-item\"><div class=\"shbdp-month-title\">April 2026<\/div><table><tr><td>Mo<\/td><td>Di<\/td><td>Mi<\/td><td>Do<\/td><td>Fr<\/td><td>Sa<\/td><td>So<\/td><\/tr><tr><td><\/td><td><\/td><td data-date=\"2026-04-01\" class=\"shbdp-datepicker-date shbdp-cal-disabled \">1<\/td><td data-date=\"2026-04-02\" class=\"shbdp-datepicker-date shbdp-cal-disabled \">2<\/td><td data-date=\"2026-04-03\" class=\"shbdp-datepicker-date shbdp-cal-disabled \">3<\/td><td data-date=\"2026-04-04\" class=\"shbdp-datepicker-date shbdp-cal-disabled \">4<\/td><td data-date=\"2026-04-05\" class=\"shbdp-datepicker-date shbdp-cal-disabled \">5<\/td><\/tr><tr><td data-date=\"2026-04-06\" class=\"shbdp-datepicker-date shbdp-cal-disabled \">6<\/td><td data-date=\"2026-04-07\" class=\"shbdp-datepicker-date shbdp-cal-disabled \">7<\/td><td data-date=\"2026-04-08\" class=\"shbdp-datepicker-date shbdp-cal-disabled \">8<\/td><td data-date=\"2026-04-09\" class=\"shbdp-datepicker-date shbdp-cal-disabled \">9<\/td><td data-date=\"2026-04-10\" class=\"shbdp-datepicker-date shbdp-cal-disabled \">10<\/td><td data-date=\"2026-04-11\" class=\"shbdp-datepicker-date shbdp-cal-disabled \">11<\/td><td data-date=\"2026-04-12\" class=\"shbdp-datepicker-date shbdp-cal-disabled \">12<\/td><\/tr><tr><td data-date=\"2026-04-13\" class=\"shbdp-datepicker-date shbdp-cal-disabled \">13<\/td><td data-date=\"2026-04-14\" class=\"shbdp-datepicker-date shbdp-cal-disabled \">14<\/td><td data-date=\"2026-04-15\" class=\"shbdp-datepicker-date shbdp-cal-disabled \">15<\/td><td data-date=\"2026-04-16\" class=\"shbdp-datepicker-date shbdp-cal-disabled \">16<\/td><td data-date=\"2026-04-17\" class=\"shbdp-datepicker-date shbdp-cal-disabled \">17<\/td><td data-date=\"2026-04-18\" class=\"shbdp-datepicker-date shbdp-cal-disabled \">18<\/td><td data-date=\"2026-04-19\" class=\"shbdp-datepicker-date shbdp-cal-disabled \">19<\/td><\/tr><tr><td data-date=\"2026-04-20\" class=\"shbdp-datepicker-date shbdp-cal-disabled \">20<\/td><td data-date=\"2026-04-21\" class=\"shbdp-datepicker-date shbdp-cal-disabled \">21<\/td><td data-date=\"2026-04-22\" class=\"shbdp-datepicker-date shbdp-cal-disabled \">22<\/td><td data-date=\"2026-04-23\" class=\"shbdp-datepicker-date shbdp-cal-disabled \">23<\/td><td data-date=\"2026-04-24\" class=\"shbdp-datepicker-date shbdp-cal-disabled \">24<\/td><td data-date=\"2026-04-25\" class=\"shbdp-datepicker-date shbdp-cal-disabled \">25<\/td><td data-date=\"2026-04-26\" class=\"shbdp-datepicker-date shbdp-cal-disabled \">26<\/td><\/tr><tr><td data-date=\"2026-04-27\" class=\"shbdp-datepicker-date shbdp-cal-disabled \">27<\/td><td data-date=\"2026-04-28\" class=\"shbdp-datepicker-date shbdp-cal-available \">28<\/td><td data-date=\"2026-04-29\" class=\"shbdp-datepicker-date shbdp-cal-available \">29<\/td><td data-date=\"2026-04-30\" class=\"shbdp-datepicker-date shbdp-cal-unavailable shbdp-cal-available-checkout-only \">30<\/td><td><\/td><td><\/td><td><\/td><\/tr><\/table><\/div><div class=\"shbdp-item\"><div class=\"shbdp-month-title\">Mai 2026<\/div><table><tr><td>Mo<\/td><td>Di<\/td><td>Mi<\/td><td>Do<\/td><td>Fr<\/td><td>Sa<\/td><td>So<\/td><\/tr><tr><td><\/td><td><\/td><td><\/td><td><\/td><td data-date=\"2026-05-01\" class=\"shbdp-datepicker-date shbdp-cal-unavailable \">1<\/td><td data-date=\"2026-05-02\" class=\"shbdp-datepicker-date shbdp-cal-unavailable \">2<\/td><td data-date=\"2026-05-03\" class=\"shbdp-datepicker-date shbdp-cal-available \">3<\/td><\/tr><tr><td data-date=\"2026-05-04\" class=\"shbdp-datepicker-date shbdp-cal-available \">4<\/td><td data-date=\"2026-05-05\" class=\"shbdp-datepicker-date shbdp-cal-available \">5<\/td><td data-date=\"2026-05-06\" class=\"shbdp-datepicker-date shbdp-cal-available \">6<\/td><td data-date=\"2026-05-07\" class=\"shbdp-datepicker-date shbdp-cal-available \">7<\/td><td data-date=\"2026-05-08\" class=\"shbdp-datepicker-date shbdp-cal-available \">8<\/td><td data-date=\"2026-05-09\" class=\"shbdp-datepicker-date shbdp-cal-available \">9<\/td><td data-date=\"2026-05-10\" class=\"shbdp-datepicker-date shbdp-cal-available \">10<\/td><\/tr><tr><td data-date=\"2026-05-11\" class=\"shbdp-datepicker-date shbdp-cal-available \">11<\/td><td data-date=\"2026-05-12\" class=\"shbdp-datepicker-date shbdp-cal-available \">12<\/td><td data-date=\"2026-05-13\" class=\"shbdp-datepicker-date shbdp-cal-available \">13<\/td><td data-date=\"2026-05-14\" class=\"shbdp-datepicker-date shbdp-cal-unavailable shbdp-cal-available-checkout-only \">14<\/td><td data-date=\"2026-05-15\" class=\"shbdp-datepicker-date shbdp-cal-unavailable \">15<\/td><td data-date=\"2026-05-16\" class=\"shbdp-datepicker-date shbdp-cal-available \">16<\/td><td data-date=\"2026-05-17\" class=\"shbdp-datepicker-date shbdp-cal-available \">17<\/td><\/tr><tr><td data-date=\"2026-05-18\" class=\"shbdp-datepicker-date shbdp-cal-available \">18<\/td><td data-date=\"2026-05-19\" class=\"shbdp-datepicker-date shbdp-cal-available \">19<\/td><td data-date=\"2026-05-20\" class=\"shbdp-datepicker-date shbdp-cal-available \">20<\/td><td data-date=\"2026-05-21\" class=\"shbdp-datepicker-date shbdp-cal-available \">21<\/td><td data-date=\"2026-05-22\" class=\"shbdp-datepicker-date shbdp-cal-available \">22<\/td><td data-date=\"2026-05-23\" class=\"shbdp-datepicker-date shbdp-cal-available \">23<\/td><td data-date=\"2026-05-24\" class=\"shbdp-datepicker-date shbdp-cal-available \">24<\/td><\/tr><tr><td data-date=\"2026-05-25\" class=\"shbdp-datepicker-date shbdp-cal-available \">25<\/td><td data-date=\"2026-05-26\" class=\"shbdp-datepicker-date shbdp-cal-available \">26<\/td><td data-date=\"2026-05-27\" class=\"shbdp-datepicker-date shbdp-cal-available \">27<\/td><td data-date=\"2026-05-28\" class=\"shbdp-datepicker-date shbdp-cal-available \">28<\/td><td data-date=\"2026-05-29\" class=\"shbdp-datepicker-date shbdp-cal-available \">29<\/td><td data-date=\"2026-05-30\" class=\"shbdp-datepicker-date shbdp-cal-available \">30<\/td><td data-date=\"2026-05-31\" class=\"shbdp-datepicker-date shbdp-cal-available \">31<\/td><\/tr><\/table><\/div><div class=\"shbdp-item\"><div class=\"shbdp-month-title\">Juni 2026<\/div><table><tr><td>Mo<\/td><td>Di<\/td><td>Mi<\/td><td>Do<\/td><td>Fr<\/td><td>Sa<\/td><td>So<\/td><\/tr><tr><td data-date=\"2026-06-01\" class=\"shbdp-datepicker-date shbdp-cal-available \">1<\/td><td data-date=\"2026-06-02\" class=\"shbdp-datepicker-date shbdp-cal-available \">2<\/td><td data-date=\"2026-06-03\" class=\"shbdp-datepicker-date shbdp-cal-available \">3<\/td><td data-date=\"2026-06-04\" class=\"shbdp-datepicker-date shbdp-cal-available \">4<\/td><td data-date=\"2026-06-05\" class=\"shbdp-datepicker-date shbdp-cal-available \">5<\/td><td data-date=\"2026-06-06\" class=\"shbdp-datepicker-date shbdp-cal-available \">6<\/td><td data-date=\"2026-06-07\" class=\"shbdp-datepicker-date shbdp-cal-available \">7<\/td><\/tr><tr><td data-date=\"2026-06-08\" class=\"shbdp-datepicker-date shbdp-cal-available \">8<\/td><td data-date=\"2026-06-09\" class=\"shbdp-datepicker-date shbdp-cal-available \">9<\/td><td data-date=\"2026-06-10\" class=\"shbdp-datepicker-date shbdp-cal-available \">10<\/td><td data-date=\"2026-06-11\" class=\"shbdp-datepicker-date shbdp-cal-available \">11<\/td><td data-date=\"2026-06-12\" class=\"shbdp-datepicker-date shbdp-cal-available \">12<\/td><td data-date=\"2026-06-13\" class=\"shbdp-datepicker-date shbdp-cal-available \">13<\/td><td data-date=\"2026-06-14\" class=\"shbdp-datepicker-date shbdp-cal-available \">14<\/td><\/tr><tr><td data-date=\"2026-06-15\" class=\"shbdp-datepicker-date shbdp-cal-available \">15<\/td><td data-date=\"2026-06-16\" class=\"shbdp-datepicker-date shbdp-cal-available \">16<\/td><td data-date=\"2026-06-17\" class=\"shbdp-datepicker-date shbdp-cal-available \">17<\/td><td data-date=\"2026-06-18\" class=\"shbdp-datepicker-date shbdp-cal-available \">18<\/td><td data-date=\"2026-06-19\" class=\"shbdp-datepicker-date shbdp-cal-available \">19<\/td><td data-date=\"2026-06-20\" class=\"shbdp-datepicker-date shbdp-cal-available \">20<\/td><td data-date=\"2026-06-21\" class=\"shbdp-datepicker-date shbdp-cal-available \">21<\/td><\/tr><tr><td data-date=\"2026-06-22\" class=\"shbdp-datepicker-date shbdp-cal-available \">22<\/td><td data-date=\"2026-06-23\" class=\"shbdp-datepicker-date shbdp-cal-available \">23<\/td><td data-date=\"2026-06-24\" class=\"shbdp-datepicker-date shbdp-cal-available \">24<\/td><td data-date=\"2026-06-25\" class=\"shbdp-datepicker-date shbdp-cal-available \">25<\/td><td data-date=\"2026-06-26\" class=\"shbdp-datepicker-date shbdp-cal-available \">26<\/td><td data-date=\"2026-06-27\" class=\"shbdp-datepicker-date shbdp-cal-available \">27<\/td><td data-date=\"2026-06-28\" class=\"shbdp-datepicker-date shbdp-cal-available \">28<\/td><\/tr><tr><td data-date=\"2026-06-29\" class=\"shbdp-datepicker-date shbdp-cal-available \">29<\/td><td data-date=\"2026-06-30\" class=\"shbdp-datepicker-date shbdp-cal-available \">30<\/td><td><\/td><td><\/td><td><\/td><td><\/td><td><\/td><\/tr><\/table><\/div><div class=\"shbdp-item\"><div class=\"shbdp-month-title\">Juli 2026<\/div><table><tr><td>Mo<\/td><td>Di<\/td><td>Mi<\/td><td>Do<\/td><td>Fr<\/td><td>Sa<\/td><td>So<\/td><\/tr><tr><td><\/td><td><\/td><td data-date=\"2026-07-01\" class=\"shbdp-datepicker-date shbdp-cal-available \">1<\/td><td data-date=\"2026-07-02\" class=\"shbdp-datepicker-date shbdp-cal-available \">2<\/td><td data-date=\"2026-07-03\" class=\"shbdp-datepicker-date shbdp-cal-available \">3<\/td><td data-date=\"2026-07-04\" class=\"shbdp-datepicker-date shbdp-cal-available \">4<\/td><td data-date=\"2026-07-05\" class=\"shbdp-datepicker-date shbdp-cal-available \">5<\/td><\/tr><tr><td data-date=\"2026-07-06\" class=\"shbdp-datepicker-date shbdp-cal-available \">6<\/td><td data-date=\"2026-07-07\" class=\"shbdp-datepicker-date shbdp-cal-available \">7<\/td><td data-date=\"2026-07-08\" class=\"shbdp-datepicker-date shbdp-cal-available \">8<\/td><td data-date=\"2026-07-09\" class=\"shbdp-datepicker-date shbdp-cal-available \">9<\/td><td data-date=\"2026-07-10\" class=\"shbdp-datepicker-date shbdp-cal-available \">10<\/td><td data-date=\"2026-07-11\" class=\"shbdp-datepicker-date shbdp-cal-available \">11<\/td><td data-date=\"2026-07-12\" class=\"shbdp-datepicker-date shbdp-cal-available \">12<\/td><\/tr><tr><td data-date=\"2026-07-13\" class=\"shbdp-datepicker-date shbdp-cal-unavailable shbdp-cal-available-checkout-only \">13<\/td><td data-date=\"2026-07-14\" class=\"shbdp-datepicker-date shbdp-cal-available \">14<\/td><td data-date=\"2026-07-15\" class=\"shbdp-datepicker-date shbdp-cal-available \">15<\/td><td data-date=\"2026-07-16\" class=\"shbdp-datepicker-date shbdp-cal-available \">16<\/td><td data-date=\"2026-07-17\" class=\"shbdp-datepicker-date shbdp-cal-available \">17<\/td><td data-date=\"2026-07-18\" class=\"shbdp-datepicker-date shbdp-cal-available \">18<\/td><td data-date=\"2026-07-19\" class=\"shbdp-datepicker-date shbdp-cal-available \">19<\/td><\/tr><tr><td data-date=\"2026-07-20\" class=\"shbdp-datepicker-date shbdp-cal-available \">20<\/td><td data-date=\"2026-07-21\" class=\"shbdp-datepicker-date shbdp-cal-available \">21<\/td><td data-date=\"2026-07-22\" class=\"shbdp-datepicker-date shbdp-cal-available \">22<\/td><td data-date=\"2026-07-23\" class=\"shbdp-datepicker-date shbdp-cal-available \">23<\/td><td data-date=\"2026-07-24\" class=\"shbdp-datepicker-date shbdp-cal-available \">24<\/td><td data-date=\"2026-07-25\" class=\"shbdp-datepicker-date shbdp-cal-available \">25<\/td><td data-date=\"2026-07-26\" class=\"shbdp-datepicker-date shbdp-cal-available \">26<\/td><\/tr><tr><td data-date=\"2026-07-27\" class=\"shbdp-datepicker-date shbdp-cal-available \">27<\/td><td data-date=\"2026-07-28\" class=\"shbdp-datepicker-date shbdp-cal-available \">28<\/td><td data-date=\"2026-07-29\" class=\"shbdp-datepicker-date shbdp-cal-available \">29<\/td><td data-date=\"2026-07-30\" class=\"shbdp-datepicker-date shbdp-cal-available \">30<\/td><td data-date=\"2026-07-31\" class=\"shbdp-datepicker-date shbdp-cal-available \">31<\/td><td><\/td><td><\/td><\/tr><\/table><\/div><div class=\"shbdp-item\"><div class=\"shbdp-month-title\">August 2026<\/div><table><tr><td>Mo<\/td><td>Di<\/td><td>Mi<\/td><td>Do<\/td><td>Fr<\/td><td>Sa<\/td><td>So<\/td><\/tr><tr><td><\/td><td><\/td><td><\/td><td><\/td><td><\/td><td data-date=\"2026-08-01\" class=\"shbdp-datepicker-date shbdp-cal-available \">1<\/td><td data-date=\"2026-08-02\" class=\"shbdp-datepicker-date shbdp-cal-available \">2<\/td><\/tr><tr><td data-date=\"2026-08-03\" class=\"shbdp-datepicker-date shbdp-cal-available \">3<\/td><td data-date=\"2026-08-04\" class=\"shbdp-datepicker-date shbdp-cal-available \">4<\/td><td data-date=\"2026-08-05\" class=\"shbdp-datepicker-date shbdp-cal-available \">5<\/td><td data-date=\"2026-08-06\" class=\"shbdp-datepicker-date shbdp-cal-available \">6<\/td><td data-date=\"2026-08-07\" class=\"shbdp-datepicker-date shbdp-cal-available \">7<\/td><td data-date=\"2026-08-08\" class=\"shbdp-datepicker-date shbdp-cal-available \">8<\/td><td data-date=\"2026-08-09\" class=\"shbdp-datepicker-date shbdp-cal-available \">9<\/td><\/tr><tr><td data-date=\"2026-08-10\" class=\"shbdp-datepicker-date shbdp-cal-available \">10<\/td><td data-date=\"2026-08-11\" class=\"shbdp-datepicker-date shbdp-cal-available \">11<\/td><td data-date=\"2026-08-12\" class=\"shbdp-datepicker-date shbdp-cal-available \">12<\/td><td data-date=\"2026-08-13\" class=\"shbdp-datepicker-date shbdp-cal-available \">13<\/td><td data-date=\"2026-08-14\" class=\"shbdp-datepicker-date shbdp-cal-available \">14<\/td><td data-date=\"2026-08-15\" class=\"shbdp-datepicker-date shbdp-cal-available \">15<\/td><td data-date=\"2026-08-16\" class=\"shbdp-datepicker-date shbdp-cal-available \">16<\/td><\/tr><tr><td data-date=\"2026-08-17\" class=\"shbdp-datepicker-date shbdp-cal-available \">17<\/td><td data-date=\"2026-08-18\" class=\"shbdp-datepicker-date shbdp-cal-available \">18<\/td><td data-date=\"2026-08-19\" class=\"shbdp-datepicker-date shbdp-cal-available \">19<\/td><td data-date=\"2026-08-20\" class=\"shbdp-datepicker-date shbdp-cal-available \">20<\/td><td data-date=\"2026-08-21\" class=\"shbdp-datepicker-date shbdp-cal-available \">21<\/td><td data-date=\"2026-08-22\" class=\"shbdp-datepicker-date shbdp-cal-available \">22<\/td><td data-date=\"2026-08-23\" class=\"shbdp-datepicker-date shbdp-cal-available \">23<\/td><\/tr><tr><td data-date=\"2026-08-24\" class=\"shbdp-datepicker-date shbdp-cal-available \">24<\/td><td data-date=\"2026-08-25\" class=\"shbdp-datepicker-date shbdp-cal-available \">25<\/td><td data-date=\"2026-08-26\" class=\"shbdp-datepicker-date shbdp-cal-available \">26<\/td><td data-date=\"2026-08-27\" class=\"shbdp-datepicker-date shbdp-cal-available \">27<\/td><td data-date=\"2026-08-28\" class=\"shbdp-datepicker-date shbdp-cal-available \">28<\/td><td data-date=\"2026-08-29\" class=\"shbdp-datepicker-date shbdp-cal-available \">29<\/td><td data-date=\"2026-08-30\" class=\"shbdp-datepicker-date shbdp-cal-available \">30<\/td><\/tr><tr><td data-date=\"2026-08-31\" class=\"shbdp-datepicker-date shbdp-cal-available \">31<\/td><td><\/td><td><\/td><td><\/td><td><\/td><td><\/td><td><\/td><\/tr><\/table><\/div><div class=\"shbdp-item\"><div class=\"shbdp-month-title\">September 2026<\/div><table><tr><td>Mo<\/td><td>Di<\/td><td>Mi<\/td><td>Do<\/td><td>Fr<\/td><td>Sa<\/td><td>So<\/td><\/tr><tr><td><\/td><td data-date=\"2026-09-01\" class=\"shbdp-datepicker-date shbdp-cal-available \">1<\/td><td data-date=\"2026-09-02\" class=\"shbdp-datepicker-date shbdp-cal-available \">2<\/td><td data-date=\"2026-09-03\" class=\"shbdp-datepicker-date shbdp-cal-available \">3<\/td><td data-date=\"2026-09-04\" class=\"shbdp-datepicker-date shbdp-cal-available \">4<\/td><td data-date=\"2026-09-05\" class=\"shbdp-datepicker-date shbdp-cal-available \">5<\/td><td data-date=\"2026-09-06\" class=\"shbdp-datepicker-date shbdp-cal-available \">6<\/td><\/tr><tr><td data-date=\"2026-09-07\" class=\"shbdp-datepicker-date shbdp-cal-available \">7<\/td><td data-date=\"2026-09-08\" class=\"shbdp-datepicker-date shbdp-cal-available \">8<\/td><td data-date=\"2026-09-09\" class=\"shbdp-datepicker-date shbdp-cal-available \">9<\/td><td data-date=\"2026-09-10\" class=\"shbdp-datepicker-date shbdp-cal-available \">10<\/td><td data-date=\"2026-09-11\" class=\"shbdp-datepicker-date shbdp-cal-available \">11<\/td><td data-date=\"2026-09-12\" class=\"shbdp-datepicker-date shbdp-cal-available \">12<\/td><td data-date=\"2026-09-13\" class=\"shbdp-datepicker-date shbdp-cal-available \">13<\/td><\/tr><tr><td data-date=\"2026-09-14\" class=\"shbdp-datepicker-date shbdp-cal-available \">14<\/td><td data-date=\"2026-09-15\" class=\"shbdp-datepicker-date shbdp-cal-available \">15<\/td><td data-date=\"2026-09-16\" class=\"shbdp-datepicker-date shbdp-cal-available \">16<\/td><td data-date=\"2026-09-17\" class=\"shbdp-datepicker-date shbdp-cal-available \">17<\/td><td data-date=\"2026-09-18\" class=\"shbdp-datepicker-date shbdp-cal-available \">18<\/td><td data-date=\"2026-09-19\" class=\"shbdp-datepicker-date shbdp-cal-available \">19<\/td><td data-date=\"2026-09-20\" class=\"shbdp-datepicker-date shbdp-cal-available \">20<\/td><\/tr><tr><td data-date=\"2026-09-21\" class=\"shbdp-datepicker-date shbdp-cal-available \">21<\/td><td data-date=\"2026-09-22\" class=\"shbdp-datepicker-date shbdp-cal-available \">22<\/td><td data-date=\"2026-09-23\" class=\"shbdp-datepicker-date shbdp-cal-available \">23<\/td><td data-date=\"2026-09-24\" class=\"shbdp-datepicker-date shbdp-cal-available \">24<\/td><td data-date=\"2026-09-25\" class=\"shbdp-datepicker-date shbdp-cal-available \">25<\/td><td data-date=\"2026-09-26\" class=\"shbdp-datepicker-date shbdp-cal-available \">26<\/td><td data-date=\"2026-09-27\" class=\"shbdp-datepicker-date shbdp-cal-available \">27<\/td><\/tr><tr><td data-date=\"2026-09-28\" class=\"shbdp-datepicker-date shbdp-cal-available \">28<\/td><td data-date=\"2026-09-29\" class=\"shbdp-datepicker-date shbdp-cal-available \">29<\/td><td data-date=\"2026-09-30\" class=\"shbdp-datepicker-date shbdp-cal-available \">30<\/td><td><\/td><td><\/td><td><\/td><td><\/td><\/tr><\/table><\/div><div class=\"shbdp-item\"><div class=\"shbdp-month-title\">Oktober 2026<\/div><table><tr><td>Mo<\/td><td>Di<\/td><td>Mi<\/td><td>Do<\/td><td>Fr<\/td><td>Sa<\/td><td>So<\/td><\/tr><tr><td><\/td><td><\/td><td><\/td><td data-date=\"2026-10-01\" class=\"shbdp-datepicker-date shbdp-cal-available \">1<\/td><td data-date=\"2026-10-02\" class=\"shbdp-datepicker-date shbdp-cal-available \">2<\/td><td data-date=\"2026-10-03\" class=\"shbdp-datepicker-date shbdp-cal-available \">3<\/td><td data-date=\"2026-10-04\" class=\"shbdp-datepicker-date shbdp-cal-available \">4<\/td><\/tr><tr><td data-date=\"2026-10-05\" class=\"shbdp-datepicker-date shbdp-cal-available \">5<\/td><td data-date=\"2026-10-06\" class=\"shbdp-datepicker-date shbdp-cal-available \">6<\/td><td data-date=\"2026-10-07\" class=\"shbdp-datepicker-date shbdp-cal-available \">7<\/td><td data-date=\"2026-10-08\" class=\"shbdp-datepicker-date shbdp-cal-available \">8<\/td><td data-date=\"2026-10-09\" class=\"shbdp-datepicker-date shbdp-cal-available \">9<\/td><td data-date=\"2026-10-10\" class=\"shbdp-datepicker-date shbdp-cal-available \">10<\/td><td data-date=\"2026-10-11\" class=\"shbdp-datepicker-date shbdp-cal-available \">11<\/td><\/tr><tr><td data-date=\"2026-10-12\" class=\"shbdp-datepicker-date shbdp-cal-available \">12<\/td><td data-date=\"2026-10-13\" class=\"shbdp-datepicker-date shbdp-cal-available \">13<\/td><td data-date=\"2026-10-14\" class=\"shbdp-datepicker-date shbdp-cal-available \">14<\/td><td data-date=\"2026-10-15\" class=\"shbdp-datepicker-date shbdp-cal-available \">15<\/td><td data-date=\"2026-10-16\" class=\"shbdp-datepicker-date shbdp-cal-available \">16<\/td><td data-date=\"2026-10-17\" class=\"shbdp-datepicker-date shbdp-cal-available \">17<\/td><td data-date=\"2026-10-18\" class=\"shbdp-datepicker-date shbdp-cal-available \">18<\/td><\/tr><tr><td data-date=\"2026-10-19\" class=\"shbdp-datepicker-date shbdp-cal-available \">19<\/td><td data-date=\"2026-10-20\" class=\"shbdp-datepicker-date shbdp-cal-available \">20<\/td><td data-date=\"2026-10-21\" class=\"shbdp-datepicker-date shbdp-cal-available \">21<\/td><td data-date=\"2026-10-22\" class=\"shbdp-datepicker-date shbdp-cal-available \">22<\/td><td data-date=\"2026-10-23\" class=\"shbdp-datepicker-date shbdp-cal-available \">23<\/td><td data-date=\"2026-10-24\" class=\"shbdp-datepicker-date shbdp-cal-available \">24<\/td><td data-date=\"2026-10-25\" class=\"shbdp-datepicker-date shbdp-cal-available \">25<\/td><\/tr><tr><td data-date=\"2026-10-26\" class=\"shbdp-datepicker-date shbdp-cal-available \">26<\/td><td data-date=\"2026-10-27\" class=\"shbdp-datepicker-date shbdp-cal-available \">27<\/td><td data-date=\"2026-10-28\" class=\"shbdp-datepicker-date shbdp-cal-available \">28<\/td><td data-date=\"2026-10-29\" class=\"shbdp-datepicker-date shbdp-cal-available \">29<\/td><td data-date=\"2026-10-30\" class=\"shbdp-datepicker-date shbdp-cal-available \">30<\/td><td data-date=\"2026-10-31\" class=\"shbdp-datepicker-date shbdp-cal-available \">31<\/td><td><\/td><\/tr><\/table><\/div><div class=\"shbdp-item\"><div class=\"shbdp-month-title\">November 2026<\/div><table><tr><td>Mo<\/td><td>Di<\/td><td>Mi<\/td><td>Do<\/td><td>Fr<\/td><td>Sa<\/td><td>So<\/td><\/tr><tr><td><\/td><td><\/td><td><\/td><td><\/td><td><\/td><td><\/td><td data-date=\"2026-11-01\" class=\"shbdp-datepicker-date shbdp-cal-available \">1<\/td><\/tr><tr><td data-date=\"2026-11-02\" class=\"shbdp-datepicker-date shbdp-cal-available \">2<\/td><td data-date=\"2026-11-03\" class=\"shbdp-datepicker-date shbdp-cal-available \">3<\/td><td data-date=\"2026-11-04\" class=\"shbdp-datepicker-date shbdp-cal-unavailable shbdp-cal-available-checkout-only \">4<\/td><td data-date=\"2026-11-05\" class=\"shbdp-datepicker-date shbdp-cal-unavailable \">5<\/td><td data-date=\"2026-11-06\" class=\"shbdp-datepicker-date shbdp-cal-unavailable \">6<\/td><td data-date=\"2026-11-07\" class=\"shbdp-datepicker-date shbdp-cal-available \">7<\/td><td data-date=\"2026-11-08\" class=\"shbdp-datepicker-date shbdp-cal-unavailable shbdp-cal-available-checkout-only \">8<\/td><\/tr><tr><td data-date=\"2026-11-09\" class=\"shbdp-datepicker-date shbdp-cal-unavailable \">9<\/td><td data-date=\"2026-11-10\" class=\"shbdp-datepicker-date shbdp-cal-unavailable \">10<\/td><td data-date=\"2026-11-11\" class=\"shbdp-datepicker-date shbdp-cal-unavailable \">11<\/td><td data-date=\"2026-11-12\" class=\"shbdp-datepicker-date shbdp-cal-unavailable \">12<\/td><td data-date=\"2026-11-13\" class=\"shbdp-datepicker-date shbdp-cal-unavailable \">13<\/td><td data-date=\"2026-11-14\" class=\"shbdp-datepicker-date shbdp-cal-available \">14<\/td><td data-date=\"2026-11-15\" class=\"shbdp-datepicker-date shbdp-cal-unavailable shbdp-cal-available-checkout-only \">15<\/td><\/tr><tr><td data-date=\"2026-11-16\" class=\"shbdp-datepicker-date shbdp-cal-unavailable \">16<\/td><td data-date=\"2026-11-17\" class=\"shbdp-datepicker-date shbdp-cal-unavailable \">17<\/td><td data-date=\"2026-11-18\" class=\"shbdp-datepicker-date shbdp-cal-unavailable \">18<\/td><td data-date=\"2026-11-19\" class=\"shbdp-datepicker-date shbdp-cal-unavailable \">19<\/td><td data-date=\"2026-11-20\" class=\"shbdp-datepicker-date shbdp-cal-unavailable \">20<\/td><td data-date=\"2026-11-21\" class=\"shbdp-datepicker-date shbdp-cal-available \">21<\/td><td data-date=\"2026-11-22\" class=\"shbdp-datepicker-date shbdp-cal-unavailable shbdp-cal-available-checkout-only \">22<\/td><\/tr><tr><td data-date=\"2026-11-23\" class=\"shbdp-datepicker-date shbdp-cal-unavailable \">23<\/td><td data-date=\"2026-11-24\" class=\"shbdp-datepicker-date shbdp-cal-unavailable \">24<\/td><td data-date=\"2026-11-25\" class=\"shbdp-datepicker-date shbdp-cal-unavailable \">25<\/td><td data-date=\"2026-11-26\" class=\"shbdp-datepicker-date shbdp-cal-unavailable \">26<\/td><td data-date=\"2026-11-27\" class=\"shbdp-datepicker-date shbdp-cal-unavailable \">27<\/td><td data-date=\"2026-11-28\" class=\"shbdp-datepicker-date shbdp-cal-available \">28<\/td><td data-date=\"2026-11-29\" class=\"shbdp-datepicker-date shbdp-cal-unavailable shbdp-cal-available-checkout-only \">29<\/td><\/tr><tr><td data-date=\"2026-11-30\" class=\"shbdp-datepicker-date shbdp-cal-unavailable \">30<\/td><td><\/td><td><\/td><td><\/td><td><\/td><td><\/td><td><\/td><\/tr><\/table><\/div><div class=\"shbdp-item\"><div class=\"shbdp-month-title\">Dezember 2026<\/div><table><tr><td>Mo<\/td><td>Di<\/td><td>Mi<\/td><td>Do<\/td><td>Fr<\/td><td>Sa<\/td><td>So<\/td><\/tr><tr><td><\/td><td data-date=\"2026-12-01\" class=\"shbdp-datepicker-date shbdp-cal-unavailable \">1<\/td><td data-date=\"2026-12-02\" class=\"shbdp-datepicker-date shbdp-cal-unavailable \">2<\/td><td data-date=\"2026-12-03\" class=\"shbdp-datepicker-date shbdp-cal-unavailable \">3<\/td><td data-date=\"2026-12-04\" class=\"shbdp-datepicker-date shbdp-cal-unavailable \">4<\/td><td data-date=\"2026-12-05\" class=\"shbdp-datepicker-date shbdp-cal-available \">5<\/td><td data-date=\"2026-12-06\" class=\"shbdp-datepicker-date shbdp-cal-unavailable shbdp-cal-available-checkout-only \">6<\/td><\/tr><tr><td data-date=\"2026-12-07\" class=\"shbdp-datepicker-date shbdp-cal-unavailable \">7<\/td><td data-date=\"2026-12-08\" class=\"shbdp-datepicker-date shbdp-cal-unavailable \">8<\/td><td data-date=\"2026-12-09\" class=\"shbdp-datepicker-date shbdp-cal-unavailable \">9<\/td><td data-date=\"2026-12-10\" class=\"shbdp-datepicker-date shbdp-cal-unavailable \">10<\/td><td data-date=\"2026-12-11\" class=\"shbdp-datepicker-date shbdp-cal-unavailable \">11<\/td><td data-date=\"2026-12-12\" class=\"shbdp-datepicker-date shbdp-cal-available \">12<\/td><td data-date=\"2026-12-13\" class=\"shbdp-datepicker-date shbdp-cal-unavailable shbdp-cal-available-checkout-only \">13<\/td><\/tr><tr><td data-date=\"2026-12-14\" class=\"shbdp-datepicker-date shbdp-cal-unavailable \">14<\/td><td data-date=\"2026-12-15\" class=\"shbdp-datepicker-date shbdp-cal-unavailable \">15<\/td><td data-date=\"2026-12-16\" class=\"shbdp-datepicker-date shbdp-cal-unavailable \">16<\/td><td data-date=\"2026-12-17\" class=\"shbdp-datepicker-date shbdp-cal-unavailable \">17<\/td><td data-date=\"2026-12-18\" class=\"shbdp-datepicker-date shbdp-cal-unavailable \">18<\/td><td data-date=\"2026-12-19\" class=\"shbdp-datepicker-date shbdp-cal-available \">19<\/td><td data-date=\"2026-12-20\" class=\"shbdp-datepicker-date shbdp-cal-unavailable shbdp-cal-available-checkout-only \">20<\/td><\/tr><tr><td data-date=\"2026-12-21\" class=\"shbdp-datepicker-date shbdp-cal-unavailable \">21<\/td><td data-date=\"2026-12-22\" class=\"shbdp-datepicker-date shbdp-cal-unavailable \">22<\/td><td data-date=\"2026-12-23\" class=\"shbdp-datepicker-date shbdp-cal-unavailable \">23<\/td><td data-date=\"2026-12-24\" class=\"shbdp-datepicker-date shbdp-cal-unavailable \">24<\/td><td data-date=\"2026-12-25\" class=\"shbdp-datepicker-date shbdp-cal-unavailable \">25<\/td><td data-date=\"2026-12-26\" class=\"shbdp-datepicker-date shbdp-cal-available \">26<\/td><td data-date=\"2026-12-27\" class=\"shbdp-datepicker-date shbdp-cal-unavailable shbdp-cal-available-checkout-only \">27<\/td><\/tr><tr><td data-date=\"2026-12-28\" class=\"shbdp-datepicker-date shbdp-cal-unavailable \">28<\/td><td data-date=\"2026-12-29\" class=\"shbdp-datepicker-date shbdp-cal-unavailable \">29<\/td><td data-date=\"2026-12-30\" class=\"shbdp-datepicker-date shbdp-cal-unavailable \">30<\/td><td data-date=\"2026-12-31\" class=\"shbdp-datepicker-date shbdp-cal-unavailable \">31<\/td><td><\/td><td><\/td><td><\/td><\/tr><\/table><\/div><div class=\"shbdp-item\"><div class=\"shbdp-month-title\">Januar 2027<\/div><table><tr><td>Mo<\/td><td>Di<\/td><td>Mi<\/td><td>Do<\/td><td>Fr<\/td><td>Sa<\/td><td>So<\/td><\/tr><tr><td><\/td><td><\/td><td><\/td><td><\/td><td data-date=\"2027-01-01\" class=\"shbdp-datepicker-date shbdp-cal-unavailable \">1<\/td><td data-date=\"2027-01-02\" class=\"shbdp-datepicker-date shbdp-cal-available \">2<\/td><td data-date=\"2027-01-03\" class=\"shbdp-datepicker-date shbdp-cal-unavailable shbdp-cal-available-checkout-only \">3<\/td><\/tr><tr><td data-date=\"2027-01-04\" class=\"shbdp-datepicker-date shbdp-cal-unavailable \">4<\/td><td data-date=\"2027-01-05\" class=\"shbdp-datepicker-date shbdp-cal-unavailable \">5<\/td><td data-date=\"2027-01-06\" class=\"shbdp-datepicker-date shbdp-cal-unavailable \">6<\/td><td data-date=\"2027-01-07\" class=\"shbdp-datepicker-date shbdp-cal-unavailable \">7<\/td><td data-date=\"2027-01-08\" class=\"shbdp-datepicker-date shbdp-cal-unavailable \">8<\/td><td data-date=\"2027-01-09\" class=\"shbdp-datepicker-date shbdp-cal-available \">9<\/td><td data-date=\"2027-01-10\" class=\"shbdp-datepicker-date shbdp-cal-unavailable shbdp-cal-available-checkout-only \">10<\/td><\/tr><tr><td data-date=\"2027-01-11\" class=\"shbdp-datepicker-date shbdp-cal-unavailable \">11<\/td><td data-date=\"2027-01-12\" class=\"shbdp-datepicker-date shbdp-cal-unavailable \">12<\/td><td data-date=\"2027-01-13\" class=\"shbdp-datepicker-date shbdp-cal-unavailable \">13<\/td><td data-date=\"2027-01-14\" class=\"shbdp-datepicker-date shbdp-cal-unavailable \">14<\/td><td data-date=\"2027-01-15\" class=\"shbdp-datepicker-date shbdp-cal-unavailable \">15<\/td><td data-date=\"2027-01-16\" class=\"shbdp-datepicker-date shbdp-cal-available \">16<\/td><td data-date=\"2027-01-17\" class=\"shbdp-datepicker-date shbdp-cal-unavailable shbdp-cal-available-checkout-only \">17<\/td><\/tr><tr><td data-date=\"2027-01-18\" class=\"shbdp-datepicker-date shbdp-cal-unavailable \">18<\/td><td data-date=\"2027-01-19\" class=\"shbdp-datepicker-date shbdp-cal-unavailable \">19<\/td><td data-date=\"2027-01-20\" class=\"shbdp-datepicker-date shbdp-cal-unavailable \">20<\/td><td data-date=\"2027-01-21\" class=\"shbdp-datepicker-date shbdp-cal-unavailable \">21<\/td><td data-date=\"2027-01-22\" class=\"shbdp-datepicker-date shbdp-cal-unavailable \">22<\/td><td data-date=\"2027-01-23\" class=\"shbdp-datepicker-date shbdp-cal-unavailable \">23<\/td><td data-date=\"2027-01-24\" class=\"shbdp-datepicker-date shbdp-cal-unavailable \">24<\/td><\/tr><tr><td data-date=\"2027-01-25\" class=\"shbdp-datepicker-date shbdp-cal-unavailable \">25<\/td><td data-date=\"2027-01-26\" class=\"shbdp-datepicker-date shbdp-cal-unavailable \">26<\/td><td data-date=\"2027-01-27\" class=\"shbdp-datepicker-date shbdp-cal-unavailable \">27<\/td><td data-date=\"2027-01-28\" class=\"shbdp-datepicker-date shbdp-cal-unavailable \">28<\/td><td data-date=\"2027-01-29\" class=\"shbdp-datepicker-date shbdp-cal-unavailable \">29<\/td><td data-date=\"2027-01-30\" class=\"shbdp-datepicker-date shbdp-cal-unavailable \">30<\/td><td data-date=\"2027-01-31\" class=\"shbdp-datepicker-date shbdp-cal-unavailable \">31<\/td><\/tr><\/table><\/div><div class=\"shbdp-item\"><div class=\"shbdp-month-title\">Februar 2027<\/div><table><tr><td>Mo<\/td><td>Di<\/td><td>Mi<\/td><td>Do<\/td><td>Fr<\/td><td>Sa<\/td><td>So<\/td><\/tr><tr><td data-date=\"2027-02-01\" class=\"shbdp-datepicker-date shbdp-cal-unavailable \">1<\/td><td data-date=\"2027-02-02\" class=\"shbdp-datepicker-date shbdp-cal-unavailable \">2<\/td><td data-date=\"2027-02-03\" class=\"shbdp-datepicker-date shbdp-cal-unavailable \">3<\/td><td data-date=\"2027-02-04\" class=\"shbdp-datepicker-date shbdp-cal-unavailable \">4<\/td><td data-date=\"2027-02-05\" class=\"shbdp-datepicker-date shbdp-cal-unavailable \">5<\/td><td data-date=\"2027-02-06\" class=\"shbdp-datepicker-date shbdp-cal-unavailable \">6<\/td><td data-date=\"2027-02-07\" class=\"shbdp-datepicker-date shbdp-cal-unavailable \">7<\/td><\/tr><tr><td data-date=\"2027-02-08\" class=\"shbdp-datepicker-date shbdp-cal-unavailable \">8<\/td><td data-date=\"2027-02-09\" class=\"shbdp-datepicker-date shbdp-cal-unavailable \">9<\/td><td data-date=\"2027-02-10\" class=\"shbdp-datepicker-date shbdp-cal-unavailable \">10<\/td><td data-date=\"2027-02-11\" class=\"shbdp-datepicker-date shbdp-cal-unavailable \">11<\/td><td data-date=\"2027-02-12\" class=\"shbdp-datepicker-date shbdp-cal-unavailable \">12<\/td><td data-date=\"2027-02-13\" class=\"shbdp-datepicker-date shbdp-cal-unavailable \">13<\/td><td data-date=\"2027-02-14\" class=\"shbdp-datepicker-date shbdp-cal-unavailable \">14<\/td><\/tr><tr><td data-date=\"2027-02-15\" class=\"shbdp-datepicker-date shbdp-cal-unavailable \">15<\/td><td data-date=\"2027-02-16\" class=\"shbdp-datepicker-date shbdp-cal-unavailable \">16<\/td><td data-date=\"2027-02-17\" class=\"shbdp-datepicker-date shbdp-cal-unavailable \">17<\/td><td data-date=\"2027-02-18\" class=\"shbdp-datepicker-date shbdp-cal-unavailable \">18<\/td><td data-date=\"2027-02-19\" class=\"shbdp-datepicker-date shbdp-cal-unavailable \">19<\/td><td data-date=\"2027-02-20\" class=\"shbdp-datepicker-date shbdp-cal-unavailable \">20<\/td><td data-date=\"2027-02-21\" class=\"shbdp-datepicker-date shbdp-cal-unavailable \">21<\/td><\/tr><tr><td data-date=\"2027-02-22\" class=\"shbdp-datepicker-date shbdp-cal-unavailable \">22<\/td><td data-date=\"2027-02-23\" class=\"shbdp-datepicker-date shbdp-cal-unavailable \">23<\/td><td data-date=\"2027-02-24\" class=\"shbdp-datepicker-date shbdp-cal-unavailable \">24<\/td><td data-date=\"2027-02-25\" class=\"shbdp-datepicker-date shbdp-cal-unavailable \">25<\/td><td data-date=\"2027-02-26\" class=\"shbdp-datepicker-date shbdp-cal-unavailable \">26<\/td><td data-date=\"2027-02-27\" class=\"shbdp-datepicker-date shbdp-cal-unavailable \">27<\/td><td data-date=\"2027-02-28\" class=\"shbdp-datepicker-date shbdp-cal-unavailable \">28<\/td><\/tr><\/table><\/div><div class=\"shbdp-item\"><div class=\"shbdp-month-title\">M\u00e4rz 2027<\/div><table><tr><td>Mo<\/td><td>Di<\/td><td>Mi<\/td><td>Do<\/td><td>Fr<\/td><td>Sa<\/td><td>So<\/td><\/tr><tr><td data-date=\"2027-03-01\" class=\"shbdp-datepicker-date shbdp-cal-unavailable \">1<\/td><td data-date=\"2027-03-02\" class=\"shbdp-datepicker-date shbdp-cal-unavailable \">2<\/td><td data-date=\"2027-03-03\" class=\"shbdp-datepicker-date shbdp-cal-unavailable \">3<\/td><td data-date=\"2027-03-04\" class=\"shbdp-datepicker-date shbdp-cal-unavailable \">4<\/td><td data-date=\"2027-03-05\" class=\"shbdp-datepicker-date shbdp-cal-unavailable \">5<\/td><td data-date=\"2027-03-06\" class=\"shbdp-datepicker-date shbdp-cal-unavailable \">6<\/td><td data-date=\"2027-03-07\" class=\"shbdp-datepicker-date shbdp-cal-unavailable \">7<\/td><\/tr><tr><td data-date=\"2027-03-08\" class=\"shbdp-datepicker-date shbdp-cal-unavailable \">8<\/td><td data-date=\"2027-03-09\" class=\"shbdp-datepicker-date shbdp-cal-unavailable \">9<\/td><td data-date=\"2027-03-10\" class=\"shbdp-datepicker-date shbdp-cal-unavailable \">10<\/td><td data-date=\"2027-03-11\" class=\"shbdp-datepicker-date shbdp-cal-unavailable \">11<\/td><td data-date=\"2027-03-12\" class=\"shbdp-datepicker-date shbdp-cal-unavailable \">12<\/td><td data-date=\"2027-03-13\" class=\"shbdp-datepicker-date shbdp-cal-unavailable \">13<\/td><td data-date=\"2027-03-14\" class=\"shbdp-datepicker-date shbdp-cal-unavailable \">14<\/td><\/tr><tr><td data-date=\"2027-03-15\" class=\"shbdp-datepicker-date shbdp-cal-unavailable \">15<\/td><td data-date=\"2027-03-16\" class=\"shbdp-datepicker-date shbdp-cal-unavailable \">16<\/td><td data-date=\"2027-03-17\" class=\"shbdp-datepicker-date shbdp-cal-unavailable \">17<\/td><td data-date=\"2027-03-18\" class=\"shbdp-datepicker-date shbdp-cal-unavailable \">18<\/td><td data-date=\"2027-03-19\" class=\"shbdp-datepicker-date shbdp-cal-unavailable \">19<\/td><td data-date=\"2027-03-20\" class=\"shbdp-datepicker-date shbdp-cal-unavailable \">20<\/td><td data-date=\"2027-03-21\" class=\"shbdp-datepicker-date shbdp-cal-unavailable \">21<\/td><\/tr><tr><td data-date=\"2027-03-22\" class=\"shbdp-datepicker-date shbdp-cal-unavailable \">22<\/td><td data-date=\"2027-03-23\" class=\"shbdp-datepicker-date shbdp-cal-unavailable \">23<\/td><td data-date=\"2027-03-24\" class=\"shbdp-datepicker-date shbdp-cal-unavailable \">24<\/td><td data-date=\"2027-03-25\" class=\"shbdp-datepicker-date shbdp-cal-unavailable \">25<\/td><td data-date=\"2027-03-26\" class=\"shbdp-datepicker-date shbdp-cal-unavailable \">26<\/td><td data-date=\"2027-03-27\" class=\"shbdp-datepicker-date shbdp-cal-unavailable \">27<\/td><td data-date=\"2027-03-28\" class=\"shbdp-datepicker-date shbdp-cal-unavailable \">28<\/td><\/tr><tr><td data-date=\"2027-03-29\" class=\"shbdp-datepicker-date shbdp-cal-unavailable \">29<\/td><td data-date=\"2027-03-30\" class=\"shbdp-datepicker-date shbdp-cal-unavailable \">30<\/td><td data-date=\"2027-03-31\" class=\"shbdp-datepicker-date shbdp-cal-unavailable \">31<\/td><td><\/td><td><\/td><td><\/td><td><\/td><\/tr><\/table><\/div><\/div><input type=\"hidden\" class=\"shbdp-checkin\" name=\"shbdp-checkin\" value=\"\" \/><input type=\"hidden\" class=\"shbdp-checkout\" name=\"shbdp-checkout\" value=\"\" \/><input type=\"hidden\" class=\"shbdp-min\" value=\"\" \/><input type=\"hidden\" class=\"shbdp-max\" value=\"\" \/><\/div>\t\t\n\t\t\t\n\t\t<!-- BEGIN .shb-guestclass-select-dropdown -->\n\t\t<div class=\"shb-guestclass-select-dropdown\">\n\t\t\t\n\t\t\t\t\t\t\t\n\t\t\t\t<!-- BEGIN .shb-guestclass-select-section -->\n\t\t\t\t<div class=\"shb-guestclass-select-section shb-clearfix\">\n\t\t\t\n\t\t\t\t\t<label>Adulte <span>\u00c2ge 13 ou plus<\/span><\/label>\n\t\t\t\n\t\t\t\t\t<div class=\"shb-qty-selection shb-clearfix\">\n\t\t\t\t\t\t<button type=\"button\" class=\"shb-qty-decrease\">-<\/button>\n\t\t\t\t\t\t<div class=\"shb-qty-display\">2<\/div>\n\t\t\t\t\t\t<button type=\"button\" class=\"shb-qty-increase\">+<\/button>\n\t\t\t\t\t<\/div>\n\t\t\t\n\t\t\t\t\t<input type=\"hidden\" name=\"shb-guestclass-9917\" class=\"shb-guestclass\" value=\"2\" \/>\n\t\t\n\t\t\t\t<!-- END .shb-guestclass-select-section -->\n\t\t\t\t<\/div>\n\t\t\t\n\t\t\t\t\t\t\t\n\t\t\t\t<!-- BEGIN .shb-guestclass-select-section -->\n\t\t\t\t<div class=\"shb-guestclass-select-section shb-clearfix\">\n\t\t\t\n\t\t\t\t\t<label>Child <span>Ages 12 or below<\/span><\/label>\n\t\t\t\n\t\t\t\t\t<div class=\"shb-qty-selection shb-clearfix\">\n\t\t\t\t\t\t<button type=\"button\" class=\"shb-qty-decrease\">-<\/button>\n\t\t\t\t\t\t<div class=\"shb-qty-display\">2<\/div>\n\t\t\t\t\t\t<button type=\"button\" class=\"shb-qty-increase\">+<\/button>\n\t\t\t\t\t<\/div>\n\t\t\t\n\t\t\t\t\t<input type=\"hidden\" name=\"shb-guestclass-9918\" class=\"shb-guestclass\" value=\"2\" \/>\n\t\t\n\t\t\t\t<!-- END .shb-guestclass-select-section -->\n\t\t\t\t<\/div>\n\t\t\t\n\t\t\t\t\t\t\t\n\t\t\t<button type=\"button\" class=\"shb-qty-done\">Ok<\/button>\n\t\n\t\t<!-- END .shb-guestclass-select-dropdown -->\n\t\t<\/div>\n\t \n\t \t\t\t\n\t\t<!-- BEGIN .shb-booking-form-col -->\n\t\t<div class=\"shb-booking-form-col shbdp-checkin-wrapper shb-clearfix\">\n\t\t\t\n\t\t\t<i class=\"far fa-calendar\"><\/i>\n\t\t\t<div class=\"shb-booking-form-col-field\">\n\t\t\t\t<label>Ankunftsdatum<\/label>\n\t\t\t\t<span class=\"shbdp-checkin-display\"><\/span>\n\t\t\t<\/div>\n\t\t\t\n\t\t<!-- END .shb-booking-form-col -->\n\t\t<\/div>\n\t\t\n\t\t<!-- BEGIN .shb-booking-form-col -->\n\t\t<div class=\"shb-booking-form-col shbdp-checkout-wrapper shb-clearfix\">\n\t\t\t\n\t\t\t<i class=\"far fa-calendar\"><\/i>\n\t\t\t<div class=\"shb-booking-form-col-field\">\n\t\t\t\t<label>Abreisedatum<\/label>\n\t\t\t\t<span class=\"shbdp-checkout-display\"><\/span>\n\t\t\t<\/div>\n\t\t\t\n\t\t<!-- END .shb-booking-form-col -->\n\t\t<\/div>\n\t\t\n\t\t<!-- BEGIN .shb-booking-form-col -->\n\t\t<div class=\"shb-booking-form-col shb-guestclass-selection shb-clearfix\">\n\t\t\t\n\t\t\t<i class=\"fas fa-user-friends\"><\/i>\n\t\t\t<div class=\"shb-booking-form-col-field\">\n\t\t\t\t<label>G\u00e4ste<\/label>\n\t\t\t\t<span><span class=\"shb-guestclass-total\">4<\/span> G\u00e4ste<\/span>\n\t\t\t<\/div>\n\t\t\t\n\t\t<!-- END .shb-booking-form-col -->\n\t\t<\/div>\n\t\t\n\t\t<!-- BEGIN .shb-booking-form-col -->\n\t\t<div class=\"shb-booking-form-col shb-clearfix\">\n\t\t\t\n\t\t\t<input type=\"submit\" value=\"Reservieren\" class=\"shb-booking-form-button\" \/>\n\t\t\t\n\t\t<!-- END .shb-booking-form-col -->\n\t\t<\/div>\n\t\n\t<!-- END .shb-booking-form-style-1 -->\n\t<\/form>\n\t\n\t<div class=\"vc_empty_space\"   style=\"height: 300px\"><span class=\"vc_empty_space_inner\"><\/span><\/div><\/div><\/div><\/div><\/div><div class=\"vc_row wpb_row vc_row-fluid reviews-row\"><div class=\"wpb_column vc_column_container vc_col-sm-12\"><div class=\"vc_column-inner\"><div class=\"wpb_wrapper\"><div class=\"vc_empty_space\"   style=\"height: 60px\"><span class=\"vc_empty_space_inner\"><\/span><\/div>\n\t<div class=\"wpb_text_column wpb_content_element\" >\n\t\t<div class=\"wpb_wrapper\">\n\t\t\t<p style=\"text-align: center; font-size: 20px; line-height: 1.8; margin-bottom: 20px;\">\u2728 Merci de votre confiance, cela nous fait chaud au c\u0153ur \u2728<\/p>\n\n\t\t<\/div>\n\t<\/div>\n\n\t<div class=\"wpb_raw_code wpb_raw_html wpb_content_element\" >\n\t\t<div class=\"wpb_wrapper\">\n\t\t\t<script defer async src='https:\/\/cdn.trustindex.io\/loader.js?e2236a15091e43439a26adf2691'><\/script>\n\t\t<\/div>\n\t<\/div>\n<\/div><\/div><\/div><\/div><div class=\"vc_row wpb_row vc_row-fluid\"><div class=\"wpb_column vc_column_container vc_col-sm-12\"><div class=\"vc_column-inner\"><div class=\"wpb_wrapper\"><div class=\"vc_empty_space\"   style=\"height: 32px\"><span class=\"vc_empty_space_inner\"><\/span><\/div><div class=\"vc_separator wpb_content_element vc_separator_align_center vc_sep_width_100 vc_sep_border_width_2 vc_sep_pos_align_center vc_separator_no_text wpb_content_element  wpb_content_element\" ><span class=\"vc_sep_holder vc_sep_holder_l\"><span style=\"border-color:#683C16;\" class=\"vc_sep_line\"><\/span><\/span><span class=\"vc_sep_holder vc_sep_holder_r\"><span style=\"border-color:#683C16;\" class=\"vc_sep_line\"><\/span><\/span>\n<\/div>\n\t<div class=\"wpb_text_column wpb_content_element\" >\n\t\t<div class=\"wpb_wrapper\">\n\t\t\t<h2 style=\"color: #683c16; font-size: 32px; font-weight: bold; margin-bottom: 20px; text-align: center;\">Bienvenue aux Atypiques Chalets,<br \/>\nvotre location chalet G\u00e9rardmer<\/h2>\n<p style=\"line-height: 1.8; margin-bottom: 15px; text-align: center; font-size: 18px;\">Votre adresse de <strong>location chalet G\u00e9rardmer<\/strong> avec spa pour vivre une escapade inoubliable dans les Vosges.<br \/>\n<strong>Situ\u00e9s \u00e0 seulement 10 minutes de G\u00e9rardmer, nos chalets A-Frame sont l&rsquo;option id\u00e9ale pour une location chalet G\u00e9rardmer avec <a href=\"https:\/\/les-atypiques-chalets.com\/testimonials\/sarah-2\/\"  data-wpil-monitor-id=\"3037\">bain nordique<\/a> privatif, sauna et bien-\u00eatre.<\/strong><\/p>\n\n\t\t<\/div>\n\t<\/div>\n<a href=\"https:\/\/les-atypiques-chalets.com\/reservation\/\" class=\"sohohotel-button1\" style=\"background: #683C16;color:#FFFFFF;margin: 0 auto 0 auto;\">R\u00e9server votre chalet<\/a><div class=\"sohohotel-clearboth\"><\/div><div class=\"vc_separator wpb_content_element vc_separator_align_center vc_sep_width_100 vc_sep_border_width_2 vc_sep_pos_align_center vc_separator_no_text wpb_content_element  wpb_content_element\" ><span class=\"vc_sep_holder vc_sep_holder_l\"><span style=\"border-color:#683C16;\" class=\"vc_sep_line\"><\/span><\/span><span class=\"vc_sep_holder vc_sep_holder_r\"><span style=\"border-color:#683C16;\" class=\"vc_sep_line\"><\/span><\/span>\n<\/div><div class=\"vc_empty_space\"   style=\"height: 10px\"><span class=\"vc_empty_space_inner\"><\/span><\/div><div class=\"vc_row wpb_row vc_inner vc_row-fluid\"><div class=\"wpb_column vc_column_container vc_col-sm-1\"><div class=\"vc_column-inner\"><div class=\"wpb_wrapper\"><\/div><\/div><\/div><div class=\"wpb_column vc_column_container vc_col-sm-5\"><div class=\"vc_column-inner\"><div class=\"wpb_wrapper\">\n\t<div  class=\"wpb_single_image wpb_content_element vc_align_left wpb_content_element\">\n\t\t\n\t\t<figure class=\"wpb_wrapper vc_figure\">\n\t\t\t<div class=\"vc_single_image-wrapper   vc_box_border_grey\"><img decoding=\"async\" width=\"1200\" height=\"675\" src=\"https:\/\/les-atypiques-chalets.com\/wp-content\/uploads\/2025\/03\/salon-charkhan-01-L.webp\" class=\"vc_single_image-img attachment-full\" alt=\"Int\u00e9rieur chalet 6 personnes G\u00e9rardmer architecture A-Frame\" title=\"Vue d\u2019ensemble du chalet Charkhan \u2013 Design A-Frame et espace lumineux\" srcset=\"https:\/\/les-atypiques-chalets.com\/wp-content\/uploads\/2025\/03\/salon-charkhan-01-L.webp 1200w, https:\/\/les-atypiques-chalets.com\/wp-content\/uploads\/2025\/03\/salon-charkhan-01-L-300x169.webp 300w, https:\/\/les-atypiques-chalets.com\/wp-content\/uploads\/2025\/03\/salon-charkhan-01-L-1024x576.webp 1024w, https:\/\/les-atypiques-chalets.com\/wp-content\/uploads\/2025\/03\/salon-charkhan-01-L-768x432.webp 768w, https:\/\/les-atypiques-chalets.com\/wp-content\/uploads\/2025\/03\/salon-charkhan-01-L-100x56.webp 100w, https:\/\/les-atypiques-chalets.com\/wp-content\/uploads\/2025\/03\/salon-charkhan-01-L-600x338.webp 600w\" sizes=\"(max-width: 1200px) 100vw, 1200px\" \/><\/div>\n\t\t<\/figure>\n\t<\/div>\n\n\t<div class=\"wpb_text_column wpb_content_element\" >\n\t\t<div class=\"wpb_wrapper\">\n\t\t\t<h3 style=\"color: #683c16; font-size: 24px; font-weight: bold; margin-bottom: 15px;\">Nos chalets A-Frame,<br \/>\nun cadre insolite et chaleureux<\/h3>\n<p style=\"line-height: 1.8; margin-bottom: 10px;\">\u2022 Architecture <a href=\"https:\/\/les-atypiques-chalets.com\/chalet-a-frame-vosges-lalliance-parfaite-entre-tradition-et-modernite\/\" data-wpil-monitor-id=\"2700\">A-Frame moderne<\/a> et chaleureuse, parfaite pour <strong>une location chalet G\u00e9rardmer avec spa<\/strong> en pleine nature<\/p>\n<p style=\"line-height: 1.8; margin-bottom: 10px;\">\u2022 2 chambres confortables adapt\u00e9es aux couples, familles et <a href=\"https:\/\/les-atypiques-chalets.com\/temoignages-de-vacanciers\/\" data-wpil-monitor-id=\"2694\">s\u00e9jours entre amis<\/a><\/p>\n<p style=\"line-height: 1.8; margin-bottom: 15px;\">\u2022 <a href=\"https:\/\/les-atypiques-chalets.com\/testimonials\/eva-2\/\" data-wpil-monitor-id=\"2705\">Cuisine \u00e9quip\u00e9e<\/a>, espace convivial, terrasse privative avec vue sur la nature<\/p>\n\n\t\t<\/div>\n\t<\/div>\n<div class=\"vc_empty_space\"   style=\"height: 30px\"><span class=\"vc_empty_space_inner\"><\/span><\/div>\n\t<div class=\"wpb_text_column wpb_content_element\" >\n\t\t<div class=\"wpb_wrapper\">\n\t\t\t<h3 style=\"color: #683c16; font-size: 24px; font-weight: bold; margin-bottom: 15px;\">Une localisation id\u00e9ale :<br \/>\ncalme et proximit\u00e9 de G\u00e9rardmer<\/h3>\n<p style=\"line-height: 1.8; margin-bottom: 10px;\">\u2022 Chalets nich\u00e9s \u00e0 650 m d&rsquo;altitude, au calme du village de Barbey-Seroux<\/p>\n<p style=\"line-height: 1.8; margin-bottom: 10px;\">\u2022 <a href=\"https:\/\/les-atypiques-chalets.com\/location-proche-lac-gerardmer-decouvrez-les-atypiques-chalets-pour-un-sejour-inoubliable\/\" data-wpil-monitor-id=\"2686\">G\u00e9rardmer et son lac<\/a> accessibles en 10 minutes<\/p>\n<p style=\"line-height: 1.8; margin-bottom: 15px;\">\u2022 Randonn\u00e9es, ski, v\u00e9lo et <a href=\"https:\/\/les-atypiques-chalets.com\/activites-gerardmer\/\">activit\u00e9s nature toute l&rsquo;ann\u00e9e<\/a><\/p>\n\n\t\t<\/div>\n\t<\/div>\n<\/div><\/div><\/div><div class=\"wpb_column vc_column_container vc_col-sm-5\"><div class=\"vc_column-inner\"><div class=\"wpb_wrapper\">\n\t<div  class=\"wpb_single_image wpb_content_element vc_align_left wpb_content_element\">\n\t\t\n\t\t<figure class=\"wpb_wrapper vc_figure\">\n\t\t\t<div class=\"vc_single_image-wrapper   vc_box_border_grey\"><img decoding=\"async\" width=\"1200\" height=\"675\" src=\"https:\/\/les-atypiques-chalets.com\/wp-content\/uploads\/2025\/03\/salon-aslan-05-L-1-1.webp\" class=\"vc_single_image-img attachment-full\" alt=\"Chalet G\u00e9rardmer spa privatif sauna\" title=\"Chalet Aslan : int\u00e9rieur design et vue nature dans les Vosges\" srcset=\"https:\/\/les-atypiques-chalets.com\/wp-content\/uploads\/2025\/03\/salon-aslan-05-L-1-1.webp 1200w, https:\/\/les-atypiques-chalets.com\/wp-content\/uploads\/2025\/03\/salon-aslan-05-L-1-1-300x169.webp 300w, https:\/\/les-atypiques-chalets.com\/wp-content\/uploads\/2025\/03\/salon-aslan-05-L-1-1-1024x576.webp 1024w, https:\/\/les-atypiques-chalets.com\/wp-content\/uploads\/2025\/03\/salon-aslan-05-L-1-1-768x432.webp 768w, https:\/\/les-atypiques-chalets.com\/wp-content\/uploads\/2025\/03\/salon-aslan-05-L-1-1-100x56.webp 100w, https:\/\/les-atypiques-chalets.com\/wp-content\/uploads\/2025\/03\/salon-aslan-05-L-1-1-600x338.webp 600w\" sizes=\"(max-width: 1200px) 100vw, 1200px\" \/><\/div>\n\t\t<\/figure>\n\t<\/div>\n\n\t<div class=\"wpb_text_column wpb_content_element\" >\n\t\t<div class=\"wpb_wrapper\">\n\t\t\t<h3 style=\"color: #683c16; font-size: 24px; font-weight: bold; margin-bottom: 15px;\">Vivez l&rsquo;exp\u00e9rience<br \/>\nAtypiques Chalets<\/h3>\n<p style=\"line-height: 1.8; margin-bottom: 10px;\">\u2022 S\u00e9jour romantique en couple dans un <a href=\"https:\/\/les-atypiques-chalets.com\/week-end-spa-dans-un-chalet-avec-bain-nordique-privatif-dans-les-vosges\/\" data-wpil-monitor-id=\"2695\">chalet avec spa privatif<\/a><\/p>\n<p style=\"line-height: 1.8; margin-bottom: 10px;\">\u2022 Escapade insolite avec votre chien \ud83d\udc3e<\/p>\n<p style=\"line-height: 1.8; margin-bottom: 15px;\">\u2022 Week-end bien-\u00eatre entre amis ou en famille<\/p>\n<p style=\"line-height: 1.8; margin-bottom: 10px;\">\u2192 Consultez nos <a href=\"https:\/\/les-atypiques-chalets.com\/services-chalet-gerardmer-avec-chien\/\">services pour un s\u00e9jour personnalis\u00e9<\/a><\/p>\n\n\t\t<\/div>\n\t<\/div>\n<div class=\"vc_empty_space\"   style=\"height: 30px\"><span class=\"vc_empty_space_inner\"><\/span><\/div>\n\t<div class=\"wpb_text_column wpb_content_element\" >\n\t\t<div class=\"wpb_wrapper\">\n\t\t\t<h3 style=\"color: #683c16; font-size: 24px; font-weight: bold; margin-bottom: 15px;\">Bien-\u00eatre nordique<br \/>\nau c\u0153ur des Vosges<\/h3>\n<p style=\"line-height: 1.8; margin-bottom: 10px;\">\u2022 <a href=\"https:\/\/les-atypiques-chalets.com\/bain-nordique-gerardmer\/\" data-wpil-monitor-id=\"2687\">Bain nordique privatif<\/a> dans chaque chalet<\/p>\n<p style=\"line-height: 1.8; margin-bottom: 10px;\">\u2022 <a href=\"https:\/\/les-atypiques-chalets.com\/sejour-detente-dans-un-chalet-avec-bain-nordique-et-sauna-dans-les-vosges\/\" data-wpil-monitor-id=\"2693\">Sauna privatisable pour une d\u00e9tente<\/a> compl\u00e8te<\/p>\n<p style=\"line-height: 1.8; margin-bottom: 15px;\">\u2022 <a href=\"https:\/\/les-atypiques-chalets.com\/decouvrez-un-logement-insolite-a-gerardmer-pour-une-experience-unique\/\" data-wpil-monitor-id=\"2688\">Exp\u00e9rience unique<\/a> par tous les temps, \u00e9t\u00e9 comme hiver<\/p>\n\n\t\t<\/div>\n\t<\/div>\n<\/div><\/div><\/div><div class=\"wpb_column vc_column_container vc_col-sm-1\"><div class=\"vc_column-inner\"><div class=\"wpb_wrapper\"><\/div><\/div><\/div><\/div><div class=\"vc_empty_space\"   style=\"height: 40px\"><span class=\"vc_empty_space_inner\"><\/span><\/div><a href=\"https:\/\/les-atypiques-chalets.com\/reservation\/\" class=\"sohohotel-button1\" style=\"background: #683C16;color:#FFFFFF;margin: 0 auto 0 auto;\">R\u00e9servez d\u00e8s maintenant votre chalet<\/a><div class=\"sohohotel-clearboth\"><\/div><div class=\"vc_empty_space\"   style=\"height: 20px\"><span class=\"vc_empty_space_inner\"><\/span><\/div><\/div><\/div><\/div><\/div><div class=\"vc_row wpb_row vc_row-fluid vc_custom_1625643442280 vc_row-has-fill\"><div class=\"wpb_column vc_column_container vc_col-sm-12 vc_col-has-fill\"><div class=\"vc_column-inner vc_custom_1625647823481\"><div class=\"wpb_wrapper\"><div class=\"vc_row wpb_row vc_inner vc_row-fluid vc_custom_1625647793106 vc_row-has-fill\"><div class=\"wpb_column vc_column_container vc_col-sm-12 vc_col-has-fill\"><div class=\"vc_column-inner vc_custom_1627546014696\"><div class=\"wpb_wrapper\"><h3 class=\"sohohotel-title-20px sohohotel-clearfix sohohotel-title-center\">VOSGES - GERARDMER<\/h3>\n\t<div class=\"wpb_text_column wpb_content_element sohohotel-section-wrapper-1\" >\n\t\t<div class=\"wpb_wrapper\">\n\t\t\t<h2 style=\"color: #683c16; font-size: 28px; font-weight: bold; margin-bottom: 20px; text-align: center;\">Location de chalets avec bain nordique<br \/>\nR\u00e9servez d\u00e8s maintenant votre chalet Atypique<\/h2>\n<p style=\"line-height: 1.8; margin-bottom: 20px; text-align: center; font-size: 18px;\"><strong>IORIK 4 pers. &#8211; <a href=\"https:\/\/les-atypiques-chalets.com\/galerie-photo\/\" data-wpil-monitor-id=\"2701\">ASLAN 5 pers. &#8211; CHARKHAN<\/a> 6 pers.<\/strong><\/p>\n<p style=\"line-height: 1.8; margin-bottom: 20px; text-align: center;\">Choisissez vos dates et profitez d&rsquo;une exp\u00e9rience bien-\u00eatre unique dans votre <strong><a href=\"https:\/\/les-atypiques-chalets.com\/avis-location-chalet-gerardmer\/\" data-wpil-monitor-id=\"2456\">location chalet G\u00e9rardmer<\/a><\/strong> avec spa.<\/p>\n\n\t\t<\/div>\n\t<\/div>\n\t\n\t<!-- BEGIN .shb-accommodation-listing-style-1 -->\n\t<div class=\"shb-accommodation-listing-style-1 shb-accommodation-listing-style-1-columns-3 sohohotel-owl-carousel-4\">\n\t\t\n\t\t\t\t\n\t\t<!-- BEGIN .shb-accommodation-listing-item -->\n\t\t<div class=\"shb-accommodation-listing-item\">\n\t\t\t\n\t\t\t\t\t\t\t<a href=\"https:\/\/les-atypiques-chalets.com\/de\/chalet-iorik\/\" rel=\"bookmark\" title=\"Chalet Iorik\">\n\t\t\t\t\t\t\t\t\t\t<img decoding=\"async\" class=\"shb-accommodation-listing-image\" src=\"https:\/\/les-atypiques-chalets.com\/wp-content\/uploads\/2025\/09\/iorik-sejour-L-1024x710.webp\" alt=\"Chalet Iorik\" \/>\t\t\t\t<\/a>\n\t\t\t\t\t\t\n\t\t\t<div class=\"shb-accommodation-listing-description-wrapper\">\n\t\t\t\t\n\t\t\t\t<h3><a href=\"https:\/\/les-atypiques-chalets.com\/de\/chalet-iorik\/\" rel=\"bookmark\" title=\"Chalet Iorik\">Chalet Iorik<\/a><\/h3>\n\t\t\t\t\n\t\t\t\t<div class=\"shb-accommodation-listing-description shb-clearfix\">\n\t\t\t\t\t\n\t\t\t\t\t<ul>\r\n<li><i class=\"fas fa-user\"><\/i><span>Capacit\u00e9 :<\/span> 4 personnes<\/li>\r\n<li><i class=\"fas fa-ruler-combined\"><\/i><span>Superficie :<\/span> 45 m2<\/li>\r\n<li><i class=\"fas fa-hot-tub\"><\/i><span> Bain Nordique :<\/span> privatif<\/li>\r\n<\/ul>\t\t\t\t\t\n\t\t\t\t\t<a href=\"https:\/\/les-atypiques-chalets.com\/de\/chalet-iorik\/\" class=\"shb-accommodation-listing-button1\">\u00e0 partir de 170\u20ac\/Nuit<\/a>\n\t\t\t\t\t<a href=\"https:\/\/les-atypiques-chalets.com\/de\/chalet-iorik\/\" class=\"shb-accommodation-listing-button2\">Zimmer anzeigen<i class=\"fas fa-chevron-right\"><\/i><\/a>\n\t\t\t\t\n\t\t\t\t<\/div>\n\t\t\t\t\n\t\t\t<\/div>\n\t\t\t\n\t\t<!-- END .shb-accommodation-listing-item -->\n\t\t<\/div>\n\t\t\n\t\t\t\t\n\t\t<!-- BEGIN .shb-accommodation-listing-item -->\n\t\t<div class=\"shb-accommodation-listing-item\">\n\t\t\t\n\t\t\t\t\t\t\t<a href=\"https:\/\/les-atypiques-chalets.com\/de\/chalet-aslan\/\" rel=\"bookmark\" title=\"Chalet Aslan\">\n\t\t\t\t\t\t\t\t\t\t<img decoding=\"async\" class=\"shb-accommodation-listing-image\" src=\"https:\/\/les-atypiques-chalets.com\/wp-content\/uploads\/2025\/03\/ASLAN-2-900x710.webp\" alt=\"Chalet Aslan\" \/>\t\t\t\t<\/a>\n\t\t\t\t\t\t\n\t\t\t<div class=\"shb-accommodation-listing-description-wrapper\">\n\t\t\t\t\n\t\t\t\t<h3><a href=\"https:\/\/les-atypiques-chalets.com\/de\/chalet-aslan\/\" rel=\"bookmark\" title=\"Chalet Aslan\">Chalet Aslan<\/a><\/h3>\n\t\t\t\t\n\t\t\t\t<div class=\"shb-accommodation-listing-description shb-clearfix\">\n\t\t\t\t\t\n\t\t\t\t\t<ul>\r\n<li><i class=\"fas fa-user\"><\/i><span>Capacit\u00e9 :<\/span> 5 personnes<\/li>\r\n<li><i class=\"fas fa-ruler-combined\"><\/i><span>Superficie :<\/span> 65 m2<\/li>\r\n<li><i class=\"fas fa-hot-tub\"><\/i><span> Bain Nordique :<\/span> privatif<\/li>\r\n<\/ul>\t\t\t\t\t\n\t\t\t\t\t<a href=\"https:\/\/les-atypiques-chalets.com\/de\/chalet-aslan\/\" class=\"shb-accommodation-listing-button1\">\u00e0 partir de 215\u20ac\/Nuit<\/a>\n\t\t\t\t\t<a href=\"https:\/\/les-atypiques-chalets.com\/de\/chalet-aslan\/\" class=\"shb-accommodation-listing-button2\">Zimmer anzeigen<i class=\"fas fa-chevron-right\"><\/i><\/a>\n\t\t\t\t\n\t\t\t\t<\/div>\n\t\t\t\t\n\t\t\t<\/div>\n\t\t\t\n\t\t<!-- END .shb-accommodation-listing-item -->\n\t\t<\/div>\n\t\t\n\t\t\t\t\n\t\t<!-- BEGIN .shb-accommodation-listing-item -->\n\t\t<div class=\"shb-accommodation-listing-item\">\n\t\t\t\n\t\t\t\t\t\t\t<a href=\"https:\/\/les-atypiques-chalets.com\/de\/chalet-charkhan\/\" rel=\"bookmark\" title=\"Chalet Charkhan\">\n\t\t\t\t\t\t\t\t\t\t<img decoding=\"async\" class=\"shb-accommodation-listing-image\" src=\"https:\/\/les-atypiques-chalets.com\/wp-content\/uploads\/2025\/03\/salon-charkhan-03-L-1180x675.webp\" alt=\"Chalet Charkhan\" \/>\t\t\t\t<\/a>\n\t\t\t\t\t\t\n\t\t\t<div class=\"shb-accommodation-listing-description-wrapper\">\n\t\t\t\t\n\t\t\t\t<h3><a href=\"https:\/\/les-atypiques-chalets.com\/de\/chalet-charkhan\/\" rel=\"bookmark\" title=\"Chalet Charkhan\">Chalet Charkhan<\/a><\/h3>\n\t\t\t\t\n\t\t\t\t<div class=\"shb-accommodation-listing-description shb-clearfix\">\n\t\t\t\t\t\n\t\t\t\t\t<ul>\r\n<li><i class=\"fas fa-user\"><\/i><span>Capacit\u00e9 :<\/span> 6 personnes<\/li>\r\n<li><i class=\"fas fa-ruler-combined\"><\/i><span>Superficie :<\/span> 65 m2<\/li>\r\n<li><i class=\"fas fa-hot-tub\"><\/i><span> Bain Nordique :<\/span> privatif<\/li>\r\n<\/ul>\t\t\t\t\t\n\t\t\t\t\t<a href=\"https:\/\/les-atypiques-chalets.com\/de\/chalet-charkhan\/\" class=\"shb-accommodation-listing-button1\">\u00e0 partir de 225\u20ac\/Nuit<\/a>\n\t\t\t\t\t<a href=\"https:\/\/les-atypiques-chalets.com\/de\/chalet-charkhan\/\" class=\"shb-accommodation-listing-button2\">Zimmer anzeigen<i class=\"fas fa-chevron-right\"><\/i><\/a>\n\t\t\t\t\n\t\t\t\t<\/div>\n\t\t\t\t\n\t\t\t<\/div>\n\t\t\t\n\t\t<!-- END .shb-accommodation-listing-item -->\n\t\t<\/div>\n\t\t\n\t\t\t\t\n\t<!-- END .shb-accommodation-listing-style-1 -->\n\t<\/div>\n\t\n\t<\/div><\/div><\/div><\/div><div class=\"vc_row wpb_row vc_inner vc_row-fluid\"><div class=\"wpb_column vc_column_container vc_col-sm-4\"><div class=\"vc_column-inner\"><div class=\"wpb_wrapper\">\n\t<div class=\"wpb_text_column wpb_content_element\" >\n\t\t<div class=\"wpb_wrapper\">\n\t\t\t<h3 style=\"color: #683c16; font-size: 20px; font-weight: bold; margin-bottom: 10px; text-align: center;\">Iorik \u2013 4 personnes<\/h3>\n<p style=\"line-height: 1.8; margin-bottom: 15px; text-align: center;\">Chalet cosy de 45 m\u00b2, <a href=\"https:\/\/les-atypiques-chalets.com\/chalet-a-gerardmer\/\" data-wpil-monitor-id=\"2689\">bain nordique privatif<\/a> pour une parenth\u00e8se bien-\u00eatre \u00e0 deux ou en famille<\/p>\n<p style=\"text-align: center;\"><a href=\"https:\/\/les-atypiques-chalets.com\/chalet-jacuzzi-gerardmer-4-personnes\/\">\u2192 D\u00e9couvrir le chalet Iorik<\/a><\/p>\n\n\t\t<\/div>\n\t<\/div>\n<\/div><\/div><\/div><div class=\"wpb_column vc_column_container vc_col-sm-4\"><div class=\"vc_column-inner\"><div class=\"wpb_wrapper\">\n\t<div class=\"wpb_text_column wpb_content_element\" >\n\t\t<div class=\"wpb_wrapper\">\n\t\t\t<h3 style=\"color: #683c16; font-size: 20px; font-weight: bold; margin-bottom: 10px; text-align: center;\">Aslan \u2013 5 personnes<\/h3>\n<p style=\"line-height: 1.8; margin-bottom: 15px; text-align: center;\">Grand A-Frame de 65 m\u00b2, baln\u00e9o en plein air et espace convivial id\u00e9al pour les familles.<\/p>\n<p style=\"text-align: center;\"><a href=\"https:\/\/les-atypiques-chalets.com\/chalet-jacuzzi-gerardmer-vosges\/\">\u2192 D\u00e9couvrir le chalet Aslan<\/a><\/p>\n\n\t\t<\/div>\n\t<\/div>\n<\/div><\/div><\/div><div class=\"wpb_column vc_column_container vc_col-sm-4\"><div class=\"vc_column-inner\"><div class=\"wpb_wrapper\">\n\t<div class=\"wpb_text_column wpb_content_element\" >\n\t\t<div class=\"wpb_wrapper\">\n\t\t\t<h3 style=\"color: #683c16; font-size: 20px; font-weight: bold; margin-bottom: 10px; text-align: center;\">Charkhan \u2013 6 personnes<\/h3>\n<p style=\"line-height: 1.8; margin-bottom: 15px; text-align: center;\">Confort haut de gamme, <a href=\"https:\/\/les-atypiques-chalets.com\/sejour-detente-dans-un-chalet-avec-bain-nordique-et-sauna-dans-les-vosges\/\" data-wpil-monitor-id=\"2690\">bain nordique &amp; sauna \u00e0 partager pour un s\u00e9jour d\u00e9tente<\/a> pr\u00e8s de G\u00e9rardmer.<\/p>\n<p style=\"text-align: center;\"><a href=\"https:\/\/les-atypiques-chalets.com\/chalet-jacuzzi-gerardmer-6-personnes\/\">\u2192 D\u00e9couvrir le chalet Charkhan<\/a><\/p>\n\n\t\t<\/div>\n\t<\/div>\n<\/div><\/div><\/div><\/div><div class=\"vc_empty_space\"   style=\"height: 30px\"><span class=\"vc_empty_space_inner\"><\/span><\/div>\n\t<div class=\"wpb_text_column wpb_content_element\" >\n\t\t<div class=\"wpb_wrapper\">\n\t\t\t<p style=\"line-height: 1.8; margin-bottom: 10px; text-align: center; font-size: 18px;\"><strong><a href=\"https:\/\/les-atypiques-chalets.com\/chalet-avec-sauna-privatif\/\" data-wpil-monitor-id=\"2509\">Chalets A-Frame \u00e0 G\u00e9rardmer<\/a><\/strong><\/p>\n<h4 style=\"line-height: 1.8; margin-bottom: 20px; text-align: center;\">Parking priv\u00e9 de 12 places juste devant pour un acc\u00e8s facile.<\/h4>\n\n\t\t<\/div>\n\t<\/div>\n<\/div><\/div><\/div><\/div><div data-vc-full-width=\"true\" data-vc-full-width-init=\"false\" data-vc-stretch-content=\"true\" class=\"vc_row wpb_row vc_row-fluid vc_row-o-content-top vc_row-flex\"><div class=\"wpb_column vc_column_container vc_col-sm-4\"><div class=\"vc_column-inner\"><div class=\"wpb_wrapper\">\n\t<div  class=\"wpb_single_image wpb_content_element vc_align_center wpb_content_element\">\n\t\t\n\t\t<figure class=\"wpb_wrapper vc_figure\">\n\t\t\t<a href=\"https:\/\/www.youtube.com\/watch?v=rF4RH7S_E4U\" target=\"_blank\" class=\"vc_single_image-wrapper   vc_box_border_grey\" rel=\"nofollow noopener\"><img decoding=\"async\" width=\"800\" height=\"447\" src=\"https:\/\/les-atypiques-chalets.com\/wp-content\/uploads\/2025\/09\/video-iorick.webp\" class=\"vc_single_image-img attachment-full\" alt=\"Location chalet G\u00e9rardmer A-Frame avec bain nordique privatif\" title=\"Vid\u00e9o Chalet Iorik \u2013 Les Atypiques Chalets\" srcset=\"https:\/\/les-atypiques-chalets.com\/wp-content\/uploads\/2025\/09\/video-iorick.webp 800w, https:\/\/les-atypiques-chalets.com\/wp-content\/uploads\/2025\/09\/video-iorick-300x168.webp 300w, https:\/\/les-atypiques-chalets.com\/wp-content\/uploads\/2025\/09\/video-iorick-768x429.webp 768w, https:\/\/les-atypiques-chalets.com\/wp-content\/uploads\/2025\/09\/video-iorick-100x56.webp 100w, https:\/\/les-atypiques-chalets.com\/wp-content\/uploads\/2025\/09\/video-iorick-600x335.webp 600w\" sizes=\"(max-width: 800px) 100vw, 800px\" \/><\/a>\n\t\t<\/figure>\n\t<\/div>\n<\/div><\/div><\/div><div class=\"wpb_column vc_column_container vc_col-sm-4\"><div class=\"vc_column-inner\"><div class=\"wpb_wrapper\">\n\t<div  class=\"wpb_single_image wpb_content_element vc_align_center wpb_content_element\">\n\t\t\n\t\t<figure class=\"wpb_wrapper vc_figure\">\n\t\t\t<a href=\"https:\/\/www.youtube.com\/watch?v=4bx2JRRGT6M&#038;t=1s\" target=\"_blank\" class=\"vc_single_image-wrapper   vc_box_border_grey\" rel=\"nofollow noopener\"><img decoding=\"async\" width=\"800\" height=\"448\" src=\"https:\/\/les-atypiques-chalets.com\/wp-content\/uploads\/2025\/09\/chalets-aslan.webp\" class=\"vc_single_image-img attachment-full\" alt=\"Location chalet G\u00e9rardmer A-Frame avec spa et sauna privatif\" title=\"Vid\u00e9o Chalet Aslan \u2013 Les Atypiques Chalets\" srcset=\"https:\/\/les-atypiques-chalets.com\/wp-content\/uploads\/2025\/09\/chalets-aslan.webp 800w, https:\/\/les-atypiques-chalets.com\/wp-content\/uploads\/2025\/09\/chalets-aslan-300x168.webp 300w, https:\/\/les-atypiques-chalets.com\/wp-content\/uploads\/2025\/09\/chalets-aslan-768x430.webp 768w, https:\/\/les-atypiques-chalets.com\/wp-content\/uploads\/2025\/09\/chalets-aslan-100x56.webp 100w, https:\/\/les-atypiques-chalets.com\/wp-content\/uploads\/2025\/09\/chalets-aslan-600x336.webp 600w\" sizes=\"(max-width: 800px) 100vw, 800px\" \/><\/a>\n\t\t<\/figure>\n\t<\/div>\n<\/div><\/div><\/div><div class=\"wpb_column vc_column_container vc_col-sm-4\"><div class=\"vc_column-inner\"><div class=\"wpb_wrapper\">\n\t<div  class=\"wpb_single_image wpb_content_element vc_align_center wpb_content_element\">\n\t\t\n\t\t<figure class=\"wpb_wrapper vc_figure\">\n\t\t\t<a href=\"https:\/\/www.youtube.com\/watch?v=Su8Jbdjc6Nc&#038;t=1s\" target=\"_blank\" class=\"vc_single_image-wrapper   vc_box_border_grey\" rel=\"nofollow noopener\"><img decoding=\"async\" width=\"800\" height=\"450\" src=\"https:\/\/les-atypiques-chalets.com\/wp-content\/uploads\/2025\/09\/video-charkhan.webp\" class=\"vc_single_image-img attachment-full\" alt=\"Location chalet G\u00e9rardmer A-Frame avec bain nordique privatif\" title=\"Vid\u00e9o Chalet Charkhan \u2013 Les Atypiques Chalets\" srcset=\"https:\/\/les-atypiques-chalets.com\/wp-content\/uploads\/2025\/09\/video-charkhan.webp 800w, https:\/\/les-atypiques-chalets.com\/wp-content\/uploads\/2025\/09\/video-charkhan-300x169.webp 300w, https:\/\/les-atypiques-chalets.com\/wp-content\/uploads\/2025\/09\/video-charkhan-768x432.webp 768w, https:\/\/les-atypiques-chalets.com\/wp-content\/uploads\/2025\/09\/video-charkhan-100x56.webp 100w, https:\/\/les-atypiques-chalets.com\/wp-content\/uploads\/2025\/09\/video-charkhan-600x338.webp 600w\" sizes=\"(max-width: 800px) 100vw, 800px\" \/><\/a>\n\t\t<\/figure>\n\t<\/div>\n<\/div><\/div><\/div><\/div><div class=\"vc_row-full-width vc_clearfix\"><\/div><div class=\"vc_row wpb_row vc_row-fluid\"><div class=\"wpb_column vc_column_container vc_col-sm-12\"><div class=\"vc_column-inner\"><div class=\"wpb_wrapper\"><div class=\"wpb_gallery wpb_content_element vc_clearfix wpb_content_element\" ><div class=\"wpb_wrapper\"><h2 class=\"wpb_heading wpb_gallery_heading\">Galerie des Atypiques Chalets<\/h2><div class=\"wpb_gallery_slides wpb_image_grid\" data-interval=\"3\"><ul class=\"wpb_image_grid_ul\"><li class=\"isotope-item\"><a class=\"\" href=\"https:\/\/les-atypiques-chalets.com\/wp-content\/uploads\/2025\/04\/ASLAN-2-4-2-1-1-768x1024.webp\" data-lightbox=\"lightbox[rel-10187-3852394017]\"><img decoding=\"async\" class=\"\" src=\"https:\/\/les-atypiques-chalets.com\/wp-content\/uploads\/2025\/04\/ASLAN-2-4-2-1-1-320x320.webp\" width=\"320\" height=\"320\" alt=\"chalet jacuzzi G\u00e9rardmer ASLAN avec spa et sauna privatifs\" title=\"Chalet Aslan \u2013 Un refuge atypique \u00e0 G\u00e9rardmer\" \/><\/a><\/li><li class=\"isotope-item\"><a class=\"\" href=\"https:\/\/les-atypiques-chalets.com\/wp-content\/uploads\/2025\/03\/salon-charkhan-01-H-576x1024.webp\" data-lightbox=\"lightbox[rel-10187-3852394017]\"><img decoding=\"async\" class=\"\" src=\"https:\/\/les-atypiques-chalets.com\/wp-content\/uploads\/2025\/03\/salon-charkhan-01-H-320x320.webp\" width=\"320\" height=\"320\" alt=\"Vue plongeante depuis la mezzanine du salon lumineux du Chalet Charkhan, Atypiques Chalets G\u00e9rardmer\" title=\"Vue depuis la mezzanine du Chalet Charkhan \u2013 Les Atypiques Chalets G\u00e9rardmer\" \/><\/a><\/li><li class=\"isotope-item\"><a class=\"\" href=\"https:\/\/les-atypiques-chalets.com\/wp-content\/uploads\/2025\/03\/salles-a-manger-charkhan-01-H-576x1024.webp\" data-lightbox=\"lightbox[rel-10187-3852394017]\"><img decoding=\"async\" class=\"\" src=\"https:\/\/les-atypiques-chalets.com\/wp-content\/uploads\/2025\/03\/salles-a-manger-charkhan-01-H-320x320.webp\" width=\"320\" height=\"320\" alt=\"Table \u00e0 manger conviviale avec vue sur le salon et la mezzanine bois\u00e9e du Chalet Charkhan, Atypiques Chalets G\u00e9rardmer.\" title=\"Salle \u00e0 manger ouverte et salon cosy au Chalet Charkhan - G\u00e9rardmer\" \/><\/a><\/li><li class=\"isotope-item\"><a class=\"\" href=\"https:\/\/les-atypiques-chalets.com\/wp-content\/uploads\/2026\/03\/bain-nordiques-alsan-880x1024.webp\" data-lightbox=\"lightbox[rel-10187-3852394017]\"><img decoding=\"async\" class=\"\" src=\"https:\/\/les-atypiques-chalets.com\/wp-content\/uploads\/2026\/03\/bain-nordiques-alsan-320x320.webp\" width=\"320\" height=\"320\" alt=\"Bain nordique illumin\u00e9 de nuit sous un ciel \u00e9toil\u00e9 dans les Vosges aux Atypiques Chalets\" title=\"bain-nordiques-alsan\" \/><\/a><\/li><li class=\"isotope-item\"><a class=\"\" href=\"https:\/\/les-atypiques-chalets.com\/wp-content\/uploads\/2025\/03\/chalet-iorik-09-2024-2.webp\" data-lightbox=\"lightbox[rel-10187-3852394017]\"><img decoding=\"async\" class=\"\" src=\"https:\/\/les-atypiques-chalets.com\/wp-content\/uploads\/2025\/03\/chalet-iorik-09-2024-2-320x320.webp\" width=\"320\" height=\"320\" alt=\"Chalet Atypique en A-Fram dans les Vosges avec spa\" title=\"chalet-iorik-09-2024-2\" \/><\/a><\/li><li class=\"isotope-item\"><a class=\"\" href=\"https:\/\/les-atypiques-chalets.com\/wp-content\/uploads\/2023\/11\/les-atypiques-chalets-01-1.webp\" data-lightbox=\"lightbox[rel-10187-3852394017]\"><img decoding=\"async\" class=\"\" src=\"https:\/\/les-atypiques-chalets.com\/wp-content\/uploads\/2023\/11\/les-atypiques-chalets-01-1-320x320.webp\" width=\"320\" height=\"320\" alt=\"les Atypiques chalets. Chalets insolite \u00e0 Gerardmer\" title=\"les Atypiques chalets\" \/><\/a><\/li><\/ul><\/div><\/div><\/div><\/div><\/div><\/div><\/div><div class=\"vc_row wpb_row vc_row-fluid vc_custom_1713879136637 vc_row-has-fill\"><div class=\"wpb_column vc_column_container vc_col-sm-2\"><div class=\"vc_column-inner\"><div class=\"wpb_wrapper\"><\/div><\/div><\/div><div class=\"wpb_column vc_column_container vc_col-sm-8\"><div class=\"vc_column-inner\"><div class=\"wpb_wrapper\"><div class=\"vc_empty_space\"   style=\"height: 32px\"><span class=\"vc_empty_space_inner\"><\/span><\/div>\n\t<div class=\"wpb_text_column wpb_content_element\" >\n\t\t<div class=\"wpb_wrapper\">\n\t\t\t<h2 style=\"color: #ffffff; font-size: 28px; font-weight: bold; margin-bottom: 20px; text-align: center;\"><span style=\"color: #ffffff;\">R\u00e9servez votre s\u00e9jour bien-\u00eatre pr\u00e8s de G\u00e9rardmer<\/span><\/h2>\n<p style=\"line-height: 1.8; margin-bottom: 15px; text-align: center; color: #ffffff; font-size: 18px;\"><span style=\"color: #ffffff;\">Ne tardez plus ! R\u00e9servez d\u00e8s maintenant votre location chalet G\u00e9rardmer avec bain nordique privatif, sauna et <a href=\"https:\/\/les-atypiques-chalets.com\/reservez-votre-chalet-a-gerardmer-pour-les-jo-confort-et-nature-vous-attendent\/\" data-wpil-monitor-id=\"2691\">cadre naturel<\/a> d&rsquo;exception.<\/span><\/p>\n<p style=\"line-height: 1.8; margin-bottom: 20px; text-align: center; color: #ffffff;\"><span style=\"color: #ffffff;\">Contactez-nous aujourd&rsquo;hui pour conna\u00eetre nos disponibilit\u00e9s et pr\u00e9parez des vacances inoubliables \u00e0 seulement 10 km de <a href=\"https:\/\/les-atypiques-chalets.com\/location-dun-chalet-a-gerardmer-en-hiver\/\" data-wpil-monitor-id=\"2696\">G\u00e9rardmer dans votre location chalet<\/a><strong> G\u00e9rardmer<\/strong> avec spa.<\/span><\/p>\n\n\t\t<\/div>\n\t<\/div>\n<div class=\"sohohotel-social-links sohohotel-clearfix\"><a href=\"https:\/\/www.facebook.com\/lesathypiqueschalets\" target=\"_blank\" rel=\"nofollow noopener\"><i class=\"fab fa-facebook-f\"><\/i><\/a><a href=\"https:\/\/www.instagram.com\/lesatypiqueschalets\/\" target=\"_blank\" rel=\"nofollow noopener\"><i class=\"fab fa-instagram\"><\/i><\/a><a href=\"https:\/\/www.youtube.com\/@LesAtypiquesChaletsLesAtypique\" target=\"_blank\" rel=\"nofollow noopener\"><i class=\"fab fa-youtube\"><\/i><\/a><\/div><a href=\"https:\/\/les-atypiques-chalets.com\/contact-chalet-gerardmer\/\" class=\"sohohotel-button1\" style=\"background: #b99470;color:#ffffff;margin: 0 auto 0px auto;\">Contactez-nous<\/a><div class=\"sohohotel-clearboth\"><\/div><div class=\"vc_empty_space\"   style=\"height: 32px\"><span class=\"vc_empty_space_inner\"><\/span><\/div><\/div><\/div><\/div><div class=\"wpb_column vc_column_container vc_col-sm-2\"><div class=\"vc_column-inner\"><div class=\"wpb_wrapper\"><\/div><\/div><\/div><\/div><div class=\"vc_row wpb_row vc_row-fluid vc_custom_1746431685726\"><div class=\"wpb_column vc_column_container vc_col-sm-4\"><div class=\"vc_column-inner\"><div class=\"wpb_wrapper\"><div class=\"vc_empty_space\"   style=\"height: 60px\"><span class=\"vc_empty_space_inner\"><\/span><\/div>\n\t<div class=\"wpb_text_column wpb_content_element\" >\n\t\t<div class=\"wpb_wrapper\">\n\t\t\t<h2 style=\"color: #683c16; font-size: 26px; font-weight: bold; margin-bottom: 20px;\">Des chalets adapt\u00e9s<br \/>\n\u00e0 tous vos s\u00e9jours dans les Vosges<\/h2>\n<p style=\"line-height: 1.8; margin-bottom: 20px;\">Que vous partiez en couple, en famille ou entre amis, nos <a href=\"https:\/\/les-atypiques-chalets.com\/chalets-atypiques-notre-collection-dhebergements-uniques\/\" data-wpil-monitor-id=\"2683\">chalets A-Frame allient caract\u00e8re unique<\/a> et \u00e9quipements haut de gamme pour r\u00e9pondre \u00e0 toutes vos envies de d\u00e9paysement et de confort, en <strong>location chalet G\u00e9rardmer<\/strong> avec spa.<\/p>\n<h3 style=\"color: #683c16; font-size: 20px; font-weight: bold; margin-bottom: 10px; margin-top: 20px;\">Iorik \u2013 4 pers. (45 m\u00b2)<\/h3>\n<p style=\"line-height: 1.8; margin-bottom: 15px;\"><a href=\"https:\/\/les-atypiques-chalets.com\/testimonials\/eva\/\" data-wpil-monitor-id=\"3038\">Chalet cosy<\/a> en bois clair, espace de vie lumineux et ouvert, bain nordique privatif avec baln\u00e9oth\u00e9rapie, et chemin forestier \u00e0 deux pas pour vos randonn\u00e9es.<\/p>\n<h3 style=\"color: #683c16; font-size: 20px; font-weight: bold; margin-bottom: 10px; margin-top: 20px;\">Aslan \u2013 5 pers. (65 m\u00b2)<\/h3>\n<p style=\"line-height: 1.8; margin-bottom: 15px;\">Grand A-Frame au design soign\u00e9, parfait pour les familles ou groupes d&rsquo;amis, <a href=\"https:\/\/les-atypiques-chalets.com\/week-end-spa-dans-un-chalet-avec-bain-nordique-privatif-dans-les-vosges\/\" data-wpil-monitor-id=\"2692\">bain nordique privatif<\/a> en plein air pour profiter d&rsquo;un moment de bien-\u00eatre sous les \u00e9toiles.<\/p>\n<h3 style=\"color: #683c16; font-size: 20px; font-weight: bold; margin-bottom: 10px; margin-top: 20px;\">Charkhan \u2013 6 pers. (65 m\u00b2)<\/h3>\n<p style=\"line-height: 1.8; margin-bottom: 15px;\">Confort haut de gamme et <a href=\"https:\/\/les-atypiques-chalets.com\/week-end-en-amoureux-decouvrez-les-vosges-a-deux-dans-des-chalets-atypiques\/\" data-wpil-monitor-id=\"3036\">ambiance chaleureuse<\/a>, bain nordique privatif et installations modernes pour un s\u00e9jour d\u00e9tente en pleine nature vosgienne.<\/p>\n\n\t\t<\/div>\n\t<\/div>\n<\/div><\/div><\/div><div class=\"wpb_column vc_column_container vc_col-sm-4\"><div class=\"vc_column-inner\"><div class=\"wpb_wrapper\"><div class=\"vc_empty_space\"   style=\"height: 60px\"><span class=\"vc_empty_space_inner\"><\/span><\/div>\n\t<div class=\"wpb_text_column wpb_content_element\" >\n\t\t<div class=\"wpb_wrapper\">\n\t\t\t<h2 style=\"color: #683c16; font-size: 26px; font-weight: bold; margin-bottom: 20px;\">Pourquoi choisir<br \/>\nles Atypiques Chalets ?<\/h2>\n<p style=\"line-height: 1.8; margin-bottom: 20px;\">Plongez dans une exp\u00e9rience unique alliant confort, nature et bien-\u00eatre au c\u0153ur des Vosges, dans une v\u00e9ritable <strong><a href=\"https:\/\/les-atypiques-chalets.com\/chalet-6-personnes-gerardmer\/\" data-wpil-monitor-id=\"2436\">location chalet G\u00e9rardmer<\/a><\/strong> avec spa.<\/p>\n<h3 style=\"color: #683c16; font-size: 18px; font-weight: bold; margin-bottom: 10px;\">\ud83d\udd25 Bain Nordique Privatif<\/h3>\n<p style=\"line-height: 1.8; margin-bottom: 15px;\">Exp\u00e9rience baln\u00e9oth\u00e9rapie en plein air sous les \u00e9toiles.<\/p>\n<h3 style=\"color: #683c16; font-size: 18px; font-weight: bold; margin-bottom: 10px;\">\ud83e\uddd6 Sauna Atypiques<\/h3>\n<p style=\"line-height: 1.8; margin-bottom: 15px;\">Sauna design, privatif ou \u00e0 partager pour un moment cosy.<\/p>\n<h3 style=\"color: #683c16; font-size: 18px; font-weight: bold; margin-bottom: 10px;\">\ud83c\udfd4\ufe0f Architecture A-Frame<\/h3>\n<p style=\"line-height: 1.8; margin-bottom: 15px;\"><a href=\"https:\/\/les-atypiques-chalets.com\/larchitecture-a-frame-redefinir-le-design-avec-le-charme-du-bois\/\" data-wpil-monitor-id=\"2703\">Charme nordique &amp; design<\/a> moderne, grand volume lumineux.<\/p>\n<h3 style=\"color: #683c16; font-size: 18px; font-weight: bold; margin-bottom: 10px;\">\u26f7\ufe0f Activit\u00e9s \u00e0 G\u00e9rardmer<\/h3>\n<p style=\"line-height: 1.8; margin-bottom: 15px;\">Ski, baignade, voile et randonn\u00e9es \u00e0 moins de 10 km.<\/p>\n<h3 style=\"color: #683c16; font-size: 18px; font-weight: bold; margin-bottom: 10px;\">\ud83c\udd7f\ufe0f Parking 12 places<\/h3>\n<p style=\"line-height: 1.8; margin-bottom: 15px;\">Acc\u00e8s facile et stationnement priv\u00e9 juste devant.<\/p>\n<h3 style=\"color: #683c16; font-size: 18px; font-weight: bold; margin-bottom: 10px;\">\ud83d\udcf6 Wi-Fi Haut D\u00e9bit<\/h3>\n<p style=\"line-height: 1.8; margin-bottom: 15px;\">Restez connect\u00e9 m\u00eame en pleine nature.<\/p>\n\n\t\t<\/div>\n\t<\/div>\n<\/div><\/div><\/div><div class=\"wpb_column vc_column_container vc_col-sm-4\"><div class=\"vc_column-inner vc_custom_1746432566218\"><div class=\"wpb_wrapper\"><div class=\"vc_empty_space\"   style=\"height: 65px\"><span class=\"vc_empty_space_inner\"><\/span><\/div>\n\t<div class=\"wpb_text_column wpb_content_element\" >\n\t\t<div class=\"wpb_wrapper\">\n\t\t\t<h2 style=\"color: #683c16; font-size: 26px; font-weight: bold; margin-bottom: 20px;\">FAQ \u2013 Les Atypiques Chalets<\/h2>\n<h3 style=\"color: #683c16; font-size: 18px; font-weight: bold; margin-bottom: 10px; margin-top: 20px;\">Chaque chalet dispose-t-il d&rsquo;un bain nordique privatif ?<\/h3>\n<p style=\"line-height: 1.8; margin-bottom: 15px;\">Oui, chaque chalet A-Frame poss\u00e8de son propre <a href=\"https:\/\/les-atypiques-chalets.com\/bain-nordique-gerardmer\/\" data-wpil-monitor-id=\"2684\">bain nordique privatif<\/a>. Utilisable \u00e9t\u00e9 comme hiver pour une <a href=\"https:\/\/les-atypiques-chalets.com\/passez-lete-dans-un-chalet-avec-bain-nordiques-privatif-a-gerardmer\/\" data-wpil-monitor-id=\"2698\">d\u00e9tente en plein air<\/a>.<\/p>\n<h3 style=\"color: #683c16; font-size: 18px; font-weight: bold; margin-bottom: 10px; margin-top: 20px;\">Peut-on venir avec son chien ?<\/h3>\n<p style=\"line-height: 1.8; margin-bottom: 15px;\">Oui, les chiens sont accept\u00e9s \ud83d\udc3e. Merci de le pr\u00e9ciser lors de la r\u00e9servation pour que l&rsquo;accueil soit adapt\u00e9. Consultez nos <a href=\"https:\/\/les-atypiques-chalets.com\/services-chalet-gerardmer-avec-chien\/\">services pour s\u00e9jour avec chien<\/a>.<\/p>\n<h3 style=\"color: #683c16; font-size: 18px; font-weight: bold; margin-bottom: 10px; margin-top: 20px;\">Y a-t-il une vue sur le lac de G\u00e9rardmer ?<\/h3>\n<p style=\"line-height: 1.8; margin-bottom: 15px;\">Non, pas de vue lac. Les chalets sont situ\u00e9s au calme, entour\u00e9s de nature, \u00e0 <a href=\"https:\/\/les-atypiques-chalets.com\/decouverte-de-gerardmer-et-ses-environs\/\" data-wpil-monitor-id=\"2702\">environ 10 minutes de G\u00e9rardmer<\/a>.<\/p>\n<h3 style=\"color: #683c16; font-size: 18px; font-weight: bold; margin-bottom: 10px; margin-top: 20px;\">Les chalets ont-ils une chemin\u00e9e ou un po\u00eale \u00e0 bois ?<\/h3>\n<p style=\"line-height: 1.8; margin-bottom: 15px;\">Non, il n&rsquo;y a ni chemin\u00e9e ni <a href=\"https:\/\/les-atypiques-chalets.com\/quest-ce-quun-bain-nordique\/\" data-wpil-monitor-id=\"2699\">po\u00eale \u00e0 bois<\/a>. L&rsquo;ambiance reste chaleureuse et moderne, simple \u00e0 vivre au quotidien.<\/p>\n<h3 style=\"color: #683c16; font-size: 18px; font-weight: bold; margin-bottom: 10px; margin-top: 20px;\">Le petit-d\u00e9jeuner est-il inclus ?<\/h3>\n<p style=\"line-height: 1.8; margin-bottom: 15px;\">Non, pas de petit-d\u00e9jeuner inclus. Des plateaux (mixte, raclette) sont propos\u00e9s sur commande pour vos soir\u00e9es.<\/p>\n<h3 style=\"color: #683c16; font-size: 18px; font-weight: bold; margin-bottom: 10px; margin-top: 20px;\">Le linge de maison est-il fourni ?<\/h3>\n<p style=\"line-height: 1.8; margin-bottom: 15px;\">Le <a href=\"https:\/\/les-atypiques-chalets.com\/conseils-de-decoration-et-amenagement-pour-les-locations-saisonnieres-11-astuces-cles-pour-attirer-les-locataires\/\" data-wpil-monitor-id=\"2704\">linge de<\/a> maison est disponible en option et peut \u00eatre ajout\u00e9 lors de la r\u00e9servation.<\/p>\n<h3><span style=\"color: #683c16;\">Pourquoi choisir votre location chalet G\u00e9rardmer ?<\/span><\/h3>\n<p>Nos <a href=\"https:\/\/les-atypiques-chalets.com\/location-chalet-gerardmer-week-end-votre-escapade-nature-et-confort-dans-les-vosges\/\" data-wpil-monitor-id=\"2685\">chalets combinent architecture A-Frame<\/a> unique, bain nordique privatif, sauna et localisation id\u00e9ale \u00e0 10 km de G\u00e9rardmer. Une exp\u00e9rience <a href=\"https:\/\/les-atypiques-chalets.com\/weekend-chalet-vosges-escapade-authentique-dans-un-cadre-enchanteur\/\" data-wpil-monitor-id=\"2697\">authentique dans les Vosges<\/a>.<\/p>\n\n\t\t<\/div>\n\t<\/div>\n<div class=\"vc_empty_space\"   style=\"height: 40px\"><span class=\"vc_empty_space_inner\"><\/span><\/div><\/div><\/div><\/div><\/div><div class=\"vc_row wpb_row vc_row-fluid\"><div class=\"wpb_column vc_column_container vc_col-sm-12\"><div class=\"vc_column-inner\"><div class=\"wpb_wrapper\"><div class=\"vc_btn3-container vc_btn3-center vc_do_btn\" ><a class=\"vc_general vc_btn3 vc_btn3-size-lg vc_btn3-shape-rounded vc_btn3-style-modern vc_btn3-color-success\" href=\"https:\/\/les-atypiques-chalets.com\/meilleurs-restaurants-gerardmer-tour-culinaire\/\" title=\"Les 20 meilleurs restaurant \u00e0 G\u00e9rardmer\">D\u00e9couvrez aussi les meilleures adresses gourmandes de G\u00e9rardmer<\/a><\/div><\/div><\/div><\/div><\/div><div class=\"vc_row wpb_row vc_row-fluid vc_custom_1627545659074 vc_row-has-fill\"><div class=\"wpb_column vc_column_container vc_col-sm-12 vc_col-has-fill\"><div class=\"vc_column-inner vc_custom_1627545669829\"><div class=\"wpb_wrapper\"><div class=\"vc_row wpb_row vc_inner vc_row-fluid vc_custom_1627545677853 vc_row-has-fill\"><div class=\"wpb_column vc_column_container vc_col-sm-12 vc_col-has-fill\"><div class=\"vc_column-inner vc_custom_1709623878581\"><div class=\"wpb_wrapper\"><h3 class=\"sohohotel-title-28px sohohotel-clearfix sohohotel-title-center\">Les + des Atypiques Chalets<\/h3><section class=\"sohohotel-icon-text-wrapper-1 sohohotel-clearfix\"><div class=\"sohohotel-icon-text-block sohohotel-clearfix\">\n\t\t<div class=\"sohohotel-icon\"><i class=\"fas fa-hot-tub-person\"><\/i><\/div>\n\t\t<div class=\"sohohotel-text\">\n\t\t\t<h4>Bain Nordique<\/h4>\n\t\t\t<p>Bain nordique priv\u00e9 avec baln\u00e9oth\u00e9rapie.<br \/>\nUne exp\u00e9rience en plein air inoubliable.<\/p>\n\t\t<\/div>\n\t\t<\/div><div class=\"sohohotel-icon-text-block sohohotel-clearfix\">\n\t\t<div class=\"sohohotel-icon\"><i class=\"fas fa-spa\"><\/i><\/div>\n\t\t<div class=\"sohohotel-text\">\n\t\t\t<h4>Sauna<\/h4>\n\t\t\t<p>Magnifique forme aussi atypique que nos chalets.<br \/>\n\u00c0 partager (privatisation possible)<\/p>\n\t\t<\/div>\n\t\t<\/div><\/section><section class=\"sohohotel-icon-text-wrapper-1 sohohotel-clearfix\"><div class=\"sohohotel-icon-text-block sohohotel-clearfix\">\n\t\t<div class=\"sohohotel-icon\"><i class=\"fas fa-plate-wheat\"><\/i><\/div>\n\t\t<div class=\"sohohotel-text\">\n\t\t\t<h4>Planches d\u00e9gustation<\/h4>\n\t\t\t<p>Saveurs r\u00e9gionales compos\u00e9s de produits<br \/>\ntypiques des Vosges (option)<\/p>\n\t\t<\/div>\n\t\t<\/div><div class=\"sohohotel-icon-text-block sohohotel-clearfix\">\n\t\t<div class=\"sohohotel-icon\"><i class=\"fas fa-wifi\"><\/i><\/div>\n\t\t<div class=\"sohohotel-text\">\n\t\t\t<h4>Wifi &amp; Internet<\/h4>\n\t\t\t<p>Wifi haut d\u00e9bit gratuit<\/p>\n\t\t<\/div>\n\t\t<\/div><\/section><section class=\"sohohotel-icon-text-wrapper-1 sohohotel-clearfix\"><div class=\"sohohotel-icon-text-block sohohotel-clearfix\">\n\t\t<div class=\"sohohotel-icon\"><i class=\"fas fa-bed\"><\/i><\/div>\n\t\t<div class=\"sohohotel-text\">\n\t\t\t<h4>Literie<\/h4>\n\t\t\t<p>Literie confort avec linge de lit en coton (en option)<\/p>\n\t\t<\/div>\n\t\t<\/div><div class=\"sohohotel-icon-text-block sohohotel-clearfix\">\n\t\t<div class=\"sohohotel-icon\"><i class=\"fas fa-square-parking\"><\/i><\/div>\n\t\t<div class=\"sohohotel-text\">\n\t\t\t<h4>Parking gratuit<\/h4>\n\t\t\t<p>Grand parking priv\u00e9 et gratuit<br \/>\n\u00e0 l'entr\u00e9e des Chalets.<\/p>\n\t\t<\/div>\n\t\t<\/div><\/section><\/div><\/div><\/div><\/div><section class=\"sohohotel-icon-text-wrapper-1 sohohotel-clearfix\"><\/section><\/div><\/div><\/div><\/div><div class=\"vc_row wpb_row vc_row-fluid vc_custom_1744873341976\"><div class=\"wpb_column vc_column_container vc_col-sm-1\/5\"><div class=\"vc_column-inner\"><div class=\"wpb_wrapper\"><\/div><\/div><\/div><div class=\"wpb_column vc_column_container vc_col-sm-1\/5\"><div class=\"vc_column-inner\"><div class=\"wpb_wrapper\"><div class=\"vc_empty_space\"   style=\"height: 50px\"><span class=\"vc_empty_space_inner\"><\/span><\/div>\n\t<div  class=\"wpb_single_image wpb_content_element vc_align_center wpb_content_element\">\n\t\t\n\t\t<figure class=\"wpb_wrapper vc_figure\">\n\t\t\t<a href=\"https:\/\/www.airbnb.fr\/hosting\/listings\/editor\/1181799444491659558\/view-your-space\" target=\"_blank\" class=\"vc_single_image-wrapper   vc_box_border_grey\" rel=\"nofollow noopener\"><img decoding=\"async\" width=\"300\" height=\"100\" src=\"https:\/\/les-atypiques-chalets.com\/wp-content\/uploads\/2024\/10\/create-a-professionally-written-new-airbnb-listing-1600x533-1-300x100.webp\" class=\"vc_single_image-img attachment-medium\" alt=\"\" title=\"create-a-professionally-written-new-airbnb-listing-1600x533\" srcset=\"https:\/\/les-atypiques-chalets.com\/wp-content\/uploads\/2024\/10\/create-a-professionally-written-new-airbnb-listing-1600x533-1-300x100.webp 300w, https:\/\/les-atypiques-chalets.com\/wp-content\/uploads\/2024\/10\/create-a-professionally-written-new-airbnb-listing-1600x533-1-100x33.webp 100w, https:\/\/les-atypiques-chalets.com\/wp-content\/uploads\/2024\/10\/create-a-professionally-written-new-airbnb-listing-1600x533-1.webp 375w\" sizes=\"(max-width: 300px) 100vw, 300px\" \/><\/a>\n\t\t<\/figure>\n\t<\/div>\n\n\t<div class=\"wpb_text_column wpb_content_element\" >\n\t\t<div class=\"wpb_wrapper\">\n\t\t\t<p style=\"text-align: center; line-height: 1.8; margin-bottom: 10px;\"><strong>Super h\u00f4te Airbnb<\/strong><\/p>\n\n\t\t<\/div>\n\t<\/div>\n<\/div><\/div><\/div><div class=\"wpb_column vc_column_container vc_col-sm-1\/5\"><div class=\"vc_column-inner\"><div class=\"wpb_wrapper\">\n\t<div  class=\"wpb_single_image wpb_content_element vc_align_center wpb_content_element\">\n\t\t\n\t\t<figure class=\"wpb_wrapper vc_figure\">\n\t\t\t<a href=\"https:\/\/les-atypiques-chalets.com\/offre\/offres-2-personnes-dans-nos-chalets-de-6\/\" target=\"_self\" class=\"vc_single_image-wrapper   vc_box_border_grey\"><img decoding=\"async\" width=\"240\" height=\"300\" src=\"https:\/\/les-atypiques-chalets.com\/wp-content\/uploads\/2025\/03\/romantisse-240x300.webp\" class=\"vc_single_image-img attachment-medium\" alt=\"Couple souriant en peignoir trinquant au champagne dans un chalet, illustration de l\u2019offre sp\u00e9ciale duo des Atypiques Chalets avec bain nordique.\" title=\"Offre Sp\u00e9ciale Duo \u2013 S\u00e9jour romantique dans un Grand Chalet Atypique avec bain nordique\" srcset=\"https:\/\/les-atypiques-chalets.com\/wp-content\/uploads\/2025\/03\/romantisse-240x300.webp 240w, https:\/\/les-atypiques-chalets.com\/wp-content\/uploads\/2025\/03\/romantisse-80x100.webp 80w, https:\/\/les-atypiques-chalets.com\/wp-content\/uploads\/2025\/03\/romantisse.webp 400w\" sizes=\"(max-width: 240px) 100vw, 240px\" \/><\/a>\n\t\t<\/figure>\n\t<\/div>\n<\/div><\/div><\/div><div class=\"wpb_column vc_column_container vc_col-sm-1\/5\"><div class=\"vc_column-inner\"><div class=\"wpb_wrapper\"><div class=\"vc_empty_space\"   style=\"height: 30px\"><span class=\"vc_empty_space_inner\"><\/span><\/div>\n\t<div  class=\"wpb_single_image wpb_content_element vc_align_center wpb_content_element\">\n\t\t\n\t\t<figure class=\"wpb_wrapper vc_figure\">\n\t\t\t<a href=\"https:\/\/www.google.fr\/search?sa=X&#038;sca_esv=231e97aa2d205226&#038;hl=fr-FR&#038;sxsrf=ACQVn0-jLt9G8Zn_O2jLJ7YGx3k5GsBfUg:1709545018643&#038;q=Les+Atypiques+Chalets+Avis&#038;ved=2ahUKEwin_sC8p9qEAxUrrYkEHUUzDg8QuzF6BAgGEAI&#038;biw=2560&#038;bih=1319&#038;dpr=2#ip=1\" target=\"_blank\" class=\"vc_single_image-wrapper   vc_box_border_grey\" rel=\"nofollow noopener\"><img decoding=\"async\" width=\"324\" height=\"156\" src=\"https:\/\/les-atypiques-chalets.com\/wp-content\/uploads\/2024\/03\/avis-google.webp\" class=\"vc_single_image-img attachment-full\" alt=\"\" title=\"avis-google\" srcset=\"https:\/\/les-atypiques-chalets.com\/wp-content\/uploads\/2024\/03\/avis-google.webp 324w, https:\/\/les-atypiques-chalets.com\/wp-content\/uploads\/2024\/03\/avis-google-300x144.webp 300w, https:\/\/les-atypiques-chalets.com\/wp-content\/uploads\/2024\/03\/avis-google-100x48.webp 100w\" sizes=\"(max-width: 324px) 100vw, 324px\" \/><\/a>\n\t\t<\/figure>\n\t<\/div>\n\n\t<div class=\"wpb_text_column wpb_content_element\" >\n\t\t<div class=\"wpb_wrapper\">\n\t\t\t<p style=\"text-align: center; line-height: 1.8; margin-bottom: 10px;\"><strong>4.8\/5 sur Google avis<\/strong><\/p>\n\n\t\t<\/div>\n\t<\/div>\n<\/div><\/div><\/div><div class=\"wpb_column vc_column_container vc_col-sm-1\/5\"><div class=\"vc_column-inner\"><div class=\"wpb_wrapper\"><\/div><\/div><\/div><\/div>\n<\/div>","protected":false},"excerpt":{"rendered":"Chalet Charkhan Capacit\u00e9: 6 personnes Superficie: 65 m2 Bain Nordique: privatif Video Tour CharkhanDescription de notre Chalet Charkhan Con\u00e7us pour les grandes \u00e9pop\u00e9es familiales ou les escapades entre amis, nos Grands Chalets tout neufs peuvent accueillir 6 personnes. Offrant 2 chambres spacieuses (au RDC : 1 chambre avec 1 lit de 140\u00d7190. En mezzanine :<a href=\"https:\/\/les-atypiques-chalets.com\/de\/chalet-iorik\/\" class=\"sohohotel-more-link\">Read More<\/a>","protected":false},"author":1,"featured_media":10988,"parent":0,"menu_order":0,"comment_status":"closed","ping_status":"closed","template":"","meta":{"footnotes":""},"class_list":["post-9892","page","type-page","status-publish","has-post-thumbnail","hentry"],"_links":{"self":[{"href":"https:\/\/les-atypiques-chalets.com\/de\/wp-json\/wp\/v2\/pages\/9892","targetHints":{"allow":["GET"]}}],"collection":[{"href":"https:\/\/les-atypiques-chalets.com\/de\/wp-json\/wp\/v2\/pages"}],"about":[{"href":"https:\/\/les-atypiques-chalets.com\/de\/wp-json\/wp\/v2\/types\/page"}],"author":[{"embeddable":true,"href":"https:\/\/les-atypiques-chalets.com\/de\/wp-json\/wp\/v2\/users\/1"}],"replies":[{"embeddable":true,"href":"https:\/\/les-atypiques-chalets.com\/de\/wp-json\/wp\/v2\/comments?post=9892"}],"version-history":[{"count":0,"href":"https:\/\/les-atypiques-chalets.com\/de\/wp-json\/wp\/v2\/pages\/9892\/revisions"}],"wp:featuredmedia":[{"embeddable":true,"href":"https:\/\/les-atypiques-chalets.com\/de\/wp-json\/wp\/v2\/media\/10988"}],"wp:attachment":[{"href":"https:\/\/les-atypiques-chalets.com\/de\/wp-json\/wp\/v2\/media?parent=9892"}],"curies":[{"name":"wp","href":"https:\/\/api.w.org\/{rel}","templated":true}]}}